{"id":15631,"date":"2024-08-27T15:39:21","date_gmt":"2024-08-27T19:39:21","guid":{"rendered":"https:\/\/tv.utalca.cl\/?page_id=15631"},"modified":"2026-03-06T15:28:39","modified_gmt":"2026-03-06T18:28:39","slug":"codigo-claro","status":"publish","type":"page","link":"https:\/\/tv.utalca.cl\/?page_id=15631","title":{"rendered":"C\u00f3digo Claro"},"content":{"rendered":"\t\t<div data-elementor-type=\"wp-post\" data-elementor-id=\"15631\" class=\"elementor elementor-15631\" data-elementor-settings=\"[]\">\n\t\t\t\t\t\t<div class=\"elementor-inner\">\n\t\t\t\t\t\t\t<div class=\"elementor-section-wrap\">\n\t\t\t\t\t\t\t<section class=\"elementor-section elementor-top-section elementor-element elementor-element-0ad25c3 elementor-section-stretched elementor-section-full_width elementor-section-height-min-height elementor-section-height-default elementor-section-items-middle\" data-id=\"0ad25c3\" data-element_type=\"section\" data-settings=\"{&quot;stretch_section&quot;:&quot;section-stretched&quot;,&quot;background_background&quot;:&quot;video&quot;,&quot;background_video_link&quot;:&quot;https:\\\/\\\/youtu.be\\\/zTUnb_p96FM&quot;}\">\n\t\t\t\t\t\t\t\t<div class=\"elementor-background-video-container elementor-hidden-phone\">\n\t\t\t\t\t\t\t\t\t\t\t\t\t<div class=\"elementor-background-video-embed\"><\/div>\n\t\t\t\t\t\t\t\t\t\t\t\t<\/div>\n\t\t\t\t\t\t\t\t\t<div class=\"elementor-background-overlay\"><\/div>\n\t\t\t\t\t\t\t<div class=\"elementor-container elementor-column-gap-no\">\n\t\t\t\t\t\t\t<div class=\"elementor-row\">\n\t\t\t\t\t<div class=\"elementor-column elementor-col-100 elementor-top-column elementor-element elementor-element-6217a12\" data-id=\"6217a12\" data-element_type=\"column\" data-settings=\"{&quot;background_background&quot;:&quot;classic&quot;}\">\n\t\t\t<div class=\"elementor-column-wrap\">\n\t\t\t\t\t\t\t<div class=\"elementor-widget-wrap\">\n\t\t\t\t\t\t\t\t<\/div>\n\t\t\t\t\t<\/div>\n\t\t<\/div>\n\t\t\t\t\t\t\t\t<\/div>\n\t\t\t\t\t<\/div>\n\t\t<\/section>\n\t\t\t\t<section class=\"elementor-section elementor-top-section elementor-element elementor-element-962b390 elementor-section-boxed elementor-section-height-default elementor-section-height-default\" data-id=\"962b390\" data-element_type=\"section\">\n\t\t\t\t\t\t<div class=\"elementor-container elementor-column-gap-default\">\n\t\t\t\t\t\t\t<div class=\"elementor-row\">\n\t\t\t\t\t<div class=\"elementor-column elementor-col-100 elementor-top-column elementor-element elementor-element-8d12863\" data-id=\"8d12863\" data-element_type=\"column\">\n\t\t\t<div class=\"elementor-column-wrap elementor-element-populated\">\n\t\t\t\t\t\t\t<div class=\"elementor-widget-wrap\">\n\t\t\t\t\t\t<div class=\"elementor-element elementor-element-599846a elementor-widget elementor-widget-heading\" data-id=\"599846a\" data-element_type=\"widget\" data-widget_type=\"heading.default\">\n\t\t\t\t<div class=\"elementor-widget-container\">\n\t\t\t<h2 class=\"elementor-heading-title elementor-size-default\">C\u00f3digo Claro<\/h2>\t\t<\/div>\n\t\t\t\t<\/div>\n\t\t\t\t<div class=\"elementor-element elementor-element-c479e7b elementor-widget elementor-widget-text-editor\" data-id=\"c479e7b\" data-element_type=\"widget\" data-widget_type=\"text-editor.default\">\n\t\t\t\t<div class=\"elementor-widget-container\">\n\t\t\t\t\t\t\t\t<div class=\"elementor-text-editor elementor-clearfix\">\n\t\t\t\t<p>&#8220;C\u00f3digo Claro&#8221; es un programa de televisi\u00f3n educativo que busca democratizar el acceso a la justicia y el entendimiento del lenguaje jur\u00eddico. A trav\u00e9s de un enfoque claro y sencillo, el programa se propone orientar a la ciudadan\u00eda sobre sus derechos y deberes en situaciones legales comunes, como demandas, divorcios y herencias.<\/p>\t\t\t\t\t<\/div>\n\t\t\t\t\t\t<\/div>\n\t\t\t\t<\/div>\n\t\t\t\t<div class=\"elementor-element elementor-element-3d0484e elementor-widget elementor-widget-progression-post-list\" data-id=\"3d0484e\" data-element_type=\"widget\" data-widget_type=\"progression-post-list.default\">\n\t\t\t\t<div class=\"elementor-widget-container\">\n\t\t\t\t\n\n\n\t<div class=\"progression-studios-post-list-main\">\n\n\t\t\t\t\t\t\t\n\t\t\n\t\t<div class=\"progression-masonry-margins\">\n\t\t\t<div id=\"progression-blog-index-masonry-3d0484e\">\n\t\t\t\t\n\t\t\t\t\t\t\t\t<div class=\"progression-masonry-item \">\n\t\t\t\t\t<div class=\"progression-masonry-padding-blog  progression_elements_post_list_excerpt\">\n\t\t\t\t\t\t<div class=\"progression-studios-isotope-animation\">\n\t\t\t\t\t\t\t\n\t\t\t\t\t\t\t\t\t\t\t\t\t\t\t\n\n\n\n<div id=\"post-19038\" class=\"post-19038 post type-post status-publish format-video has-post-thumbnail hentry category-capitulo-6 category-codigo-claro category-estreno category-programa category-temporada-2 tag-codigo-claro post_format-post-format-video slider-tags-codigo-claro slider-tags-slider\">\t\n\t<div class=\"progression-studios-default-blog-index progression-studios-blog-image-scale\">\n\n\t\t\t\t\t<div class=\"progression-studios-feaured-image\">\n\t\t\t\t\t\n\t\t\t\t\n\t\t\t\t\t\t\n\t\t\t\t\t\t\t\t\t\t\t\n\t\t\t\t\t\t\t\t\t\t\t\t\t\t\n\t\t\t\t\t\t\t\t<a href=\"https:\/\/tv.utalca.cl\/?p=19038\">\n\t\t\t\t\t\t\t\t\t\t\t\t\t\t\t\t\n\t\t\t\t\t\t\t\t\t\t\t\t\n\t\t\t\t\t\t\t\t\n\t\t\t\t\n\t\t\n\t\t\t\t\t<img loading=\"lazy\" decoding=\"async\" width=\"800\" height=\"450\" src=\"https:\/\/tv.utalca.cl\/wp-content\/uploads\/2025\/10\/Codigo-Claro-cap6-800x450.png\" class=\"attachment-progression-studios-blog-index size-progression-studios-blog-index wp-post-image\" alt=\"\" srcset=\"https:\/\/tv.utalca.cl\/wp-content\/uploads\/2025\/10\/Codigo-Claro-cap6-800x450.png 800w, https:\/\/tv.utalca.cl\/wp-content\/uploads\/2025\/10\/Codigo-Claro-cap6-300x169.png 300w, https:\/\/tv.utalca.cl\/wp-content\/uploads\/2025\/10\/Codigo-Claro-cap6-1024x576.png 1024w, https:\/\/tv.utalca.cl\/wp-content\/uploads\/2025\/10\/Codigo-Claro-cap6-768x432.png 768w, https:\/\/tv.utalca.cl\/wp-content\/uploads\/2025\/10\/Codigo-Claro-cap6.png 1280w\" sizes=\"auto, (max-width: 800px) 100vw, 800px\" \/>\t\t\t\t\t\n\t\t\t\t\t\t\t\t\t\t\t\t\t\t\t\t<div class=\"blog-play-icon\"><i class=\"fa fa-play\" aria-hidden=\"true\"><\/i><\/div>\n\t\t\t\t\t\t\t\t\t\t\t\t\t\t\t\n\t\t\t\t\t<div class=\"blog-floating-comments-viewcount\">\n\t\t\t\t\t\t\t\t\t\t\t\t<div class=\"blog-meta-views\"><i class=\"fa fa-eye\" aria-hidden=\"true\"><\/i><div class=\"post-views content-post post-19038 entry-meta load-static\">\r\n\t\t\t\t<span class=\"post-views-icon dashicons dashicons-chart-bar\"><\/span> <span class=\"post-views-label\">Post Views:<\/span> <span class=\"post-views-count\">249<\/span>\r\n\t\t\t<\/div><\/div>\t\t\t\t\t<\/div><!-- close .blog-floating-comments-viewcount -->\n\t\t\t\t\t\n\t\t\t\t<\/a>\n\t\t\t<\/div><!-- close .progression-studios-feaured-image -->\n\t\t<!-- close video -->\n\t\t\n\t\t<div class=\"progression-blog-content\">\n\t\t\t\t\t\t\t<div class=\"blog-meta-category-list\"><a href=\"https:\/\/tv.utalca.cl\/?cat=2248\" rel=\"category\">Cap\u00edtulo 6<\/a> <a href=\"https:\/\/tv.utalca.cl\/?cat=2301\" rel=\"category\">Codigo Claro<\/a> <a href=\"https:\/\/tv.utalca.cl\/?cat=2295\" rel=\"category\">Estreno<\/a> <a href=\"https:\/\/tv.utalca.cl\/?cat=112\" rel=\"category\">Programa<\/a> <a href=\"https:\/\/tv.utalca.cl\/?cat=2192\" rel=\"category\">Temp. 2<\/a><\/div>\t\t\t\t\t\t\n\t\t\t<h2 class=\"progression-blog-title\">\n\t\t\t\t\n\t\t\n\t\t\t\t<a href=\"https:\/\/tv.utalca.cl\/?p=19038\">\n\t\t\t\t\t\t\n\t\t\t\t\n\t\t\nCodigo Claro T2 Cap 6 &#8211; Despejando dudas sobre la prisi\u00f3n preventiva<\/a><\/h2>\n\n\t\t\t\t\t\t\t<div class=\"progression-post-meta\">\n\t\t\t\t\t\t\t\t\t\t\n\t\t\t\t\t\t\t\n\t\t\t\t<\/div>\n\t\t\t\t\t\t\n\t\t\t<div class=\"progression-studios-blog-excerpt\">\n\t\t\t\t\t\t\t\t\t\t\t\t\t<p><strong>Invitado: Mauricio Jorquera, abogado del Ministerio P\u00fablico y acad\u00e9mico de la Facultad de Ciencias Jur\u00eddicas y Sociales de la UTalca.<\/strong><\/p>\n<p><span style=\"font-weight: 400;\">Cada d\u00eda los medios nos hablan acerca de distintos delitos que se cometen en el pa\u00eds y c\u00f3mo algunos de sus autores son detenidos, pero solo algunos de ellos quedan en prisi\u00f3n, repiti\u00e9ndose la idea de que existe una puerta giratoria de la justicia.\u00a0<\/span><\/p>\n<p><span style=\"font-weight: 400;\">El equilibrio entre la presunci\u00f3n de inocencia, el debido proceso y la seguridad de la sociedad y v\u00edctimas o el \u00e9xito de la investigaci\u00f3n penal no es tarea sencilla, menos frente a la creciente sensaci\u00f3n de inseguridad p\u00fablica.\u00a0<\/span><\/p>\n<p><span style=\"font-weight: 400;\">En este cap\u00edtulo conversaremos en torno a la prisi\u00f3n preventiva, que constituye una medida cautelar de car\u00e1cter excepcional que tiene por objetivo principal proteger la seguridad de la sociedad, a la v\u00edctima, asegurar el \u00e9xito de la investigaci\u00f3n o la comparecencia del imputado a los actos del procedimiento penal.\u00a0<\/span><\/p>\n<p><span style=\"font-weight: 400;\">#prisi\u00f3npreventiva #v\u00edctimas #puertagiratoria<\/span><\/p>\n\t\t\t\t\t\t\t\t\t\t\t\n\t\t\t\n\t\t\t\t\t\t<\/div>\n\t\t\t\n\t\t\t\n\t\t\t\n\t\t<\/div><!-- close .progression-blog-content -->\n\t\n\t\t\t\n\t<div class=\"clearfix-pro\"><\/div>\n\t<\/div><!-- close .progression-studios-default-blog-index -->\n<\/div><!-- #post-## -->\t\t\t\t\t\t\t\t\t\t\t\t\t<\/div><!-- close .progression-studios-isotope-animation -->\n\t\t\t\t\t<\/div><!-- close .progression-masonry-padding-blog -->\n\t\t\t\t<\/div><!-- close .progression-masonry-item -->\n\t\t\t\t\t\t\t\t<div class=\"progression-masonry-item \">\n\t\t\t\t\t<div class=\"progression-masonry-padding-blog  progression_elements_post_list_excerpt\">\n\t\t\t\t\t\t<div class=\"progression-studios-isotope-animation\">\n\t\t\t\t\t\t\t\n\t\t\t\t\t\t\t\t\t\t\t\t\t\t\t\n\n\n\n<div id=\"post-18979\" class=\"post-18979 post type-post status-publish format-video has-post-thumbnail hentry category-capitulo-5 category-codigo-claro category-estreno category-programa category-temporada-2 tag-codigo-claro post_format-post-format-video slider-tags-codigo-claro slider-tags-slider\">\t\n\t<div class=\"progression-studios-default-blog-index progression-studios-blog-image-scale\">\n\n\t\t\t\t\t<div class=\"progression-studios-feaured-image\">\n\t\t\t\t\t\n\t\t\t\t\n\t\t\t\t\t\t\n\t\t\t\t\t\t\t\t\t\t\t\n\t\t\t\t\t\t\t\t\t\t\t\t\t\t\n\t\t\t\t\t\t\t\t<a href=\"https:\/\/tv.utalca.cl\/?p=18979\">\n\t\t\t\t\t\t\t\t\t\t\t\t\t\t\t\t\n\t\t\t\t\t\t\t\t\t\t\t\t\n\t\t\t\t\t\t\t\t\n\t\t\t\t\n\t\t\n\t\t\t\t\t<img loading=\"lazy\" decoding=\"async\" width=\"800\" height=\"450\" src=\"https:\/\/tv.utalca.cl\/wp-content\/uploads\/2025\/10\/CODIGO-CLARO-2025-CAP-5-Foto-1-800x450.jpg\" class=\"attachment-progression-studios-blog-index size-progression-studios-blog-index wp-post-image\" alt=\"\" srcset=\"https:\/\/tv.utalca.cl\/wp-content\/uploads\/2025\/10\/CODIGO-CLARO-2025-CAP-5-Foto-1-800x450.jpg 800w, https:\/\/tv.utalca.cl\/wp-content\/uploads\/2025\/10\/CODIGO-CLARO-2025-CAP-5-Foto-1-300x169.jpg 300w, https:\/\/tv.utalca.cl\/wp-content\/uploads\/2025\/10\/CODIGO-CLARO-2025-CAP-5-Foto-1-1024x576.jpg 1024w, https:\/\/tv.utalca.cl\/wp-content\/uploads\/2025\/10\/CODIGO-CLARO-2025-CAP-5-Foto-1-768x432.jpg 768w, https:\/\/tv.utalca.cl\/wp-content\/uploads\/2025\/10\/CODIGO-CLARO-2025-CAP-5-Foto-1-1536x864.jpg 1536w, https:\/\/tv.utalca.cl\/wp-content\/uploads\/2025\/10\/CODIGO-CLARO-2025-CAP-5-Foto-1.jpg 1920w\" sizes=\"auto, (max-width: 800px) 100vw, 800px\" \/>\t\t\t\t\t\n\t\t\t\t\t\t\t\t\t\t\t\t\t\t\t\t<div class=\"blog-play-icon\"><i class=\"fa fa-play\" aria-hidden=\"true\"><\/i><\/div>\n\t\t\t\t\t\t\t\t\t\t\t\t\t\t\t\n\t\t\t\t\t<div class=\"blog-floating-comments-viewcount\">\n\t\t\t\t\t\t\t\t\t\t\t\t<div class=\"blog-meta-views\"><i class=\"fa fa-eye\" aria-hidden=\"true\"><\/i><div class=\"post-views content-post post-18979 entry-meta load-static\">\r\n\t\t\t\t<span class=\"post-views-icon dashicons dashicons-chart-bar\"><\/span> <span class=\"post-views-label\">Post Views:<\/span> <span class=\"post-views-count\">213<\/span>\r\n\t\t\t<\/div><\/div>\t\t\t\t\t<\/div><!-- close .blog-floating-comments-viewcount -->\n\t\t\t\t\t\n\t\t\t\t<\/a>\n\t\t\t<\/div><!-- close .progression-studios-feaured-image -->\n\t\t<!-- close video -->\n\t\t\n\t\t<div class=\"progression-blog-content\">\n\t\t\t\t\t\t\t<div class=\"blog-meta-category-list\"><a href=\"https:\/\/tv.utalca.cl\/?cat=2247\" rel=\"category\">Cap\u00edtulo 5<\/a> <a href=\"https:\/\/tv.utalca.cl\/?cat=2301\" rel=\"category\">Codigo Claro<\/a> <a href=\"https:\/\/tv.utalca.cl\/?cat=2295\" rel=\"category\">Estreno<\/a> <a href=\"https:\/\/tv.utalca.cl\/?cat=112\" rel=\"category\">Programa<\/a> <a href=\"https:\/\/tv.utalca.cl\/?cat=2192\" rel=\"category\">Temp. 2<\/a><\/div>\t\t\t\t\t\t\n\t\t\t<h2 class=\"progression-blog-title\">\n\t\t\t\t\n\t\t\n\t\t\t\t<a href=\"https:\/\/tv.utalca.cl\/?p=18979\">\n\t\t\t\t\t\t\n\t\t\t\t\n\t\t\nCodigo Claro T2 Cap 5 &#8211; Conociendo la funci\u00f3n de una Corte de Apelaciones<\/a><\/h2>\n\n\t\t\t\t\t\t\t<div class=\"progression-post-meta\">\n\t\t\t\t\t\t\t\t\t\t\n\t\t\t\t\t\t\t\n\t\t\t\t<\/div>\n\t\t\t\t\t\t\n\t\t\t<div class=\"progression-studios-blog-excerpt\">\n\t\t\t\t\t\t\t\t\t\t\t\t\t<p><span style=\"font-weight: 400;\">Las Cortes de\u00a0Apelaciones son el\u00a0m\u00e1ximo tribunal regional del Poder\u00a0Judicial, en ella se resuelven\u00a0gran parte de los procesos judiciales, constituyendo el icono recurrente cuando se habla de Justicia. Pero entendemos c\u00f3mo funcionan o qu\u00e9 tipo de procesos ven.<\/span><\/p>\n<p><span style=\"font-weight: 400;\">En tiempos donde impera la desconfianza ciudadana frente a las instituciones, en general, hoy analizaremos \u00bfQu\u00e9\u00a0es el Poder Judicial? \u00bfEs responsabilidad de \u00e9l la percepci\u00f3n de inseguridad de la ciudadan\u00eda? \u00bfHay m\u00e1s actores dentro del sistema de justicia?<\/span><\/p>\n\t\t\t\t\t\t\t\t\t\t\t\n\t\t\t\n\t\t\t\t\t\t<\/div>\n\t\t\t\n\t\t\t\n\t\t\t\n\t\t<\/div><!-- close .progression-blog-content -->\n\t\n\t\t\t\n\t<div class=\"clearfix-pro\"><\/div>\n\t<\/div><!-- close .progression-studios-default-blog-index -->\n<\/div><!-- #post-## -->\t\t\t\t\t\t\t\t\t\t\t\t\t<\/div><!-- close .progression-studios-isotope-animation -->\n\t\t\t\t\t<\/div><!-- close .progression-masonry-padding-blog -->\n\t\t\t\t<\/div><!-- close .progression-masonry-item -->\n\t\t\t\t\t\t\t\t<div class=\"progression-masonry-item \">\n\t\t\t\t\t<div class=\"progression-masonry-padding-blog  progression_elements_post_list_excerpt\">\n\t\t\t\t\t\t<div class=\"progression-studios-isotope-animation\">\n\t\t\t\t\t\t\t\n\t\t\t\t\t\t\t\t\t\t\t\t\t\t\t\n\n\n\n<div id=\"post-18642\" class=\"post-18642 post type-post status-publish format-video has-post-thumbnail hentry category-capitulo-1 category-codigo-claro category-estreno category-programa category-temporada-2 tag-codigo-claro post_format-post-format-video slider-tags-codigo-claro\">\t\n\t<div class=\"progression-studios-default-blog-index progression-studios-blog-image-scale\">\n\n\t\t\t\t\t<div class=\"progression-studios-feaured-image\">\n\t\t\t\t\t\n\t\t\t\t\n\t\t\t\t\t\t\n\t\t\t\t\t\t\t\t\t\t\t\n\t\t\t\t\t\t\t\t\t\t\t\t\t\t\n\t\t\t\t\t\t\t\t<a href=\"https:\/\/tv.utalca.cl\/?p=18642\">\n\t\t\t\t\t\t\t\t\t\t\t\t\t\t\t\t\n\t\t\t\t\t\t\t\t\t\t\t\t\n\t\t\t\t\t\t\t\t\n\t\t\t\t\n\t\t\n\t\t\t\t\t<img loading=\"lazy\" decoding=\"async\" width=\"800\" height=\"450\" src=\"https:\/\/tv.utalca.cl\/wp-content\/uploads\/2025\/08\/CODIGO-CLARO-2025-CAP-1-Foto-2-800x450.jpg\" class=\"attachment-progression-studios-blog-index size-progression-studios-blog-index wp-post-image\" alt=\"\" srcset=\"https:\/\/tv.utalca.cl\/wp-content\/uploads\/2025\/08\/CODIGO-CLARO-2025-CAP-1-Foto-2-800x450.jpg 800w, https:\/\/tv.utalca.cl\/wp-content\/uploads\/2025\/08\/CODIGO-CLARO-2025-CAP-1-Foto-2-300x169.jpg 300w, https:\/\/tv.utalca.cl\/wp-content\/uploads\/2025\/08\/CODIGO-CLARO-2025-CAP-1-Foto-2-1024x576.jpg 1024w, https:\/\/tv.utalca.cl\/wp-content\/uploads\/2025\/08\/CODIGO-CLARO-2025-CAP-1-Foto-2-768x432.jpg 768w, https:\/\/tv.utalca.cl\/wp-content\/uploads\/2025\/08\/CODIGO-CLARO-2025-CAP-1-Foto-2-1536x864.jpg 1536w, https:\/\/tv.utalca.cl\/wp-content\/uploads\/2025\/08\/CODIGO-CLARO-2025-CAP-1-Foto-2.jpg 1920w\" sizes=\"auto, (max-width: 800px) 100vw, 800px\" \/>\t\t\t\t\t\n\t\t\t\t\t\t\t\t\t\t\t\t\t\t\t\t<div class=\"blog-play-icon\"><i class=\"fa fa-play\" aria-hidden=\"true\"><\/i><\/div>\n\t\t\t\t\t\t\t\t\t\t\t\t\t\t\t\n\t\t\t\t\t<div class=\"blog-floating-comments-viewcount\">\n\t\t\t\t\t\t\t\t\t\t\t\t<div class=\"blog-meta-views\"><i class=\"fa fa-eye\" aria-hidden=\"true\"><\/i><div class=\"post-views content-post post-18642 entry-meta load-static\">\r\n\t\t\t\t<span class=\"post-views-icon dashicons dashicons-chart-bar\"><\/span> <span class=\"post-views-label\">Post Views:<\/span> <span class=\"post-views-count\">202<\/span>\r\n\t\t\t<\/div><\/div>\t\t\t\t\t<\/div><!-- close .blog-floating-comments-viewcount -->\n\t\t\t\t\t\n\t\t\t\t<\/a>\n\t\t\t<\/div><!-- close .progression-studios-feaured-image -->\n\t\t<!-- close video -->\n\t\t\n\t\t<div class=\"progression-blog-content\">\n\t\t\t\t\t\t\t<div class=\"blog-meta-category-list\"><a href=\"https:\/\/tv.utalca.cl\/?cat=2243\" rel=\"category\">Cap\u00edtulo 1<\/a> <a href=\"https:\/\/tv.utalca.cl\/?cat=2301\" rel=\"category\">Codigo Claro<\/a> <a href=\"https:\/\/tv.utalca.cl\/?cat=2295\" rel=\"category\">Estreno<\/a> <a href=\"https:\/\/tv.utalca.cl\/?cat=112\" rel=\"category\">Programa<\/a> <a href=\"https:\/\/tv.utalca.cl\/?cat=2192\" rel=\"category\">Temp. 2<\/a><\/div>\t\t\t\t\t\t\n\t\t\t<h2 class=\"progression-blog-title\">\n\t\t\t\t\n\t\t\n\t\t\t\t<a href=\"https:\/\/tv.utalca.cl\/?p=18642\">\n\t\t\t\t\t\t\n\t\t\t\t\n\t\t\nC\u00f3digo Claro T2 &#8211; Cap1: Trabajadores a honorarios | @UTalcaTV<\/a><\/h2>\n\n\t\t\t\t\t\t\t<div class=\"progression-post-meta\">\n\t\t\t\t\t\t\t\t\t\t\n\t\t\t\t\t\t\t\n\t\t\t\t<\/div>\n\t\t\t\t\t\t\n\t\t\t<div class=\"progression-studios-blog-excerpt\">\n\t\t\t\t<p>&#8220;C\u00d3DIGO CLARO: DERECHO A ENTENDER&#8221; de UTalcaTV. Este programa democratiza la justicia, simplificando el lenguaje legal y los procedimientos. Un compromiso de la Universidad de Talca para que todos comprendan sus derechos y deberes.<\/p>\n\t\t\t\n\t\t\t\n\t\t\t\t\t\t<\/div>\n\t\t\t\n\t\t\t\n\t\t\t\n\t\t<\/div><!-- close .progression-blog-content -->\n\t\n\t\t\t\n\t<div class=\"clearfix-pro\"><\/div>\n\t<\/div><!-- close .progression-studios-default-blog-index -->\n<\/div><!-- #post-## -->\t\t\t\t\t\t\t\t\t\t\t\t\t<\/div><!-- close .progression-studios-isotope-animation -->\n\t\t\t\t\t<\/div><!-- close .progression-masonry-padding-blog -->\n\t\t\t\t<\/div><!-- close .progression-masonry-item -->\n\t\t\t\t\t\t\t\t<div class=\"progression-masonry-item \">\n\t\t\t\t\t<div class=\"progression-masonry-padding-blog  progression_elements_post_list_excerpt\">\n\t\t\t\t\t\t<div class=\"progression-studios-isotope-animation\">\n\t\t\t\t\t\t\t\n\t\t\t\t\t\t\t\t\t\t\t\t\t\t\t\n\n\n\n<div id=\"post-18646\" class=\"post-18646 post type-post status-publish format-video has-post-thumbnail hentry category-capitulo-2 category-codigo-claro category-estreno category-programa category-temporada-2 tag-codigo-claro post_format-post-format-video slider-tags-codigo-claro slider-tags-slider\">\t\n\t<div class=\"progression-studios-default-blog-index progression-studios-blog-image-scale\">\n\n\t\t\t\t\t<div class=\"progression-studios-feaured-image\">\n\t\t\t\t\t\n\t\t\t\t\n\t\t\t\t\t\t\n\t\t\t\t\t\t\t\t\t\t\t\n\t\t\t\t\t\t\t\t\t\t\t\t\t\t\n\t\t\t\t\t\t\t\t<a href=\"https:\/\/tv.utalca.cl\/?p=18646\">\n\t\t\t\t\t\t\t\t\t\t\t\t\t\t\t\t\n\t\t\t\t\t\t\t\t\t\t\t\t\n\t\t\t\t\t\t\t\t\n\t\t\t\t\n\t\t\n\t\t\t\t\t<img loading=\"lazy\" decoding=\"async\" width=\"800\" height=\"450\" src=\"https:\/\/tv.utalca.cl\/wp-content\/uploads\/2025\/08\/CODIGO-CLARO-2025-CAP-2-Foto-1-800x450.jpg\" class=\"attachment-progression-studios-blog-index size-progression-studios-blog-index wp-post-image\" alt=\"\" srcset=\"https:\/\/tv.utalca.cl\/wp-content\/uploads\/2025\/08\/CODIGO-CLARO-2025-CAP-2-Foto-1-800x450.jpg 800w, https:\/\/tv.utalca.cl\/wp-content\/uploads\/2025\/08\/CODIGO-CLARO-2025-CAP-2-Foto-1-300x169.jpg 300w, https:\/\/tv.utalca.cl\/wp-content\/uploads\/2025\/08\/CODIGO-CLARO-2025-CAP-2-Foto-1-1024x576.jpg 1024w, https:\/\/tv.utalca.cl\/wp-content\/uploads\/2025\/08\/CODIGO-CLARO-2025-CAP-2-Foto-1-768x432.jpg 768w, https:\/\/tv.utalca.cl\/wp-content\/uploads\/2025\/08\/CODIGO-CLARO-2025-CAP-2-Foto-1-1536x864.jpg 1536w, https:\/\/tv.utalca.cl\/wp-content\/uploads\/2025\/08\/CODIGO-CLARO-2025-CAP-2-Foto-1.jpg 1920w\" sizes=\"auto, (max-width: 800px) 100vw, 800px\" \/>\t\t\t\t\t\n\t\t\t\t\t\t\t\t\t\t\t\t\t\t\t\t<div class=\"blog-play-icon\"><i class=\"fa fa-play\" aria-hidden=\"true\"><\/i><\/div>\n\t\t\t\t\t\t\t\t\t\t\t\t\t\t\t\n\t\t\t\t\t<div class=\"blog-floating-comments-viewcount\">\n\t\t\t\t\t\t\t\t\t\t\t\t<div class=\"blog-meta-views\"><i class=\"fa fa-eye\" aria-hidden=\"true\"><\/i><div class=\"post-views content-post post-18646 entry-meta load-static\">\r\n\t\t\t\t<span class=\"post-views-icon dashicons dashicons-chart-bar\"><\/span> <span class=\"post-views-label\">Post Views:<\/span> <span class=\"post-views-count\">200<\/span>\r\n\t\t\t<\/div><\/div>\t\t\t\t\t<\/div><!-- close .blog-floating-comments-viewcount -->\n\t\t\t\t\t\n\t\t\t\t<\/a>\n\t\t\t<\/div><!-- close .progression-studios-feaured-image -->\n\t\t<!-- close video -->\n\t\t\n\t\t<div class=\"progression-blog-content\">\n\t\t\t\t\t\t\t<div class=\"blog-meta-category-list\"><a href=\"https:\/\/tv.utalca.cl\/?cat=2244\" rel=\"category\">Cap\u00edtulo 2<\/a> <a href=\"https:\/\/tv.utalca.cl\/?cat=2301\" rel=\"category\">Codigo Claro<\/a> <a href=\"https:\/\/tv.utalca.cl\/?cat=2295\" rel=\"category\">Estreno<\/a> <a href=\"https:\/\/tv.utalca.cl\/?cat=112\" rel=\"category\">Programa<\/a> <a href=\"https:\/\/tv.utalca.cl\/?cat=2192\" rel=\"category\">Temp. 2<\/a><\/div>\t\t\t\t\t\t\n\t\t\t<h2 class=\"progression-blog-title\">\n\t\t\t\t\n\t\t\n\t\t\t\t<a href=\"https:\/\/tv.utalca.cl\/?p=18646\">\n\t\t\t\t\t\t\n\t\t\t\t\n\t\t\nC\u00f3digo Claro T2 &#8211; Cap2: La c\u00e1rcel, \u00bf\u00danica Respuesta Frente Al Delito? | @UTalcaTV<\/a><\/h2>\n\n\t\t\t\t\t\t\t<div class=\"progression-post-meta\">\n\t\t\t\t\t\t\t\t\t\t\n\t\t\t\t\t\t\t\n\t\t\t\t<\/div>\n\t\t\t\t\t\t\n\t\t\t<div class=\"progression-studios-blog-excerpt\">\n\t\t\t\t<p>&#8220;C\u00d3DIGO CLARO: DERECHO A ENTENDER&#8221; de UTalcaTV. Este programa democratiza la justicia, simplificando el lenguaje legal y los procedimientos. Un compromiso de la Universidad de Talca para que todos comprendan sus derechos y deberes.<\/p>\n\t\t\t\n\t\t\t\n\t\t\t\t\t\t<\/div>\n\t\t\t\n\t\t\t\n\t\t\t\n\t\t<\/div><!-- close .progression-blog-content -->\n\t\n\t\t\t\n\t<div class=\"clearfix-pro\"><\/div>\n\t<\/div><!-- close .progression-studios-default-blog-index -->\n<\/div><!-- #post-## -->\t\t\t\t\t\t\t\t\t\t\t\t\t<\/div><!-- close .progression-studios-isotope-animation -->\n\t\t\t\t\t<\/div><!-- close .progression-masonry-padding-blog -->\n\t\t\t\t<\/div><!-- close .progression-masonry-item -->\n\t\t\t\t\t\t\t\t<div class=\"progression-masonry-item \">\n\t\t\t\t\t<div class=\"progression-masonry-padding-blog  progression_elements_post_list_excerpt\">\n\t\t\t\t\t\t<div class=\"progression-studios-isotope-animation\">\n\t\t\t\t\t\t\t\n\t\t\t\t\t\t\t\t\t\t\t\t\t\t\t\n\n\n\n<div id=\"post-18887\" class=\"post-18887 post type-post status-publish format-video has-post-thumbnail hentry category-capitulo-3 category-codigo-claro category-estreno category-programa category-temporada-2 tag-codigo-claro post_format-post-format-video slider-tags-codigo-claro slider-tags-slider\">\t\n\t<div class=\"progression-studios-default-blog-index progression-studios-blog-image-scale\">\n\n\t\t\t\t\t<div class=\"progression-studios-feaured-image\">\n\t\t\t\t\t\n\t\t\t\t\n\t\t\t\t\t\t\n\t\t\t\t\t\t\t\t\t\t\t\n\t\t\t\t\t\t\t\t\t\t\t\t\t\t\n\t\t\t\t\t\t\t\t<a href=\"https:\/\/tv.utalca.cl\/?p=18887\">\n\t\t\t\t\t\t\t\t\t\t\t\t\t\t\t\t\n\t\t\t\t\t\t\t\t\t\t\t\t\n\t\t\t\t\t\t\t\t\n\t\t\t\t\n\t\t\n\t\t\t\t\t<img loading=\"lazy\" decoding=\"async\" width=\"800\" height=\"450\" src=\"https:\/\/tv.utalca.cl\/wp-content\/uploads\/2025\/10\/CODIGO-CLARO-2025-CAP-3-Foto-3-800x450.jpg\" class=\"attachment-progression-studios-blog-index size-progression-studios-blog-index wp-post-image\" alt=\"\" srcset=\"https:\/\/tv.utalca.cl\/wp-content\/uploads\/2025\/10\/CODIGO-CLARO-2025-CAP-3-Foto-3-800x450.jpg 800w, https:\/\/tv.utalca.cl\/wp-content\/uploads\/2025\/10\/CODIGO-CLARO-2025-CAP-3-Foto-3-300x169.jpg 300w, https:\/\/tv.utalca.cl\/wp-content\/uploads\/2025\/10\/CODIGO-CLARO-2025-CAP-3-Foto-3-1024x576.jpg 1024w, https:\/\/tv.utalca.cl\/wp-content\/uploads\/2025\/10\/CODIGO-CLARO-2025-CAP-3-Foto-3-768x432.jpg 768w, https:\/\/tv.utalca.cl\/wp-content\/uploads\/2025\/10\/CODIGO-CLARO-2025-CAP-3-Foto-3-1536x864.jpg 1536w, https:\/\/tv.utalca.cl\/wp-content\/uploads\/2025\/10\/CODIGO-CLARO-2025-CAP-3-Foto-3.jpg 1920w\" sizes=\"auto, (max-width: 800px) 100vw, 800px\" \/>\t\t\t\t\t\n\t\t\t\t\t\t\t\t\t\t\t\t\t\t\t\t<div class=\"blog-play-icon\"><i class=\"fa fa-play\" aria-hidden=\"true\"><\/i><\/div>\n\t\t\t\t\t\t\t\t\t\t\t\t\t\t\t\n\t\t\t\t\t<div class=\"blog-floating-comments-viewcount\">\n\t\t\t\t\t\t\t\t\t\t\t\t<div class=\"blog-meta-views\"><i class=\"fa fa-eye\" aria-hidden=\"true\"><\/i><div class=\"post-views content-post post-18887 entry-meta load-static\">\r\n\t\t\t\t<span class=\"post-views-icon dashicons dashicons-chart-bar\"><\/span> <span class=\"post-views-label\">Post Views:<\/span> <span class=\"post-views-count\">324<\/span>\r\n\t\t\t<\/div><\/div>\t\t\t\t\t<\/div><!-- close .blog-floating-comments-viewcount -->\n\t\t\t\t\t\n\t\t\t\t<\/a>\n\t\t\t<\/div><!-- close .progression-studios-feaured-image -->\n\t\t<!-- close video -->\n\t\t\n\t\t<div class=\"progression-blog-content\">\n\t\t\t\t\t\t\t<div class=\"blog-meta-category-list\"><a href=\"https:\/\/tv.utalca.cl\/?cat=2245\" rel=\"category\">Cap\u00edtulo 3<\/a> <a href=\"https:\/\/tv.utalca.cl\/?cat=2301\" rel=\"category\">Codigo Claro<\/a> <a href=\"https:\/\/tv.utalca.cl\/?cat=2295\" rel=\"category\">Estreno<\/a> <a href=\"https:\/\/tv.utalca.cl\/?cat=112\" rel=\"category\">Programa<\/a> <a href=\"https:\/\/tv.utalca.cl\/?cat=2192\" rel=\"category\">Temp. 2<\/a><\/div>\t\t\t\t\t\t\n\t\t\t<h2 class=\"progression-blog-title\">\n\t\t\t\t\n\t\t\n\t\t\t\t<a href=\"https:\/\/tv.utalca.cl\/?p=18887\">\n\t\t\t\t\t\t\n\t\t\t\t\n\t\t\nC\u00f3digo Claro T2 &#8211; Cap3: Ciudadanos y la administraci\u00f3n del estado | @UTalcaTV<\/a><\/h2>\n\n\t\t\t\t\t\t\t<div class=\"progression-post-meta\">\n\t\t\t\t\t\t\t\t\t\t\n\t\t\t\t\t\t\t\n\t\t\t\t<\/div>\n\t\t\t\t\t\t\n\t\t\t<div class=\"progression-studios-blog-excerpt\">\n\t\t\t\t\t\t\t\t\t\t\t\t\t<p><span style=\"font-weight: 400;\">Tramitar una posesi\u00f3n efectiva, la obtenci\u00f3n de un certificado en el Servicio de Registro Civil e Identificaci\u00f3n, la obtenci\u00f3n de un permiso de construcci\u00f3n, o tr\u00e1mites ante el Servicio de Impuestos Internos, son solo algunos de los ejemplos de nuestra relaci\u00f3n diaria con los organismos del Estado.\u00a0<\/span><\/p>\n<p><span style=\"font-weight: 400;\">Por ello, resulta importante conocer c\u00f3mo actuar a la hora de solicitar alguna tramitaci\u00f3n, entender el porqu\u00e9 de un rechazo en alguna solicitud planteada o la falta de respuesta frente a alguna interrogante, qu\u00e9 hacer, a d\u00f3nde acudir y c\u00f3mo relacionarnos con estos entes que forman parte de la administraci\u00f3n p\u00fablica es parte de lo que conversamos hoy durante el programa.\u00a0<\/span><\/p>\n\t\t\t\t\t\t\t\t\t\t\t\n\t\t\t\n\t\t\t\t\t\t<\/div>\n\t\t\t\n\t\t\t\n\t\t\t\n\t\t<\/div><!-- close .progression-blog-content -->\n\t\n\t\t\t\n\t<div class=\"clearfix-pro\"><\/div>\n\t<\/div><!-- close .progression-studios-default-blog-index -->\n<\/div><!-- #post-## -->\t\t\t\t\t\t\t\t\t\t\t\t\t<\/div><!-- close .progression-studios-isotope-animation -->\n\t\t\t\t\t<\/div><!-- close .progression-masonry-padding-blog -->\n\t\t\t\t<\/div><!-- close .progression-masonry-item -->\n\t\t\t\t\t\t\t\t<div class=\"progression-masonry-item \">\n\t\t\t\t\t<div class=\"progression-masonry-padding-blog  progression_elements_post_list_excerpt\">\n\t\t\t\t\t\t<div class=\"progression-studios-isotope-animation\">\n\t\t\t\t\t\t\t\n\t\t\t\t\t\t\t\t\t\t\t\t\t\t\t\n\n\n\n<div id=\"post-18931\" class=\"post-18931 post type-post status-publish format-video has-post-thumbnail hentry category-capitulo-4 category-codigo-claro category-estreno category-programa category-temporada-2 tag-codigo-claro post_format-post-format-video slider-tags-codigo-claro slider-tags-slider\">\t\n\t<div class=\"progression-studios-default-blog-index progression-studios-blog-image-scale\">\n\n\t\t\t\t\t<div class=\"progression-studios-feaured-image\">\n\t\t\t\t\t\n\t\t\t\t\n\t\t\t\t\t\t\n\t\t\t\t\t\t\t\t\t\t\t\n\t\t\t\t\t\t\t\t\t\t\t\t\t\t\n\t\t\t\t\t\t\t\t<a href=\"https:\/\/tv.utalca.cl\/?p=18931\">\n\t\t\t\t\t\t\t\t\t\t\t\t\t\t\t\t\n\t\t\t\t\t\t\t\t\t\t\t\t\n\t\t\t\t\t\t\t\t\n\t\t\t\t\n\t\t\n\t\t\t\t\t<img loading=\"lazy\" decoding=\"async\" width=\"800\" height=\"450\" src=\"https:\/\/tv.utalca.cl\/wp-content\/uploads\/2025\/10\/CODIGO-CLARO-2025-CAP-4-Foto-2-800x450.jpg\" class=\"attachment-progression-studios-blog-index size-progression-studios-blog-index wp-post-image\" alt=\"\" srcset=\"https:\/\/tv.utalca.cl\/wp-content\/uploads\/2025\/10\/CODIGO-CLARO-2025-CAP-4-Foto-2-800x450.jpg 800w, https:\/\/tv.utalca.cl\/wp-content\/uploads\/2025\/10\/CODIGO-CLARO-2025-CAP-4-Foto-2-300x169.jpg 300w, https:\/\/tv.utalca.cl\/wp-content\/uploads\/2025\/10\/CODIGO-CLARO-2025-CAP-4-Foto-2-1024x576.jpg 1024w, https:\/\/tv.utalca.cl\/wp-content\/uploads\/2025\/10\/CODIGO-CLARO-2025-CAP-4-Foto-2-768x432.jpg 768w, https:\/\/tv.utalca.cl\/wp-content\/uploads\/2025\/10\/CODIGO-CLARO-2025-CAP-4-Foto-2-1536x864.jpg 1536w, https:\/\/tv.utalca.cl\/wp-content\/uploads\/2025\/10\/CODIGO-CLARO-2025-CAP-4-Foto-2.jpg 1920w\" sizes=\"auto, (max-width: 800px) 100vw, 800px\" \/>\t\t\t\t\t\n\t\t\t\t\t\t\t\t\t\t\t\t\t\t\t\t<div class=\"blog-play-icon\"><i class=\"fa fa-play\" aria-hidden=\"true\"><\/i><\/div>\n\t\t\t\t\t\t\t\t\t\t\t\t\t\t\t\n\t\t\t\t\t<div class=\"blog-floating-comments-viewcount\">\n\t\t\t\t\t\t\t\t\t\t\t\t<div class=\"blog-meta-views\"><i class=\"fa fa-eye\" aria-hidden=\"true\"><\/i><div class=\"post-views content-post post-18931 entry-meta load-static\">\r\n\t\t\t\t<span class=\"post-views-icon dashicons dashicons-chart-bar\"><\/span> <span class=\"post-views-label\">Post Views:<\/span> <span class=\"post-views-count\">199<\/span>\r\n\t\t\t<\/div><\/div>\t\t\t\t\t<\/div><!-- close .blog-floating-comments-viewcount -->\n\t\t\t\t\t\n\t\t\t\t<\/a>\n\t\t\t<\/div><!-- close .progression-studios-feaured-image -->\n\t\t<!-- close video -->\n\t\t\n\t\t<div class=\"progression-blog-content\">\n\t\t\t\t\t\t\t<div class=\"blog-meta-category-list\"><a href=\"https:\/\/tv.utalca.cl\/?cat=2246\" rel=\"category\">Cap\u00edtulo 4<\/a> <a href=\"https:\/\/tv.utalca.cl\/?cat=2301\" rel=\"category\">Codigo Claro<\/a> <a href=\"https:\/\/tv.utalca.cl\/?cat=2295\" rel=\"category\">Estreno<\/a> <a href=\"https:\/\/tv.utalca.cl\/?cat=112\" rel=\"category\">Programa<\/a> <a href=\"https:\/\/tv.utalca.cl\/?cat=2192\" rel=\"category\">Temp. 2<\/a><\/div>\t\t\t\t\t\t\n\t\t\t<h2 class=\"progression-blog-title\">\n\t\t\t\t\n\t\t\n\t\t\t\t<a href=\"https:\/\/tv.utalca.cl\/?p=18931\">\n\t\t\t\t\t\t\n\t\t\t\t\n\t\t\nCodigo Claro T2 Cap 4 &#8211; Pensi\u00f3n de alimentos: lo que hay que saber<\/a><\/h2>\n\n\t\t\t\t\t\t\t<div class=\"progression-post-meta\">\n\t\t\t\t\t\t\t\t\t\t\n\t\t\t\t\t\t\t\n\t\t\t\t<\/div>\n\t\t\t\t\t\t\n\t\t\t<div class=\"progression-studios-blog-excerpt\">\n\t\t\t\t\t\t\t\t\t\t\t\t\t<p><span style=\"font-weight: 400;\">La pensi\u00f3n de alimentos ha padecido durante muchos a\u00f1os lo que otros derechos legalmente consagrados: una distancia enorme entre lo reconocido en la ley y las sentencias o la realidad.\u00a0<\/span><\/p>\n<p><span style=\"font-weight: 400;\">La legislaci\u00f3n nacional sobre pensiones alimenticias ha venido experimentando reformas para asegurar el derecho de alimentos y su cumplimiento.<\/span><\/p>\n<p><span style=\"font-weight: 400;\">Desde una visi\u00f3n eminentemente pr\u00e1ctica, en este programa les contaremos de los aspectos esenciales que se deben conocer en torno al derecho a pensi\u00f3n de alimentos, por ejemplo, si se requiere de abogado, qui\u00e9nes tienen derecho a pedirla y qui\u00e9nes est\u00e1n obligados a otorgarla, qu\u00e9 criterios tiene en cuenta la ley y el juez para fijar los montos de alimentos.<\/span><\/p>\n\t\t\t\t\t\t\t\t\t\t\t\n\t\t\t\n\t\t\t\t\t\t<\/div>\n\t\t\t\n\t\t\t\n\t\t\t\n\t\t<\/div><!-- close .progression-blog-content -->\n\t\n\t\t\t\n\t<div class=\"clearfix-pro\"><\/div>\n\t<\/div><!-- close .progression-studios-default-blog-index -->\n<\/div><!-- #post-## -->\t\t\t\t\t\t\t\t\t\t\t\t\t<\/div><!-- close .progression-studios-isotope-animation -->\n\t\t\t\t\t<\/div><!-- close .progression-masonry-padding-blog -->\n\t\t\t\t<\/div><!-- close .progression-masonry-item -->\n\t\t\t\t\t\t\t\t<div class=\"progression-masonry-item \">\n\t\t\t\t\t<div class=\"progression-masonry-padding-blog  progression_elements_post_list_excerpt\">\n\t\t\t\t\t\t<div class=\"progression-studios-isotope-animation\">\n\t\t\t\t\t\t\t\n\t\t\t\t\t\t\t\t\t\t\t\t\t\t\t\n\n\n\n<div id=\"post-19122\" class=\"post-19122 post type-post status-publish format-video has-post-thumbnail hentry category-capitulo-8 category-codigo-claro category-estreno category-programa category-temporada-2 tag-codigo-claro post_format-post-format-video slider-tags-codigo-claro slider-tags-slider\">\t\n\t<div class=\"progression-studios-default-blog-index progression-studios-blog-image-scale\">\n\n\t\t\t\t\t<div class=\"progression-studios-feaured-image\">\n\t\t\t\t\t\n\t\t\t\t\n\t\t\t\t\t\t\n\t\t\t\t\t\t\t\t\t\t\t\n\t\t\t\t\t\t\t\t\t\t\t\t\t\t\n\t\t\t\t\t\t\t\t<a href=\"https:\/\/tv.utalca.cl\/?p=19122\">\n\t\t\t\t\t\t\t\t\t\t\t\t\t\t\t\t\n\t\t\t\t\t\t\t\t\t\t\t\t\n\t\t\t\t\t\t\t\t\n\t\t\t\t\n\t\t\n\t\t\t\t\t<img loading=\"lazy\" decoding=\"async\" width=\"800\" height=\"450\" src=\"https:\/\/tv.utalca.cl\/wp-content\/uploads\/2025\/11\/CODIGO-CLARO-2025-CAP-8-Foto-2-800x450.jpg\" class=\"attachment-progression-studios-blog-index size-progression-studios-blog-index wp-post-image\" alt=\"\" srcset=\"https:\/\/tv.utalca.cl\/wp-content\/uploads\/2025\/11\/CODIGO-CLARO-2025-CAP-8-Foto-2-800x450.jpg 800w, https:\/\/tv.utalca.cl\/wp-content\/uploads\/2025\/11\/CODIGO-CLARO-2025-CAP-8-Foto-2-300x169.jpg 300w, https:\/\/tv.utalca.cl\/wp-content\/uploads\/2025\/11\/CODIGO-CLARO-2025-CAP-8-Foto-2-1024x576.jpg 1024w, https:\/\/tv.utalca.cl\/wp-content\/uploads\/2025\/11\/CODIGO-CLARO-2025-CAP-8-Foto-2-768x432.jpg 768w, https:\/\/tv.utalca.cl\/wp-content\/uploads\/2025\/11\/CODIGO-CLARO-2025-CAP-8-Foto-2-1536x864.jpg 1536w, https:\/\/tv.utalca.cl\/wp-content\/uploads\/2025\/11\/CODIGO-CLARO-2025-CAP-8-Foto-2.jpg 1920w\" sizes=\"auto, (max-width: 800px) 100vw, 800px\" \/>\t\t\t\t\t\n\t\t\t\t\t\t\t\t\t\t\t\t\t\t\t\t<div class=\"blog-play-icon\"><i class=\"fa fa-play\" aria-hidden=\"true\"><\/i><\/div>\n\t\t\t\t\t\t\t\t\t\t\t\t\t\t\t\n\t\t\t\t\t<div class=\"blog-floating-comments-viewcount\">\n\t\t\t\t\t\t\t\t\t\t\t\t<div class=\"blog-meta-views\"><i class=\"fa fa-eye\" aria-hidden=\"true\"><\/i><div class=\"post-views content-post post-19122 entry-meta load-static\">\r\n\t\t\t\t<span class=\"post-views-icon dashicons dashicons-chart-bar\"><\/span> <span class=\"post-views-label\">Post Views:<\/span> <span class=\"post-views-count\">171<\/span>\r\n\t\t\t<\/div><\/div>\t\t\t\t\t<\/div><!-- close .blog-floating-comments-viewcount -->\n\t\t\t\t\t\n\t\t\t\t<\/a>\n\t\t\t<\/div><!-- close .progression-studios-feaured-image -->\n\t\t<!-- close video -->\n\t\t\n\t\t<div class=\"progression-blog-content\">\n\t\t\t\t\t\t\t<div class=\"blog-meta-category-list\"><a href=\"https:\/\/tv.utalca.cl\/?cat=2250\" rel=\"category\">Cap\u00edtulo 8<\/a> <a href=\"https:\/\/tv.utalca.cl\/?cat=2301\" rel=\"category\">Codigo Claro<\/a> <a href=\"https:\/\/tv.utalca.cl\/?cat=2295\" rel=\"category\">Estreno<\/a> <a href=\"https:\/\/tv.utalca.cl\/?cat=112\" rel=\"category\">Programa<\/a> <a href=\"https:\/\/tv.utalca.cl\/?cat=2192\" rel=\"category\">Temp. 2<\/a><\/div>\t\t\t\t\t\t\n\t\t\t<h2 class=\"progression-blog-title\">\n\t\t\t\t\n\t\t\n\t\t\t\t<a href=\"https:\/\/tv.utalca.cl\/?p=19122\">\n\t\t\t\t\t\t\n\t\t\t\t\n\t\t\nCodigo Claro T2 Cap 8 &#8211; Conflictos vecinales<\/a><\/h2>\n\n\t\t\t\t\t\t\t<div class=\"progression-post-meta\">\n\t\t\t\t\t\t\t\t\t\t\n\t\t\t\t\t\t\t\n\t\t\t\t<\/div>\n\t\t\t\t\t\t\n\t\t\t<div class=\"progression-studios-blog-excerpt\">\n\t\t\t\t\t\t\t\t\t\t\t\t\t<p><strong>Invitado: Evelyn Vieyra, Acad\u00e9mica Facultad de Ciencias Jur\u00eddicas y Sociales UTalca<\/strong><\/p>\n<p><span style=\"font-weight: 400;\">Los conflictos vecinales en Chile son disputas cotidianas entre quienes comparten un mismo territorio o comunidad. Pueden surgir por ruidos molestos, cierre de pasajes, veh\u00edculos abandonados, o acumulaci\u00f3n de basura, entre otros problemas que afectan la convivencia diaria. Aunque parecen menores, su persistencia deteriora el entorno y las relaciones entre vecinos.\u00a0<\/span><\/p>\n<p><span style=\"font-weight: 400;\">Resolverlos es clave para mantener la paz social y mejorar la calidad de vida. La justicia interviene a trav\u00e9s de los juzgados de polic\u00eda local, municipalidades y, en ciertos casos, el Ministerio P\u00fablico.\u00a0<\/span><\/p>\n<p><span style=\"font-weight: 400;\">En este Cap\u00edtulo se les aborda desde una perspectiva pr\u00e1ctica, lo que permite entender c\u00f3mo actuar y a qui\u00e9n recurrir.\u00a0<\/span><\/p>\n<p><span style=\"font-weight: 400;\">#conflictosvecinales #vecinos #calidaddevida #ruidosmolestos<\/span><\/p>\n\t\t\t\t\t\t\t\t\t\t\t\n\t\t\t\n\t\t\t\t\t\t<\/div>\n\t\t\t\n\t\t\t\n\t\t\t\n\t\t<\/div><!-- close .progression-blog-content -->\n\t\n\t\t\t\n\t<div class=\"clearfix-pro\"><\/div>\n\t<\/div><!-- close .progression-studios-default-blog-index -->\n<\/div><!-- #post-## -->\t\t\t\t\t\t\t\t\t\t\t\t\t<\/div><!-- close .progression-studios-isotope-animation -->\n\t\t\t\t\t<\/div><!-- close .progression-masonry-padding-blog -->\n\t\t\t\t<\/div><!-- close .progression-masonry-item -->\n\t\t\t\t\t\t\t\t<div class=\"progression-masonry-item \">\n\t\t\t\t\t<div class=\"progression-masonry-padding-blog  progression_elements_post_list_excerpt\">\n\t\t\t\t\t\t<div class=\"progression-studios-isotope-animation\">\n\t\t\t\t\t\t\t\n\t\t\t\t\t\t\t\t\t\t\t\t\t\t\t\n\n\n\n<div id=\"post-19089\" class=\"post-19089 post type-post status-publish format-video has-post-thumbnail hentry category-capitulo-7 category-codigo-claro category-estreno category-programa category-temporada-2 tag-codigo-claro post_format-post-format-video slider-tags-codigo-claro slider-tags-slider\">\t\n\t<div class=\"progression-studios-default-blog-index progression-studios-blog-image-scale\">\n\n\t\t\t\t\t<div class=\"progression-studios-feaured-image\">\n\t\t\t\t\t\n\t\t\t\t\n\t\t\t\t\t\t\n\t\t\t\t\t\t\t\t\t\t\t\n\t\t\t\t\t\t\t\t\t\t\t\t\t\t\n\t\t\t\t\t\t\t\t<a href=\"https:\/\/tv.utalca.cl\/?p=19089\">\n\t\t\t\t\t\t\t\t\t\t\t\t\t\t\t\t\n\t\t\t\t\t\t\t\t\t\t\t\t\n\t\t\t\t\t\t\t\t\n\t\t\t\t\n\t\t\n\t\t\t\t\t<img loading=\"lazy\" decoding=\"async\" width=\"800\" height=\"450\" src=\"https:\/\/tv.utalca.cl\/wp-content\/uploads\/2025\/11\/Codigo-Claro-T2-Cap7-800x450.png\" class=\"attachment-progression-studios-blog-index size-progression-studios-blog-index wp-post-image\" alt=\"\" srcset=\"https:\/\/tv.utalca.cl\/wp-content\/uploads\/2025\/11\/Codigo-Claro-T2-Cap7-800x450.png 800w, https:\/\/tv.utalca.cl\/wp-content\/uploads\/2025\/11\/Codigo-Claro-T2-Cap7-300x169.png 300w, https:\/\/tv.utalca.cl\/wp-content\/uploads\/2025\/11\/Codigo-Claro-T2-Cap7-1024x576.png 1024w, https:\/\/tv.utalca.cl\/wp-content\/uploads\/2025\/11\/Codigo-Claro-T2-Cap7-768x432.png 768w, https:\/\/tv.utalca.cl\/wp-content\/uploads\/2025\/11\/Codigo-Claro-T2-Cap7-1536x864.png 1536w, https:\/\/tv.utalca.cl\/wp-content\/uploads\/2025\/11\/Codigo-Claro-T2-Cap7.png 1920w\" sizes=\"auto, (max-width: 800px) 100vw, 800px\" \/>\t\t\t\t\t\n\t\t\t\t\t\t\t\t\t\t\t\t\t\t\t\t<div class=\"blog-play-icon\"><i class=\"fa fa-play\" aria-hidden=\"true\"><\/i><\/div>\n\t\t\t\t\t\t\t\t\t\t\t\t\t\t\t\n\t\t\t\t\t<div class=\"blog-floating-comments-viewcount\">\n\t\t\t\t\t\t\t\t\t\t\t\t<div class=\"blog-meta-views\"><i class=\"fa fa-eye\" aria-hidden=\"true\"><\/i><div class=\"post-views content-post post-19089 entry-meta load-static\">\r\n\t\t\t\t<span class=\"post-views-icon dashicons dashicons-chart-bar\"><\/span> <span class=\"post-views-label\">Post Views:<\/span> <span class=\"post-views-count\">197<\/span>\r\n\t\t\t<\/div><\/div>\t\t\t\t\t<\/div><!-- close .blog-floating-comments-viewcount -->\n\t\t\t\t\t\n\t\t\t\t<\/a>\n\t\t\t<\/div><!-- close .progression-studios-feaured-image -->\n\t\t<!-- close video -->\n\t\t\n\t\t<div class=\"progression-blog-content\">\n\t\t\t\t\t\t\t<div class=\"blog-meta-category-list\"><a href=\"https:\/\/tv.utalca.cl\/?cat=2249\" rel=\"category\">Cap\u00edtulo 7<\/a> <a href=\"https:\/\/tv.utalca.cl\/?cat=2301\" rel=\"category\">Codigo Claro<\/a> <a href=\"https:\/\/tv.utalca.cl\/?cat=2295\" rel=\"category\">Estreno<\/a> <a href=\"https:\/\/tv.utalca.cl\/?cat=112\" rel=\"category\">Programa<\/a> <a href=\"https:\/\/tv.utalca.cl\/?cat=2192\" rel=\"category\">Temp. 2<\/a><\/div>\t\t\t\t\t\t\n\t\t\t<h2 class=\"progression-blog-title\">\n\t\t\t\t\n\t\t\n\t\t\t\t<a href=\"https:\/\/tv.utalca.cl\/?p=19089\">\n\t\t\t\t\t\t\n\t\t\t\t\n\t\t\nCodigo Claro T2 Cap 7 &#8211; Derechos de los animales y situaci\u00f3n de las mascotas en Chile<\/a><\/h2>\n\n\t\t\t\t\t\t\t<div class=\"progression-post-meta\">\n\t\t\t\t\t\t\t\t\t\t\n\t\t\t\t\t\t\t\n\t\t\t\t<\/div>\n\t\t\t\t\t\t\n\t\t\t<div class=\"progression-studios-blog-excerpt\">\n\t\t\t\t\t\t\t\t\t\t\t\t\t<p><strong>Invitado: Emilio B\u00e9car, Acad\u00e9mico Facultad de Ciencias Jur\u00eddicas y Sociales UTalca<\/strong><\/p>\n<p><span style=\"font-weight: 400;\">El trato hacia los animales ha experimentado en los \u00faltimos a\u00f1os una preocupaci\u00f3n creciente que nadie puede desconocer. Ellos han acompa\u00f1ado al ser humano desde el comienzo de su existencia, pero desde hace algunos a\u00f1os ha comenzado a notarse una especial preocupaci\u00f3n en relaci\u00f3n con su forma de vivir, desde que se empieza a tomar en cuenta su capacidad para reaccionar frente a est\u00edmulos que implican dolor, sufrimiento, tensi\u00f3n y otras sensaciones de car\u00e1cter tanto positivo como negativo.\u00a0<\/span><\/p>\n<p><span style=\"font-weight: 400;\">\u200bEn este cap\u00edtulo conversaremos -desde lo legal- en torno a la protecci\u00f3n de los animales en general, y la tutela de las mascotas o animales de compa\u00f1\u00eda en particular. Abordaremos, entre otros aspectos, los motivos por los cuales ellos merecen un plan especial de protecci\u00f3n.\u00a0<\/span><\/p>\n<p>&nbsp;<\/p>\n<p><span style=\"font-weight: 400;\">#maltratoanimal #derechodelosanimales #mascotas #protecci\u00f3nanimal<\/span><\/p>\n\t\t\t\t\t\t\t\t\t\t\t\n\t\t\t\n\t\t\t\t\t\t<\/div>\n\t\t\t\n\t\t\t\n\t\t\t\n\t\t<\/div><!-- close .progression-blog-content -->\n\t\n\t\t\t\n\t<div class=\"clearfix-pro\"><\/div>\n\t<\/div><!-- close .progression-studios-default-blog-index -->\n<\/div><!-- #post-## -->\t\t\t\t\t\t\t\t\t\t\t\t\t<\/div><!-- close .progression-studios-isotope-animation -->\n\t\t\t\t\t<\/div><!-- close .progression-masonry-padding-blog -->\n\t\t\t\t<\/div><!-- close .progression-masonry-item -->\n\t\t\t\t\t\t\t\t<div class=\"progression-masonry-item \">\n\t\t\t\t\t<div class=\"progression-masonry-padding-blog  progression_elements_post_list_excerpt\">\n\t\t\t\t\t\t<div class=\"progression-studios-isotope-animation\">\n\t\t\t\t\t\t\t\n\t\t\t\t\t\t\t\t\t\t\t\t\t\t\t\n\n\n\n<div id=\"post-15628\" class=\"post-15628 post type-post status-publish format-video has-post-thumbnail hentry category-codigo-claro category-programa category-temporada1 tag-codigo-claro post_format-post-format-video slider-tags-codigo-claro\">\t\n\t<div class=\"progression-studios-default-blog-index progression-studios-blog-image-scale\">\n\n\t\t\t\t\t<div class=\"progression-studios-feaured-image\">\n\t\t\t\t\t\n\t\t\t\t\n\t\t\t\t\t\t\n\t\t\t\t\t\t\t\t\t\t\t\n\t\t\t\t\t\t\t\t\t\t\t\t\t\t\n\t\t\t\t\t\t\t\t<a href=\"https:\/\/tv.utalca.cl\/?p=15628\">\n\t\t\t\t\t\t\t\t\t\t\t\t\t\t\t\t\n\t\t\t\t\t\t\t\t\t\t\t\t\n\t\t\t\t\t\t\t\t\n\t\t\t\t\n\t\t\n\t\t\t\t\t<img loading=\"lazy\" decoding=\"async\" width=\"800\" height=\"450\" src=\"https:\/\/tv.utalca.cl\/wp-content\/uploads\/2024\/08\/Codigo_Claro_cap1-800x450.jpg\" class=\"attachment-progression-studios-blog-index size-progression-studios-blog-index wp-post-image\" alt=\"\" \/>\t\t\t\t\t\n\t\t\t\t\t\t\t\t\t\t\t\t\t\t\t\t<div class=\"blog-play-icon\"><i class=\"fa fa-play\" aria-hidden=\"true\"><\/i><\/div>\n\t\t\t\t\t\t\t\t\t\t\t\t\t\t\t\n\t\t\t\t\t<div class=\"blog-floating-comments-viewcount\">\n\t\t\t\t\t\t\t\t\t\t\t\t<div class=\"blog-meta-views\"><i class=\"fa fa-eye\" aria-hidden=\"true\"><\/i><div class=\"post-views content-post post-15628 entry-meta load-static\">\r\n\t\t\t\t<span class=\"post-views-icon dashicons dashicons-chart-bar\"><\/span> <span class=\"post-views-label\">Post Views:<\/span> <span class=\"post-views-count\">1,352<\/span>\r\n\t\t\t<\/div><\/div>\t\t\t\t\t<\/div><!-- close .blog-floating-comments-viewcount -->\n\t\t\t\t\t\n\t\t\t\t<\/a>\n\t\t\t<\/div><!-- close .progression-studios-feaured-image -->\n\t\t<!-- close video -->\n\t\t\n\t\t<div class=\"progression-blog-content\">\n\t\t\t\t\t\t\t<div class=\"blog-meta-category-list\"><a href=\"https:\/\/tv.utalca.cl\/?cat=2301\" rel=\"category\">Codigo Claro<\/a> <a href=\"https:\/\/tv.utalca.cl\/?cat=112\" rel=\"category\">Programa<\/a> <a href=\"https:\/\/tv.utalca.cl\/?cat=2265\" rel=\"category\">Temp. 1<\/a><\/div>\t\t\t\t\t\t\n\t\t\t<h2 class=\"progression-blog-title\">\n\t\t\t\t\n\t\t\n\t\t\t\t<a href=\"https:\/\/tv.utalca.cl\/?p=15628\">\n\t\t\t\t\t\t\n\t\t\t\t\n\t\t\nC\u00f3digo Claro \u00bfEs Chile un para\u00edso para los delincuentes?<\/a><\/h2>\n\n\t\t\t\t\t\t\t<div class=\"progression-post-meta\">\n\t\t\t\t\t\t\t\t\t\t\n\t\t\t\t\t\t\t\n\t\t\t\t<\/div>\n\t\t\t\t\t\t\n\t\t\t<div class=\"progression-studios-blog-excerpt\">\n\t\t\t\t\t\t\t\t\t\t\t\t\t<p>Jos\u00e9 Luis Craig Meneses, Defensor Regional del Maule, es el invitado a este cap\u00edtulo para abordar un tema de gran preocupaci\u00f3n nacional.<\/p>\n\t\t\t\t\t\t\t\t\t\t\t\n\t\t\t\n\t\t\t\t\t\t<\/div>\n\t\t\t\n\t\t\t\n\t\t\t\n\t\t<\/div><!-- close .progression-blog-content -->\n\t\n\t\t\t\n\t<div class=\"clearfix-pro\"><\/div>\n\t<\/div><!-- close .progression-studios-default-blog-index -->\n<\/div><!-- #post-## -->\t\t\t\t\t\t\t\t\t\t\t\t\t<\/div><!-- close .progression-studios-isotope-animation -->\n\t\t\t\t\t<\/div><!-- close .progression-masonry-padding-blog -->\n\t\t\t\t<\/div><!-- close .progression-masonry-item -->\n\t\t\t\t\t\t\t\t<div class=\"progression-masonry-item \">\n\t\t\t\t\t<div class=\"progression-masonry-padding-blog  progression_elements_post_list_excerpt\">\n\t\t\t\t\t\t<div class=\"progression-studios-isotope-animation\">\n\t\t\t\t\t\t\t\n\t\t\t\t\t\t\t\t\t\t\t\t\t\t\t\n\n\n\n<div id=\"post-15676\" class=\"post-15676 post type-post status-publish format-video has-post-thumbnail hentry category-codigo-claro category-programa category-temporada1 tag-codigo-claro post_format-post-format-video slider-tags-codigo-claro\">\t\n\t<div class=\"progression-studios-default-blog-index progression-studios-blog-image-scale\">\n\n\t\t\t\t\t<div class=\"progression-studios-feaured-image\">\n\t\t\t\t\t\n\t\t\t\t\n\t\t\t\t\t\t\n\t\t\t\t\t\t\t\t\t\t\t\n\t\t\t\t\t\t\t\t\t\t\t\t\t\t\n\t\t\t\t\t\t\t\t<a href=\"https:\/\/tv.utalca.cl\/?p=15676\">\n\t\t\t\t\t\t\t\t\t\t\t\t\t\t\t\t\n\t\t\t\t\t\t\t\t\t\t\t\t\n\t\t\t\t\t\t\t\t\n\t\t\t\t\n\t\t\n\t\t\t\t\t<img loading=\"lazy\" decoding=\"async\" width=\"800\" height=\"450\" src=\"https:\/\/tv.utalca.cl\/wp-content\/uploads\/2024\/09\/Codigo-Claro-Cap2-800x450.jpg\" class=\"attachment-progression-studios-blog-index size-progression-studios-blog-index wp-post-image\" alt=\"\" srcset=\"https:\/\/tv.utalca.cl\/wp-content\/uploads\/2024\/09\/Codigo-Claro-Cap2-800x450.jpg 800w, https:\/\/tv.utalca.cl\/wp-content\/uploads\/2024\/09\/Codigo-Claro-Cap2-300x169.jpg 300w, https:\/\/tv.utalca.cl\/wp-content\/uploads\/2024\/09\/Codigo-Claro-Cap2-1024x576.jpg 1024w, https:\/\/tv.utalca.cl\/wp-content\/uploads\/2024\/09\/Codigo-Claro-Cap2-768x432.jpg 768w, https:\/\/tv.utalca.cl\/wp-content\/uploads\/2024\/09\/Codigo-Claro-Cap2.jpg 1280w\" sizes=\"auto, (max-width: 800px) 100vw, 800px\" \/>\t\t\t\t\t\n\t\t\t\t\t\t\t\t\t\t\t\t\t\t\t\t<div class=\"blog-play-icon\"><i class=\"fa fa-play\" aria-hidden=\"true\"><\/i><\/div>\n\t\t\t\t\t\t\t\t\t\t\t\t\t\t\t\n\t\t\t\t\t<div class=\"blog-floating-comments-viewcount\">\n\t\t\t\t\t\t\t\t\t\t\t\t<div class=\"blog-meta-views\"><i class=\"fa fa-eye\" aria-hidden=\"true\"><\/i><div class=\"post-views content-post post-15676 entry-meta load-static\">\r\n\t\t\t\t<span class=\"post-views-icon dashicons dashicons-chart-bar\"><\/span> <span class=\"post-views-label\">Post Views:<\/span> <span class=\"post-views-count\">1,183<\/span>\r\n\t\t\t<\/div><\/div>\t\t\t\t\t<\/div><!-- close .blog-floating-comments-viewcount -->\n\t\t\t\t\t\n\t\t\t\t<\/a>\n\t\t\t<\/div><!-- close .progression-studios-feaured-image -->\n\t\t<!-- close video -->\n\t\t\n\t\t<div class=\"progression-blog-content\">\n\t\t\t\t\t\t\t<div class=\"blog-meta-category-list\"><a href=\"https:\/\/tv.utalca.cl\/?cat=2301\" rel=\"category\">Codigo Claro<\/a> <a href=\"https:\/\/tv.utalca.cl\/?cat=112\" rel=\"category\">Programa<\/a> <a href=\"https:\/\/tv.utalca.cl\/?cat=2265\" rel=\"category\">Temp. 1<\/a><\/div>\t\t\t\t\t\t\n\t\t\t<h2 class=\"progression-blog-title\">\n\t\t\t\t\n\t\t\n\t\t\t\t<a href=\"https:\/\/tv.utalca.cl\/?p=15676\">\n\t\t\t\t\t\t\n\t\t\t\t\n\t\t\nC\u00f3digo Claro \u00bfCrisis de seguridad?<\/a><\/h2>\n\n\t\t\t\t\t\t\t<div class=\"progression-post-meta\">\n\t\t\t\t\t\t\t\t\t\t\n\t\t\t\t\t\t\t\n\t\t\t\t<\/div>\n\t\t\t\t\t\t\n\t\t\t<div class=\"progression-studios-blog-excerpt\">\n\t\t\t\t\t\t\t\t\t\t\t\t\t<p><strong>C\u00f3digo Claro\u00a0 &#8211; \u00bfCrisis de seguridad?<\/strong><\/p>\n<p>Este episodio de <strong>&#8220;C\u00f3digo Claro&#8221;<\/strong> aborda la creciente preocupaci\u00f3n por la seguridad en Chile, destacada como la principal inquietud de los ciudadanos seg\u00fan encuestas recientes. Con la participaci\u00f3n del <strong>Fiscal Regional del Maule, Julio Contardo<\/strong>, el programa explora si el pa\u00eds enfrenta una crisis de seguridad y qui\u00e9nes son los responsables.<\/p>\n<p>Se analiza el impacto del crimen organizado, las responsabilidades del Ministerio P\u00fablico y las polic\u00edas, y la percepci\u00f3n p\u00fablica sobre la efectividad del sistema judicial. Tambi\u00e9n se discute la necesidad de reformas legislativas y de pol\u00edticas a largo plazo para enfrentar la criminalidad de manera m\u00e1s efectiva.<\/p>\n\t\t\t\t\t\t\t\t\t\t\t\n\t\t\t\n\t\t\t\t\t\t<\/div>\n\t\t\t\n\t\t\t\n\t\t\t\n\t\t<\/div><!-- close .progression-blog-content -->\n\t\n\t\t\t\n\t<div class=\"clearfix-pro\"><\/div>\n\t<\/div><!-- close .progression-studios-default-blog-index -->\n<\/div><!-- #post-## -->\t\t\t\t\t\t\t\t\t\t\t\t\t<\/div><!-- close .progression-studios-isotope-animation -->\n\t\t\t\t\t<\/div><!-- close .progression-masonry-padding-blog -->\n\t\t\t\t<\/div><!-- close .progression-masonry-item -->\n\t\t\t\t\t\t\t\t<div class=\"progression-masonry-item \">\n\t\t\t\t\t<div class=\"progression-masonry-padding-blog  progression_elements_post_list_excerpt\">\n\t\t\t\t\t\t<div class=\"progression-studios-isotope-animation\">\n\t\t\t\t\t\t\t\n\t\t\t\t\t\t\t\t\t\t\t\t\t\t\t\n\n\n\n<div id=\"post-15737\" class=\"post-15737 post type-post status-publish format-video has-post-thumbnail hentry category-codigo-claro category-programa category-temporada1 tag-codigo-claro post_format-post-format-video slider-tags-codigo-claro\">\t\n\t<div class=\"progression-studios-default-blog-index progression-studios-blog-image-scale\">\n\n\t\t\t\t\t<div class=\"progression-studios-feaured-image\">\n\t\t\t\t\t\n\t\t\t\t\n\t\t\t\t\t\t\n\t\t\t\t\t\t\t\t\t\t\t\n\t\t\t\t\t\t\t\t\t\t\t\t\t\t\n\t\t\t\t\t\t\t\t<a href=\"https:\/\/tv.utalca.cl\/?p=15737\">\n\t\t\t\t\t\t\t\t\t\t\t\t\t\t\t\t\n\t\t\t\t\t\t\t\t\t\t\t\t\n\t\t\t\t\t\t\t\t\n\t\t\t\t\n\t\t\n\t\t\t\t\t<img loading=\"lazy\" decoding=\"async\" width=\"800\" height=\"450\" src=\"https:\/\/tv.utalca.cl\/wp-content\/uploads\/2024\/09\/Codig-Claro-Derechos-laborales-800x450.png\" class=\"attachment-progression-studios-blog-index size-progression-studios-blog-index wp-post-image\" alt=\"\" \/>\t\t\t\t\t\n\t\t\t\t\t\t\t\t\t\t\t\t\t\t\t\t<div class=\"blog-play-icon\"><i class=\"fa fa-play\" aria-hidden=\"true\"><\/i><\/div>\n\t\t\t\t\t\t\t\t\t\t\t\t\t\t\t\n\t\t\t\t\t<div class=\"blog-floating-comments-viewcount\">\n\t\t\t\t\t\t\t\t\t\t\t\t<div class=\"blog-meta-views\"><i class=\"fa fa-eye\" aria-hidden=\"true\"><\/i><div class=\"post-views content-post post-15737 entry-meta load-static\">\r\n\t\t\t\t<span class=\"post-views-icon dashicons dashicons-chart-bar\"><\/span> <span class=\"post-views-label\">Post Views:<\/span> <span class=\"post-views-count\">1,944<\/span>\r\n\t\t\t<\/div><\/div>\t\t\t\t\t<\/div><!-- close .blog-floating-comments-viewcount -->\n\t\t\t\t\t\n\t\t\t\t<\/a>\n\t\t\t<\/div><!-- close .progression-studios-feaured-image -->\n\t\t<!-- close video -->\n\t\t\n\t\t<div class=\"progression-blog-content\">\n\t\t\t\t\t\t\t<div class=\"blog-meta-category-list\"><a href=\"https:\/\/tv.utalca.cl\/?cat=2301\" rel=\"category\">Codigo Claro<\/a> <a href=\"https:\/\/tv.utalca.cl\/?cat=112\" rel=\"category\">Programa<\/a> <a href=\"https:\/\/tv.utalca.cl\/?cat=2265\" rel=\"category\">Temp. 1<\/a><\/div>\t\t\t\t\t\t\n\t\t\t<h2 class=\"progression-blog-title\">\n\t\t\t\t\n\t\t\n\t\t\t\t<a href=\"https:\/\/tv.utalca.cl\/?p=15737\">\n\t\t\t\t\t\t\n\t\t\t\t\n\t\t\nC\u00f3digo Claro Sobreviviendo a un despido<\/a><\/h2>\n\n\t\t\t\t\t\t\t<div class=\"progression-post-meta\">\n\t\t\t\t\t\t\t\t\t\t\n\t\t\t\t\t\t\t\n\t\t\t\t<\/div>\n\t\t\t\t\t\t\n\t\t\t<div class=\"progression-studios-blog-excerpt\">\n\t\t\t\t\t\t\t\t\t\t\t\t\t<p><strong>C\u00f3digo Claro\u00a0 &#8211; Sobreviviendo a un despido<\/strong><\/p>\n<p>El despido de un trabajador genera consecuencias humanas y econ\u00f3micas significativas. En este episodio, se discuten los pasos a seguir tras un despido, la importancia de la carta de despido y los derechos del trabajador, as\u00ed como la necesidad de contar con jueces especializados para mejorar la justicia laboral.<\/p>\n\t\t\t\t\t\t\t\t\t\t\t\n\t\t\t\n\t\t\t\t\t\t<\/div>\n\t\t\t\n\t\t\t\n\t\t\t\n\t\t<\/div><!-- close .progression-blog-content -->\n\t\n\t\t\t\n\t<div class=\"clearfix-pro\"><\/div>\n\t<\/div><!-- close .progression-studios-default-blog-index -->\n<\/div><!-- #post-## -->\t\t\t\t\t\t\t\t\t\t\t\t\t<\/div><!-- close .progression-studios-isotope-animation -->\n\t\t\t\t\t<\/div><!-- close .progression-masonry-padding-blog -->\n\t\t\t\t<\/div><!-- close .progression-masonry-item -->\n\t\t\t\t\t\t\t\t\n\t\t\t\t\n\t\t\t<\/div><!-- close #progression-blog-index-masonry-3d0484e  -->\n\t\t<\/div><!-- close .progression-masonry-margins -->\n\t\t\t\t\n\t\t\n\t\t\n\t\t<div class=\"clearfix-pro\"><\/div>\n\t\t\n\t\n\t\t\n\t\t\t\t\t\n\t\t\t\t\t\t\t<div id=\"progression-load-more-manual\">\n\t\t\t\t<div id=\"infinite-nav-pro-3d0484e\" class=\"infinite-nav-pro\"><div class=\"nav-previous\"><a href=\"https:\/\/tv.utalca.cl\/index.php?rest_route=%2Fwp%2Fv2%2Fpages%2F15631&#038;paged=2\" >VER M\u00c1S<span><i class=\"fa fa-arrow-circle-down\"><\/i><\/span><\/a><\/div><\/div>\n\t\t\t\t<\/div>\n\t\t\t\t\t\t\n\t\t\t\n\t\t\n\t\t\n\t<\/div><!-- close .progression-studios-post-list-main -->\n\t\n\t<script type=\"text\/javascript\"> \n\tjQuery(document).ready(function($) {\n\t\t'use strict';\n\t\t\/* Default Isotope Load Code *\/\n\t\tvar $container3d0484e = $(\"#progression-blog-index-masonry-3d0484e\").isotope();\n\t\t$container3d0484e.imagesLoaded( function() {\n\t\t\t$(\".progression-masonry-item\").addClass(\"opacity-progression\");\n\t\t\t$container3d0484e.isotope({\n\t\t\t\titemSelector: \"#progression-blog-index-masonry-3d0484e .progression-masonry-item\",\t\t\t\t\n\t\t\t\tpercentPosition: true,\n\t\t\t\tlayoutMode: \"masonry\" \n\t \t\t});\n\t\t});\n\t\t\/* END Default Isotope Code *\/\n\t\t\n\t\t\t\t\n\t\t\n\t\t\t\t\n\t\t\/* Begin Infinite Scroll *\/\n\t\t$container3d0484e.infinitescroll({\n\t\terrorCallback: function(){  $(\"#infinite-nav-pro-3d0484e\").delay(500).fadeOut(500, function(){ $(this).remove(); }); },\n\t\t  navSelector  : \"#infinite-nav-pro-3d0484e\",  \n\t\t  nextSelector : \"#infinite-nav-pro-3d0484e .nav-previous a\", \n\t\t  itemSelector : \"#progression-blog-index-masonry-3d0484e .progression-masonry-item\", \n\t   \t\tloading: {\n\t   \t\t \timg: \"https:\/\/tv.utalca.cl\/wp-content\/themes\/viseo-progression\/images\/loader.gif\",\n\t   \t\t\t msgText: \"\",\n\t   \t\t \tfinishedMsg: \"<div id='no-more-posts'>No more posts<\/div>\",\n\t   \t\t \tspeed: 0, }\n\t\t  },\n\t\t  \/\/ trigger Isotope as a callback\n\t\t  function( newElements ) {\n\t\t\t  \n\t\t\t  !function(a, b) {\n\t\t\t      function c() {\n\t\t\t          function a() {\n\t\t\t              \"undefined\" != typeof _wpmejsSettings && (c = b.extend(!0, {}, _wpmejsSettings)), c.success = c.success || function(a) {\n\t\t\t                  var b,\n\t\t\t                      c;\n\t\t\t                  \"flash\" === a.pluginType && (b = a.attributes.autoplay && \"false\" !== a.attributes.autoplay, c = a.attributes.loop && \"false\" !== a.attributes.loop, b && a.addEventListener(\"canplay\", function() {\n\t\t\t                      a.play()\n\t\t\t                  }, !1), c && a.addEventListener(\"ended\", function() {\n\t\t\t                      a.play()\n\t\t\t                  }, !1))\n\t\t\t              }, b(\".wp-audio-shortcode, .wp-video-shortcode\").not(\".mejs-container\").filter(function() {\n\t\t\t                  return !b(this).parent().hasClass(\".mejs-mediaelement\")\n\t\t\t              }).mediaelementplayer(c)\n\t\t\t          }\n\t\t\t          var c = {};\n\t\t\t          return {\n\t\t\t              initialize: a\n\t\t\t          }\n\t\t\t      }\n\t\t\t      a.wp = a.wp || {}, mejs.plugins.silverlight[0].types.push(\"video\/x-ms-wmv\"), mejs.plugins.silverlight[0].types.push(\"audio\/x-ms-wma\"), a.wp.mediaelement = new c, b(a.wp.mediaelement.initialize)\n\t\t\t  }(window, jQuery);\n\n\n\t\t     $(\".progression-studios-gallery\").flexslider({\n\t\t \t\tanimation: \"fade\",      \n\t\t \t\tslideDirection: \"horizontal\", \n\t\t \t\tslideshow: false,   \n\t\t \t\tsmoothHeight: false,\n\t\t \t\tslideshowSpeed: 7000,  \n\t\t \t\tanimationSpeed: 1000,        \n\t\t \t\tdirectionNav: true,             \n\t\t \t\tcontrolNav: true,\n\t\t \t\tprevText: \"\",   \n\t\t \t\tnextText: \"\",\n\t\t     });\n\t\t\t  \n\t\t    \t$(\".progression-studios-default-blog-overlay a[data-rel^=\\'prettyPhoto\\'], .progression-studios-feaured-image a[data-rel^=\\'prettyPhoto\\']\").prettyPhoto({\n\t\t  \t\t\ttheme: \"pp_default\",\n\t\t    \t\t\thook: \"data-rel\",\n\t\t  \t\t\topacity: 0.7,\n\t\t    \t\t\tshow_title: false, \n\t\t    \t\t\tdeeplinking: false,\n\t\t    \t\t\toverlay_gallery: false,\n\t\t    \t\t\tcustom_markup: \"\",\n\t\t  \t\t\tdefault_width: 1100,\n\t\t  \t\t\tdefault_height: 619,\n\t\t    \t\tsocial_tools:\"\"\n\t\t    \t});\n\t\t\t\t\n\t\t\t\t$(\".progression-studios-default-blog-overlay, .progression-studios-default-blog-index\").fitVids();\n\n\t\t    var $newElems = $( newElements );\n \t\n\t\t\t\t$newElems.imagesLoaded(function(){\n\t\t\t\t\t\n\t\t\t\t$container3d0484e.isotope( \"appended\", $newElems );\n\t\t\t\t$(\".progression-masonry-item\").addClass(\"opacity-progression\");\n\t\t\t\t\n\t\t\t});\n\n\t\t  }\n\t\t);\n\t    \/* END Infinite Scroll *\/\n\t\t\t\t\n\t\t\n\t\t\t\t\/* PAUSE FOR LOAD MORE *\/\n\t\t$(window).unbind(\".infscr\");\n\t\t\/\/ Resume Infinite Scroll\n\t\t$(\"#infinite-nav-pro-3d0484e .nav-previous a\").click(function(){\n\t\t\t$container3d0484e.infinitescroll(\"retrieve\");\n\t\t\treturn false;\n\t\t});\n\t\t\/* End Infinite Scroll *\/\n\t\t\t\t\n\t});\n\t<\/script>\n\t\n\n\n\t\t\n\n\t\t\t<\/div>\n\t\t\t\t<\/div>\n\t\t\t\t\t\t<\/div>\n\t\t\t\t\t<\/div>\n\t\t<\/div>\n\t\t\t\t\t\t\t\t<\/div>\n\t\t\t\t\t<\/div>\n\t\t<\/section>\n\t\t\t\t\t\t<\/div>\n\t\t\t\t\t\t<\/div>\n\t\t\t\t\t<\/div>\n\t\t","protected":false},"excerpt":{"rendered":"<p>C\u00f3digo Claro &#8220;C\u00f3digo Claro&#8221; es un programa de televisi\u00f3n educativo que busca democratizar el acceso a la justicia y el entendimiento del lenguaje jur\u00eddico. A trav\u00e9s de un enfoque claro y sencillo, el programa se propone orientar a la ciudadan\u00eda sobre sus derechos y deberes en situaciones legales comunes, como demandas, divorcios y herencias. Post [&hellip;]<\/p>\n","protected":false},"author":1,"featured_media":15632,"parent":0,"menu_order":0,"comment_status":"closed","ping_status":"closed","template":"elementor_header_footer","meta":{"om_disable_all_campaigns":false,"_monsterinsights_skip_tracking":false,"_monsterinsights_sitenote_active":false,"_monsterinsights_sitenote_note":"","_monsterinsights_sitenote_category":0,"footnotes":""},"class_list":["post-15631","page","type-page","status-publish","has-post-thumbnail","hentry"],"aioseo_notices":[],"_links":{"self":[{"href":"https:\/\/tv.utalca.cl\/index.php?rest_route=\/wp\/v2\/pages\/15631","targetHints":{"allow":["GET"]}}],"collection":[{"href":"https:\/\/tv.utalca.cl\/index.php?rest_route=\/wp\/v2\/pages"}],"about":[{"href":"https:\/\/tv.utalca.cl\/index.php?rest_route=\/wp\/v2\/types\/page"}],"author":[{"embeddable":true,"href":"https:\/\/tv.utalca.cl\/index.php?rest_route=\/wp\/v2\/users\/1"}],"replies":[{"embeddable":true,"href":"https:\/\/tv.utalca.cl\/index.php?rest_route=%2Fwp%2Fv2%2Fcomments&post=15631"}],"version-history":[{"count":30,"href":"https:\/\/tv.utalca.cl\/index.php?rest_route=\/wp\/v2\/pages\/15631\/revisions"}],"predecessor-version":[{"id":19554,"href":"https:\/\/tv.utalca.cl\/index.php?rest_route=\/wp\/v2\/pages\/15631\/revisions\/19554"}],"wp:featuredmedia":[{"embeddable":true,"href":"https:\/\/tv.utalca.cl\/index.php?rest_route=\/wp\/v2\/media\/15632"}],"wp:attachment":[{"href":"https:\/\/tv.utalca.cl\/index.php?rest_route=%2Fwp%2Fv2%2Fmedia&parent=15631"}],"curies":[{"name":"wp","href":"https:\/\/api.w.org\/{rel}","templated":true}]}}