{"id":5954,"date":"2020-05-20T17:19:43","date_gmt":"2020-05-20T17:19:43","guid":{"rendered":"https:\/\/tv.utalca.cl\/?page_id=5954"},"modified":"2020-05-20T17:33:34","modified_gmt":"2020-05-20T17:33:34","slug":"dialogos-politicos","status":"publish","type":"page","link":"https:\/\/tv.utalca.cl\/?page_id=5954","title":{"rendered":"Di\u00e1logos Pol\u00edticos"},"content":{"rendered":"\t\t<div data-elementor-type=\"wp-post\" data-elementor-id=\"5954\" class=\"elementor elementor-5954 elementor-bc-flex-widget\" data-elementor-settings=\"[]\">\n\t\t\t\t\t\t<div class=\"elementor-inner\">\n\t\t\t\t\t\t\t<div class=\"elementor-section-wrap\">\n\t\t\t\t\t\t\t<section class=\"elementor-section elementor-top-section elementor-element elementor-element-b1afc2b elementor-section-stretched elementor-section-full_width elementor-section-height-default elementor-section-height-default\" data-id=\"b1afc2b\" data-element_type=\"section\" data-settings=\"{&quot;stretch_section&quot;:&quot;section-stretched&quot;}\">\n\t\t\t\t\t\t<div class=\"elementor-container elementor-column-gap-no\">\n\t\t\t\t\t\t\t<div class=\"elementor-row\">\n\t\t\t\t\t<div class=\"elementor-column elementor-col-100 elementor-top-column elementor-element elementor-element-6d2466e\" data-id=\"6d2466e\" data-element_type=\"column\">\n\t\t\t<div class=\"elementor-column-wrap elementor-element-populated\">\n\t\t\t\t\t\t\t<div class=\"elementor-widget-wrap\">\n\t\t\t\t\t\t<div class=\"elementor-element elementor-element-43925f3 elementor-widget elementor-widget-image\" data-id=\"43925f3\" data-element_type=\"widget\" data-widget_type=\"image.default\">\n\t\t\t\t<div class=\"elementor-widget-container\">\n\t\t\t\t\t\t\t\t<div class=\"elementor-image\">\n\t\t\t\t\t\t\t\t\t\t\t\t<img loading=\"lazy\" decoding=\"async\" width=\"1978\" height=\"752\" src=\"https:\/\/tv.utalca.cl\/wp-content\/uploads\/2020\/05\/Captura-de-pantalla-2020-05-20-a-las-13.20.22.png\" class=\"attachment-full size-full\" alt=\"\" srcset=\"https:\/\/tv.utalca.cl\/wp-content\/uploads\/2020\/05\/Captura-de-pantalla-2020-05-20-a-las-13.20.22.png 1978w, https:\/\/tv.utalca.cl\/wp-content\/uploads\/2020\/05\/Captura-de-pantalla-2020-05-20-a-las-13.20.22-300x114.png 300w, https:\/\/tv.utalca.cl\/wp-content\/uploads\/2020\/05\/Captura-de-pantalla-2020-05-20-a-las-13.20.22-768x292.png 768w, https:\/\/tv.utalca.cl\/wp-content\/uploads\/2020\/05\/Captura-de-pantalla-2020-05-20-a-las-13.20.22-1024x389.png 1024w, https:\/\/tv.utalca.cl\/wp-content\/uploads\/2020\/05\/Captura-de-pantalla-2020-05-20-a-las-13.20.22-600x228.png 600w\" sizes=\"auto, (max-width: 1978px) 100vw, 1978px\" \/>\t\t\t\t\t\t\t\t\t\t\t\t\t\t<\/div>\n\t\t\t\t\t\t<\/div>\n\t\t\t\t<\/div>\n\t\t\t\t\t\t<\/div>\n\t\t\t\t\t<\/div>\n\t\t<\/div>\n\t\t\t\t\t\t\t\t<\/div>\n\t\t\t\t\t<\/div>\n\t\t<\/section>\n\t\t\t\t<section class=\"elementor-section elementor-top-section elementor-element elementor-element-e8361ae elementor-section-boxed elementor-section-height-default elementor-section-height-default\" data-id=\"e8361ae\" data-element_type=\"section\">\n\t\t\t\t\t\t<div class=\"elementor-container elementor-column-gap-default\">\n\t\t\t\t\t\t\t<div class=\"elementor-row\">\n\t\t\t\t\t<div class=\"elementor-column elementor-col-100 elementor-top-column elementor-element elementor-element-7ee538f\" data-id=\"7ee538f\" data-element_type=\"column\">\n\t\t\t<div class=\"elementor-column-wrap elementor-element-populated\">\n\t\t\t\t\t\t\t<div class=\"elementor-widget-wrap\">\n\t\t\t\t\t\t<div class=\"elementor-element elementor-element-3af0df5 elementor-widget elementor-widget-spacer\" data-id=\"3af0df5\" data-element_type=\"widget\" data-widget_type=\"spacer.default\">\n\t\t\t\t<div class=\"elementor-widget-container\">\n\t\t\t\t\t<div class=\"elementor-spacer\">\n\t\t\t<div class=\"elementor-spacer-inner\"><\/div>\n\t\t<\/div>\n\t\t\t\t<\/div>\n\t\t\t\t<\/div>\n\t\t\t\t\t\t<\/div>\n\t\t\t\t\t<\/div>\n\t\t<\/div>\n\t\t\t\t\t\t\t\t<\/div>\n\t\t\t\t\t<\/div>\n\t\t<\/section>\n\t\t\t\t<section class=\"elementor-section elementor-top-section elementor-element elementor-element-26005b2 elementor-section-boxed elementor-section-height-default elementor-section-height-default\" data-id=\"26005b2\" data-element_type=\"section\">\n\t\t\t\t\t\t<div class=\"elementor-container elementor-column-gap-default\">\n\t\t\t\t\t\t\t<div class=\"elementor-row\">\n\t\t\t\t\t<div class=\"elementor-column elementor-col-100 elementor-top-column elementor-element elementor-element-c60b31a\" data-id=\"c60b31a\" data-element_type=\"column\">\n\t\t\t<div class=\"elementor-column-wrap elementor-element-populated\">\n\t\t\t\t\t\t\t<div class=\"elementor-widget-wrap\">\n\t\t\t\t\t\t<div class=\"elementor-element elementor-element-d7d4786 elementor-widget elementor-widget-text-editor\" data-id=\"d7d4786\" data-element_type=\"widget\" data-widget_type=\"text-editor.default\">\n\t\t\t\t<div class=\"elementor-widget-container\">\n\t\t\t\t\t\t\t\t<div class=\"elementor-text-editor elementor-clearfix\">\n\t\t\t\t<p>Programa de conversaci\u00f3n y an\u00e1lisis pol\u00edtico sobre la situaci\u00f3n de la pandemia en distintos pa\u00edses. Conduce Paulo Hidalgo, doctor en Sociolog\u00eda y acad\u00e9mico de la Facultad de Ciencias Jur\u00eddicas y Sociales.<\/p>\t\t\t\t\t<\/div>\n\t\t\t\t\t\t<\/div>\n\t\t\t\t<\/div>\n\t\t\t\t\t\t<\/div>\n\t\t\t\t\t<\/div>\n\t\t<\/div>\n\t\t\t\t\t\t\t\t<\/div>\n\t\t\t\t\t<\/div>\n\t\t<\/section>\n\t\t\t\t<section class=\"elementor-section elementor-top-section elementor-element elementor-element-a9e75ef elementor-section-boxed elementor-section-height-default elementor-section-height-default\" data-id=\"a9e75ef\" data-element_type=\"section\">\n\t\t\t\t\t\t<div class=\"elementor-container elementor-column-gap-default\">\n\t\t\t\t\t\t\t<div class=\"elementor-row\">\n\t\t\t\t\t<div class=\"elementor-column elementor-col-100 elementor-top-column elementor-element elementor-element-b62c7b4\" data-id=\"b62c7b4\" data-element_type=\"column\">\n\t\t\t<div class=\"elementor-column-wrap elementor-element-populated\">\n\t\t\t\t\t\t\t<div class=\"elementor-widget-wrap\">\n\t\t\t\t\t\t<div class=\"elementor-element elementor-element-159cfe1 elementor-widget elementor-widget-progression-post-list\" data-id=\"159cfe1\" data-element_type=\"widget\" data-widget_type=\"progression-post-list.default\">\n\t\t\t\t<div class=\"elementor-widget-container\">\n\t\t\t\t\n\n\n\t<div class=\"progression-studios-post-list-main\">\n\n\t\t\t\t\t\t\t\n\t\t\n\t\t<div class=\"progression-masonry-margins\">\n\t\t\t<div id=\"progression-blog-index-masonry-159cfe1\">\n\t\t\t\t\n\t\t\t\t\t\t\t\t<div class=\"progression-masonry-item \">\n\t\t\t\t\t<div class=\"progression-masonry-padding-blog \">\n\t\t\t\t\t\t<div class=\"progression-studios-isotope-animation\">\n\t\t\t\t\t\t\t\n\t\t\t\t\t\t\t\t\t\t\t\t\t\t\t\n\n\n\n<div id=\"post-6306\" class=\"post-6306 post type-post status-publish format-video has-post-thumbnail hentry category-dialogos-politicos category-programa tag-argentina tag-ciencias-politicas tag-coronavirus tag-covid-19 tag-cuarentena tag-dialogos-politicos tag-facultad-de-ciencias-juridicas-y-sociales tag-utalca post_format-post-format-video slider-tags-dialogos-politicos slider-tags-slider\">\t\n\t<div class=\"progression-studios-default-blog-index progression-studios-blog-image-no-effect\">\n\n\t\t\t\t\t<div class=\"progression-studios-feaured-image\">\n\t\t\t\t\t\n\t\t\t\t\n\t\t\t\t\t\t\n\t\t\t\t\t\t\t\t\t\t\t\n\t\t\t\t\t\t\t\t\t\t\t\t\t\t\n\t\t\t\t\t\t\t\t<a href=\"https:\/\/tv.utalca.cl\/?p=6306\">\n\t\t\t\t\t\t\t\t\t\t\t\t\t\t\t\t\n\t\t\t\t\t\t\t\t\t\t\t\t\n\t\t\t\t\t\t\t\t\n\t\t\t\t\n\t\t\n\t\t\t\t\t<img loading=\"lazy\" decoding=\"async\" width=\"800\" height=\"450\" src=\"https:\/\/tv.utalca.cl\/wp-content\/uploads\/2020\/06\/Al-aire-55-800x450.png\" class=\"attachment-progression-studios-blog-index size-progression-studios-blog-index wp-post-image\" alt=\"\" srcset=\"https:\/\/tv.utalca.cl\/wp-content\/uploads\/2020\/06\/Al-aire-55-800x450.png 800w, https:\/\/tv.utalca.cl\/wp-content\/uploads\/2020\/06\/Al-aire-55-300x169.png 300w, https:\/\/tv.utalca.cl\/wp-content\/uploads\/2020\/06\/Al-aire-55-768x433.png 768w, https:\/\/tv.utalca.cl\/wp-content\/uploads\/2020\/06\/Al-aire-55-1024x577.png 1024w, https:\/\/tv.utalca.cl\/wp-content\/uploads\/2020\/06\/Al-aire-55-600x338.png 600w, https:\/\/tv.utalca.cl\/wp-content\/uploads\/2020\/06\/Al-aire-55.png 1760w\" sizes=\"auto, (max-width: 800px) 100vw, 800px\" \/>\t\t\t\t\t\n\t\t\t\t\t\t\t\t\t\t\t\t\t\t\t\t<div class=\"blog-play-icon\"><i class=\"fa fa-play\" aria-hidden=\"true\"><\/i><\/div>\n\t\t\t\t\t\t\t\t\t\t\t\t\t\t\t\n\t\t\t\t\t<div class=\"blog-floating-comments-viewcount\">\n\t\t\t\t\t\t\t\t\t\t\t\t<div class=\"blog-meta-views\"><i class=\"fa fa-eye\" aria-hidden=\"true\"><\/i><div class=\"post-views content-post post-6306 entry-meta load-static\">\r\n\t\t\t\t<span class=\"post-views-icon dashicons dashicons-chart-bar\"><\/span> <span class=\"post-views-label\">Post Views:<\/span> <span class=\"post-views-count\">2,082<\/span>\r\n\t\t\t<\/div><\/div>\t\t\t\t\t<\/div><!-- close .blog-floating-comments-viewcount -->\n\t\t\t\t\t\n\t\t\t\t<\/a>\n\t\t\t<\/div><!-- close .progression-studios-feaured-image -->\n\t\t<!-- close video -->\n\t\t\n\t\t<div class=\"progression-blog-content\">\n\t\t\t\t\t\t\t<div class=\"blog-meta-category-list\"><a href=\"https:\/\/tv.utalca.cl\/?cat=1657\" rel=\"category\">Di\u00e1logos Pol\u00edticos<\/a> <a href=\"https:\/\/tv.utalca.cl\/?cat=112\" rel=\"category\">Programa<\/a><\/div>\t\t\t\t\t\t\n\t\t\t<h2 class=\"progression-blog-title\">\n\t\t\t\t\n\t\t\n\t\t\t\t<a href=\"https:\/\/tv.utalca.cl\/?p=6306\">\n\t\t\t\t\t\t\n\t\t\t\t\n\t\t\nDi\u00e1logos Pol\u00edticos: Impacto de Covid-19 en Argentina<\/a><\/h2>\n\n\t\t\t\t\t\t\t<div class=\"progression-post-meta\">\n\t\t\t\t\t\t\t\t\t\t\n\t\t\t\t\t\t\t\n\t\t\t\t<\/div>\n\t\t\t\t\t\t\n\t\t\t<div class=\"progression-studios-blog-excerpt\">\n\t\t\t\t\t\t\t\t\t\t\t\t\t<p>La doctora en Ciencias Pol\u00edticas, Gabriela Agosto es la invitada en este cap\u00edtulo para analizar la situaci\u00f3n del Coronavirus en su pa\u00eds.<\/p>\n\t\t\t\t\t\t\t\t\t\t\t\n\t\t\t\n\t\t\t\t\t\t<\/div>\n\t\t\t\n\t\t\t\n\t\t\t\n\t\t<\/div><!-- close .progression-blog-content -->\n\t\n\t\t\t\n\t<div class=\"clearfix-pro\"><\/div>\n\t<\/div><!-- close .progression-studios-default-blog-index -->\n<\/div><!-- #post-## -->\t\t\t\t\t\t\t\t\t\t\t\t\t<\/div><!-- close .progression-studios-isotope-animation -->\n\t\t\t\t\t<\/div><!-- close .progression-masonry-padding-blog -->\n\t\t\t\t<\/div><!-- close .progression-masonry-item -->\n\t\t\t\t\t\t\t\t<div class=\"progression-masonry-item \">\n\t\t\t\t\t<div class=\"progression-masonry-padding-blog \">\n\t\t\t\t\t\t<div class=\"progression-studios-isotope-animation\">\n\t\t\t\t\t\t\t\n\t\t\t\t\t\t\t\t\t\t\t\t\t\t\t\n\n\n\n<div id=\"post-6268\" class=\"post-6268 post type-post status-publish format-video has-post-thumbnail hentry category-dialogos-politicos category-programa tag-colombia tag-coronavirus tag-covid-19 tag-dialogos-politicos tag-facultad-de-ciencias-juridicas-y-sociales tag-utalca post_format-post-format-video slider-tags-dialogos-politicos slider-tags-slider\">\t\n\t<div class=\"progression-studios-default-blog-index progression-studios-blog-image-no-effect\">\n\n\t\t\t\t\t<div class=\"progression-studios-feaured-image\">\n\t\t\t\t\t\n\t\t\t\t\n\t\t\t\t\t\t\n\t\t\t\t\t\t\t\t\t\t\t\n\t\t\t\t\t\t\t\t\t\t\t\t\t\t\n\t\t\t\t\t\t\t\t<a href=\"https:\/\/tv.utalca.cl\/?p=6268\">\n\t\t\t\t\t\t\t\t\t\t\t\t\t\t\t\t\n\t\t\t\t\t\t\t\t\t\t\t\t\n\t\t\t\t\t\t\t\t\n\t\t\t\t\n\t\t\n\t\t\t\t\t<img loading=\"lazy\" decoding=\"async\" width=\"800\" height=\"450\" src=\"https:\/\/tv.utalca.cl\/wp-content\/uploads\/2020\/06\/PANTALLAZO-Y-AURA-MARI\u0301A-800x450.jpg\" class=\"attachment-progression-studios-blog-index size-progression-studios-blog-index wp-post-image\" alt=\"\" srcset=\"https:\/\/tv.utalca.cl\/wp-content\/uploads\/2020\/06\/PANTALLAZO-Y-AURA-MARI\u0301A-800x450.jpg 800w, https:\/\/tv.utalca.cl\/wp-content\/uploads\/2020\/06\/PANTALLAZO-Y-AURA-MARI\u0301A-300x169.jpg 300w, https:\/\/tv.utalca.cl\/wp-content\/uploads\/2020\/06\/PANTALLAZO-Y-AURA-MARI\u0301A-768x432.jpg 768w, https:\/\/tv.utalca.cl\/wp-content\/uploads\/2020\/06\/PANTALLAZO-Y-AURA-MARI\u0301A-1024x576.jpg 1024w, https:\/\/tv.utalca.cl\/wp-content\/uploads\/2020\/06\/PANTALLAZO-Y-AURA-MARI\u0301A-600x338.jpg 600w, https:\/\/tv.utalca.cl\/wp-content\/uploads\/2020\/06\/PANTALLAZO-Y-AURA-MARI\u0301A.jpg 1920w\" sizes=\"auto, (max-width: 800px) 100vw, 800px\" \/>\t\t\t\t\t\n\t\t\t\t\t\t\t\t\t\t\t\t\t\t\t\t<div class=\"blog-play-icon\"><i class=\"fa fa-play\" aria-hidden=\"true\"><\/i><\/div>\n\t\t\t\t\t\t\t\t\t\t\t\t\t\t\t\n\t\t\t\t\t<div class=\"blog-floating-comments-viewcount\">\n\t\t\t\t\t\t\t\t\t\t\t\t<div class=\"blog-meta-views\"><i class=\"fa fa-eye\" aria-hidden=\"true\"><\/i><div class=\"post-views content-post post-6268 entry-meta load-static\">\r\n\t\t\t\t<span class=\"post-views-icon dashicons dashicons-chart-bar\"><\/span> <span class=\"post-views-label\">Post Views:<\/span> <span class=\"post-views-count\">2,325<\/span>\r\n\t\t\t<\/div><\/div>\t\t\t\t\t<\/div><!-- close .blog-floating-comments-viewcount -->\n\t\t\t\t\t\n\t\t\t\t<\/a>\n\t\t\t<\/div><!-- close .progression-studios-feaured-image -->\n\t\t<!-- close video -->\n\t\t\n\t\t<div class=\"progression-blog-content\">\n\t\t\t\t\t\t\t<div class=\"blog-meta-category-list\"><a href=\"https:\/\/tv.utalca.cl\/?cat=1657\" rel=\"category\">Di\u00e1logos Pol\u00edticos<\/a> <a href=\"https:\/\/tv.utalca.cl\/?cat=112\" rel=\"category\">Programa<\/a><\/div>\t\t\t\t\t\t\n\t\t\t<h2 class=\"progression-blog-title\">\n\t\t\t\t\n\t\t\n\t\t\t\t<a href=\"https:\/\/tv.utalca.cl\/?p=6268\">\n\t\t\t\t\t\t\n\t\t\t\t\n\t\t\nDi\u00e1logos Pol\u00edticos: Impacto de Covid-19 en Colombia<\/a><\/h2>\n\n\t\t\t\t\t\t\t<div class=\"progression-post-meta\">\n\t\t\t\t\t\t\t\t\t\t\n\t\t\t\t\t\t\t\n\t\t\t\t<\/div>\n\t\t\t\t\t\t\n\t\t\t<div class=\"progression-studios-blog-excerpt\">\n\t\t\t\t\t\t\t\t\t\t\t\t\t<p>La soci\u00f3loga Aura Mar\u00eda Puyana, entrega su visi\u00f3n de lo que ha ocurrido con esta pandemia en ese pa\u00eds.<\/p>\n\t\t\t\t\t\t\t\t\t\t\t\n\t\t\t\n\t\t\t\t\t\t<\/div>\n\t\t\t\n\t\t\t\n\t\t\t\n\t\t<\/div><!-- close .progression-blog-content -->\n\t\n\t\t\t\n\t<div class=\"clearfix-pro\"><\/div>\n\t<\/div><!-- close .progression-studios-default-blog-index -->\n<\/div><!-- #post-## -->\t\t\t\t\t\t\t\t\t\t\t\t\t<\/div><!-- close .progression-studios-isotope-animation -->\n\t\t\t\t\t<\/div><!-- close .progression-masonry-padding-blog -->\n\t\t\t\t<\/div><!-- close .progression-masonry-item -->\n\t\t\t\t\t\t\t\t<div class=\"progression-masonry-item \">\n\t\t\t\t\t<div class=\"progression-masonry-padding-blog \">\n\t\t\t\t\t\t<div class=\"progression-studios-isotope-animation\">\n\t\t\t\t\t\t\t\n\t\t\t\t\t\t\t\t\t\t\t\t\t\t\t\n\n\n\n<div id=\"post-6207\" class=\"post-6207 post type-post status-publish format-video has-post-thumbnail hentry category-dialogos-politicos category-programa tag-coronavirus tag-covid-19 tag-crisis tag-crisis-sanitaria tag-dialogos-politicos tag-pandemia tag-peru tag-utalca post_format-post-format-video slider-tags-dialogos-politicos slider-tags-slider\">\t\n\t<div class=\"progression-studios-default-blog-index progression-studios-blog-image-no-effect\">\n\n\t\t\t\t\t<div class=\"progression-studios-feaured-image\">\n\t\t\t\t\t\n\t\t\t\t\n\t\t\t\t\t\t\n\t\t\t\t\t\t\t\t\t\t\t\n\t\t\t\t\t\t\t\t\t\t\t\t\t\t\n\t\t\t\t\t\t\t\t<a href=\"https:\/\/tv.utalca.cl\/?p=6207\">\n\t\t\t\t\t\t\t\t\t\t\t\t\t\t\t\t\n\t\t\t\t\t\t\t\t\t\t\t\t\n\t\t\t\t\t\t\t\t\n\t\t\t\t\n\t\t\n\t\t\t\t\t<img loading=\"lazy\" decoding=\"async\" width=\"800\" height=\"450\" src=\"https:\/\/tv.utalca.cl\/wp-content\/uploads\/2020\/06\/PANTALLAZO-NICOLA\u0301S-LYNCH-800x450.jpg\" class=\"attachment-progression-studios-blog-index size-progression-studios-blog-index wp-post-image\" alt=\"\" srcset=\"https:\/\/tv.utalca.cl\/wp-content\/uploads\/2020\/06\/PANTALLAZO-NICOLA\u0301S-LYNCH-800x450.jpg 800w, https:\/\/tv.utalca.cl\/wp-content\/uploads\/2020\/06\/PANTALLAZO-NICOLA\u0301S-LYNCH-300x169.jpg 300w, https:\/\/tv.utalca.cl\/wp-content\/uploads\/2020\/06\/PANTALLAZO-NICOLA\u0301S-LYNCH-768x432.jpg 768w, https:\/\/tv.utalca.cl\/wp-content\/uploads\/2020\/06\/PANTALLAZO-NICOLA\u0301S-LYNCH-1024x576.jpg 1024w, https:\/\/tv.utalca.cl\/wp-content\/uploads\/2020\/06\/PANTALLAZO-NICOLA\u0301S-LYNCH-600x338.jpg 600w, https:\/\/tv.utalca.cl\/wp-content\/uploads\/2020\/06\/PANTALLAZO-NICOLA\u0301S-LYNCH.jpg 1920w\" sizes=\"auto, (max-width: 800px) 100vw, 800px\" \/>\t\t\t\t\t\n\t\t\t\t\t\t\t\t\t\t\t\t\t\t\t\t<div class=\"blog-play-icon\"><i class=\"fa fa-play\" aria-hidden=\"true\"><\/i><\/div>\n\t\t\t\t\t\t\t\t\t\t\t\t\t\t\t\n\t\t\t\t\t<div class=\"blog-floating-comments-viewcount\">\n\t\t\t\t\t\t\t\t\t\t\t\t<div class=\"blog-meta-views\"><i class=\"fa fa-eye\" aria-hidden=\"true\"><\/i><div class=\"post-views content-post post-6207 entry-meta load-static\">\r\n\t\t\t\t<span class=\"post-views-icon dashicons dashicons-chart-bar\"><\/span> <span class=\"post-views-label\">Post Views:<\/span> <span class=\"post-views-count\">2,085<\/span>\r\n\t\t\t<\/div><\/div>\t\t\t\t\t<\/div><!-- close .blog-floating-comments-viewcount -->\n\t\t\t\t\t\n\t\t\t\t<\/a>\n\t\t\t<\/div><!-- close .progression-studios-feaured-image -->\n\t\t<!-- close video -->\n\t\t\n\t\t<div class=\"progression-blog-content\">\n\t\t\t\t\t\t\t<div class=\"blog-meta-category-list\"><a href=\"https:\/\/tv.utalca.cl\/?cat=1657\" rel=\"category\">Di\u00e1logos Pol\u00edticos<\/a> <a href=\"https:\/\/tv.utalca.cl\/?cat=112\" rel=\"category\">Programa<\/a><\/div>\t\t\t\t\t\t\n\t\t\t<h2 class=\"progression-blog-title\">\n\t\t\t\t\n\t\t\n\t\t\t\t<a href=\"https:\/\/tv.utalca.cl\/?p=6207\">\n\t\t\t\t\t\t\n\t\t\t\t\n\t\t\nDi\u00e1logos Pol\u00edticos: Per\u00fa y Covid-19<\/a><\/h2>\n\n\t\t\t\t\t\t\t<div class=\"progression-post-meta\">\n\t\t\t\t\t\t\t\t\t\t\n\t\t\t\t\t\t\t\n\t\t\t\t<\/div>\n\t\t\t\t\t\t\n\t\t\t<div class=\"progression-studios-blog-excerpt\">\n\t\t\t\t\t\t\t\t\t\t\t\t\t<p>Paulo Hildago, acad\u00e9mico de la Facultad de Ciencias Jur\u00eddicas y Sociales UTalca conversa con Nicol\u00e1s Lynch, doctor en sociolog\u00eda, sobre la situaci\u00f3n en Per\u00fa debido a la pandemia.<\/p>\n\t\t\t\t\t\t\t\t\t\t\t\n\t\t\t\n\t\t\t\t\t\t<\/div>\n\t\t\t\n\t\t\t\n\t\t\t\n\t\t<\/div><!-- close .progression-blog-content -->\n\t\n\t\t\t\n\t<div class=\"clearfix-pro\"><\/div>\n\t<\/div><!-- close .progression-studios-default-blog-index -->\n<\/div><!-- #post-## -->\t\t\t\t\t\t\t\t\t\t\t\t\t<\/div><!-- close .progression-studios-isotope-animation -->\n\t\t\t\t\t<\/div><!-- close .progression-masonry-padding-blog -->\n\t\t\t\t<\/div><!-- close .progression-masonry-item -->\n\t\t\t\t\t\t\t\t<div class=\"progression-masonry-item \">\n\t\t\t\t\t<div class=\"progression-masonry-padding-blog \">\n\t\t\t\t\t\t<div class=\"progression-studios-isotope-animation\">\n\t\t\t\t\t\t\t\n\t\t\t\t\t\t\t\t\t\t\t\t\t\t\t\n\n\n\n<div id=\"post-6162\" class=\"post-6162 post type-post status-publish format-video has-post-thumbnail hentry category-dialogos-politicos category-programa tag-ciencias-politicas tag-coronavirus tag-covid-19 tag-dialogos-politicos tag-estado tag-facultad-de-ciencias-juridicas-y-sociales tag-mexico tag-utalca post_format-post-format-video slider-tags-dialogos-politicos slider-tags-slider\">\t\n\t<div class=\"progression-studios-default-blog-index progression-studios-blog-image-no-effect\">\n\n\t\t\t\t\t<div class=\"progression-studios-feaured-image\">\n\t\t\t\t\t\n\t\t\t\t\n\t\t\t\t\t\t\n\t\t\t\t\t\t\t\t\t\t\t\n\t\t\t\t\t\t\t\t\t\t\t\t\t\t\n\t\t\t\t\t\t\t\t<a href=\"https:\/\/tv.utalca.cl\/?p=6162\">\n\t\t\t\t\t\t\t\t\t\t\t\t\t\t\t\t\n\t\t\t\t\t\t\t\t\t\t\t\t\n\t\t\t\t\t\t\t\t\n\t\t\t\t\n\t\t\n\t\t\t\t\t<img loading=\"lazy\" decoding=\"async\" width=\"800\" height=\"450\" src=\"https:\/\/tv.utalca.cl\/wp-content\/uploads\/2020\/06\/PANTALLAZO-Y-JORGE-ROMERO1-800x450.jpg\" class=\"attachment-progression-studios-blog-index size-progression-studios-blog-index wp-post-image\" alt=\"\" srcset=\"https:\/\/tv.utalca.cl\/wp-content\/uploads\/2020\/06\/PANTALLAZO-Y-JORGE-ROMERO1-800x450.jpg 800w, https:\/\/tv.utalca.cl\/wp-content\/uploads\/2020\/06\/PANTALLAZO-Y-JORGE-ROMERO1-300x169.jpg 300w, https:\/\/tv.utalca.cl\/wp-content\/uploads\/2020\/06\/PANTALLAZO-Y-JORGE-ROMERO1-768x432.jpg 768w, https:\/\/tv.utalca.cl\/wp-content\/uploads\/2020\/06\/PANTALLAZO-Y-JORGE-ROMERO1-1024x576.jpg 1024w, https:\/\/tv.utalca.cl\/wp-content\/uploads\/2020\/06\/PANTALLAZO-Y-JORGE-ROMERO1-600x338.jpg 600w, https:\/\/tv.utalca.cl\/wp-content\/uploads\/2020\/06\/PANTALLAZO-Y-JORGE-ROMERO1.jpg 1920w\" sizes=\"auto, (max-width: 800px) 100vw, 800px\" \/>\t\t\t\t\t\n\t\t\t\t\t\t\t\t\t\t\t\t\t\t\t\t<div class=\"blog-play-icon\"><i class=\"fa fa-play\" aria-hidden=\"true\"><\/i><\/div>\n\t\t\t\t\t\t\t\t\t\t\t\t\t\t\t\n\t\t\t\t\t<div class=\"blog-floating-comments-viewcount\">\n\t\t\t\t\t\t\t\t\t\t\t\t<div class=\"blog-meta-views\"><i class=\"fa fa-eye\" aria-hidden=\"true\"><\/i><div class=\"post-views content-post post-6162 entry-meta load-static\">\r\n\t\t\t\t<span class=\"post-views-icon dashicons dashicons-chart-bar\"><\/span> <span class=\"post-views-label\">Post Views:<\/span> <span class=\"post-views-count\">2,360<\/span>\r\n\t\t\t<\/div><\/div>\t\t\t\t\t<\/div><!-- close .blog-floating-comments-viewcount -->\n\t\t\t\t\t\n\t\t\t\t<\/a>\n\t\t\t<\/div><!-- close .progression-studios-feaured-image -->\n\t\t<!-- close video -->\n\t\t\n\t\t<div class=\"progression-blog-content\">\n\t\t\t\t\t\t\t<div class=\"blog-meta-category-list\"><a href=\"https:\/\/tv.utalca.cl\/?cat=1657\" rel=\"category\">Di\u00e1logos Pol\u00edticos<\/a> <a href=\"https:\/\/tv.utalca.cl\/?cat=112\" rel=\"category\">Programa<\/a><\/div>\t\t\t\t\t\t\n\t\t\t<h2 class=\"progression-blog-title\">\n\t\t\t\t\n\t\t\n\t\t\t\t<a href=\"https:\/\/tv.utalca.cl\/?p=6162\">\n\t\t\t\t\t\t\n\t\t\t\t\n\t\t\nDi\u00e1logos Pol\u00edticos: Efectos pol\u00edticos en M\u00e9xico por Coronavirus<\/a><\/h2>\n\n\t\t\t\t\t\t\t<div class=\"progression-post-meta\">\n\t\t\t\t\t\t\t\t\t\t\n\t\t\t\t\t\t\t\n\t\t\t\t<\/div>\n\t\t\t\t\t\t\n\t\t\t<div class=\"progression-studios-blog-excerpt\">\n\t\t\t\t\t\t\t\t\t\t\t\t\t<p>Jorge Romero, doctor en Ciencias Pol\u00edticas analiza la situaci\u00f3n de la pandemia y los a\u00f1os m\u00e1s recientes de ese pa\u00eds.<\/p>\n\t\t\t\t\t\t\t\t\t\t\t\n\t\t\t\n\t\t\t\t\t\t<\/div>\n\t\t\t\n\t\t\t\n\t\t\t\n\t\t<\/div><!-- close .progression-blog-content -->\n\t\n\t\t\t\n\t<div class=\"clearfix-pro\"><\/div>\n\t<\/div><!-- close .progression-studios-default-blog-index -->\n<\/div><!-- #post-## -->\t\t\t\t\t\t\t\t\t\t\t\t\t<\/div><!-- close .progression-studios-isotope-animation -->\n\t\t\t\t\t<\/div><!-- close .progression-masonry-padding-blog -->\n\t\t\t\t<\/div><!-- close .progression-masonry-item -->\n\t\t\t\t\t\t\t\t<div class=\"progression-masonry-item \">\n\t\t\t\t\t<div class=\"progression-masonry-padding-blog \">\n\t\t\t\t\t\t<div class=\"progression-studios-isotope-animation\">\n\t\t\t\t\t\t\t\n\t\t\t\t\t\t\t\t\t\t\t\t\t\t\t\n\n\n\n<div id=\"post-6124\" class=\"post-6124 post type-post status-publish format-video has-post-thumbnail hentry category-dialogos-politicos category-programa tag-borja-garcia tag-ciencias-politicas tag-coronavirus tag-covid-19 tag-crisis tag-facultad-ciencias-juridicas-y-sociales tag-mundial tag-pandemia tag-utalca post_format-post-format-video slider-tags-dialogos-politicos slider-tags-slider\">\t\n\t<div class=\"progression-studios-default-blog-index progression-studios-blog-image-no-effect\">\n\n\t\t\t\t\t<div class=\"progression-studios-feaured-image\">\n\t\t\t\t\t\n\t\t\t\t\n\t\t\t\t\t\t\n\t\t\t\t\t\t\t\t\t\t\t\n\t\t\t\t\t\t\t\t\t\t\t\t\t\t\n\t\t\t\t\t\t\t\t<a href=\"https:\/\/tv.utalca.cl\/?p=6124\">\n\t\t\t\t\t\t\t\t\t\t\t\t\t\t\t\t\n\t\t\t\t\t\t\t\t\t\t\t\t\n\t\t\t\t\t\t\t\t\n\t\t\t\t\n\t\t\n\t\t\t\t\t<img loading=\"lazy\" decoding=\"async\" width=\"800\" height=\"450\" src=\"https:\/\/tv.utalca.cl\/wp-content\/uploads\/2020\/06\/PANTALLAZO-Y-BORJA-GARCI\u0301A1-800x450.jpg\" class=\"attachment-progression-studios-blog-index size-progression-studios-blog-index wp-post-image\" alt=\"\" srcset=\"https:\/\/tv.utalca.cl\/wp-content\/uploads\/2020\/06\/PANTALLAZO-Y-BORJA-GARCI\u0301A1-800x450.jpg 800w, https:\/\/tv.utalca.cl\/wp-content\/uploads\/2020\/06\/PANTALLAZO-Y-BORJA-GARCI\u0301A1-300x169.jpg 300w, https:\/\/tv.utalca.cl\/wp-content\/uploads\/2020\/06\/PANTALLAZO-Y-BORJA-GARCI\u0301A1-768x432.jpg 768w, https:\/\/tv.utalca.cl\/wp-content\/uploads\/2020\/06\/PANTALLAZO-Y-BORJA-GARCI\u0301A1-1024x576.jpg 1024w, https:\/\/tv.utalca.cl\/wp-content\/uploads\/2020\/06\/PANTALLAZO-Y-BORJA-GARCI\u0301A1-600x338.jpg 600w, https:\/\/tv.utalca.cl\/wp-content\/uploads\/2020\/06\/PANTALLAZO-Y-BORJA-GARCI\u0301A1.jpg 1920w\" sizes=\"auto, (max-width: 800px) 100vw, 800px\" \/>\t\t\t\t\t\n\t\t\t\t\t\t\t\t\t\t\t\t\t\t\t\t<div class=\"blog-play-icon\"><i class=\"fa fa-play\" aria-hidden=\"true\"><\/i><\/div>\n\t\t\t\t\t\t\t\t\t\t\t\t\t\t\t\n\t\t\t\t\t<div class=\"blog-floating-comments-viewcount\">\n\t\t\t\t\t\t\t\t\t\t\t\t<div class=\"blog-meta-views\"><i class=\"fa fa-eye\" aria-hidden=\"true\"><\/i><div class=\"post-views content-post post-6124 entry-meta load-static\">\r\n\t\t\t\t<span class=\"post-views-icon dashicons dashicons-chart-bar\"><\/span> <span class=\"post-views-label\">Post Views:<\/span> <span class=\"post-views-count\">2,180<\/span>\r\n\t\t\t<\/div><\/div>\t\t\t\t\t<\/div><!-- close .blog-floating-comments-viewcount -->\n\t\t\t\t\t\n\t\t\t\t<\/a>\n\t\t\t<\/div><!-- close .progression-studios-feaured-image -->\n\t\t<!-- close video -->\n\t\t\n\t\t<div class=\"progression-blog-content\">\n\t\t\t\t\t\t\t<div class=\"blog-meta-category-list\"><a href=\"https:\/\/tv.utalca.cl\/?cat=1657\" rel=\"category\">Di\u00e1logos Pol\u00edticos<\/a> <a href=\"https:\/\/tv.utalca.cl\/?cat=112\" rel=\"category\">Programa<\/a><\/div>\t\t\t\t\t\t\n\t\t\t<h2 class=\"progression-blog-title\">\n\t\t\t\t\n\t\t\n\t\t\t\t<a href=\"https:\/\/tv.utalca.cl\/?p=6124\">\n\t\t\t\t\t\t\n\t\t\t\t\n\t\t\nDi\u00e1logos Pol\u00edticos: Efectos pol\u00edticos de la pandemia en el mundo<\/a><\/h2>\n\n\t\t\t\t\t\t\t<div class=\"progression-post-meta\">\n\t\t\t\t\t\t\t\t\t\t\n\t\t\t\t\t\t\t\n\t\t\t\t<\/div>\n\t\t\t\t\t\t\n\t\t\t<div class=\"progression-studios-blog-excerpt\">\n\t\t\t\t\t\t\t\t\t\t\t\t\t<p>El espa\u00f1ol Borja Garc\u00eda, doctor en Ciencias Pol\u00edticas, analiza la situaci\u00f3n respecto al Covid-19 en diversos pa\u00edses del mundo.<\/p>\n\t\t\t\t\t\t\t\t\t\t\t\n\t\t\t\n\t\t\t\t\t\t<\/div>\n\t\t\t\n\t\t\t\n\t\t\t\n\t\t<\/div><!-- close .progression-blog-content -->\n\t\n\t\t\t\n\t<div class=\"clearfix-pro\"><\/div>\n\t<\/div><!-- close .progression-studios-default-blog-index -->\n<\/div><!-- #post-## -->\t\t\t\t\t\t\t\t\t\t\t\t\t<\/div><!-- close .progression-studios-isotope-animation -->\n\t\t\t\t\t<\/div><!-- close .progression-masonry-padding-blog -->\n\t\t\t\t<\/div><!-- close .progression-masonry-item -->\n\t\t\t\t\t\t\t\t<div class=\"progression-masonry-item \">\n\t\t\t\t\t<div class=\"progression-masonry-padding-blog \">\n\t\t\t\t\t\t<div class=\"progression-studios-isotope-animation\">\n\t\t\t\t\t\t\t\n\t\t\t\t\t\t\t\t\t\t\t\t\t\t\t\n\n\n\n<div id=\"post-6079\" class=\"post-6079 post type-post status-publish format-video has-post-thumbnail hentry category-dialogos-politicos category-programa tag-ciencia-politica tag-coronavirus tag-covid-19 tag-cuarentena tag-dialogos-politicos tag-facultad-de-ciencias-juridicas-y-sociales tag-mexico tag-quedate-en-casa tag-sociologia tag-utalca post_format-post-format-video slider-tags-dialogos-politicos slider-tags-slider\">\t\n\t<div class=\"progression-studios-default-blog-index progression-studios-blog-image-no-effect\">\n\n\t\t\t\t\t<div class=\"progression-studios-feaured-image\">\n\t\t\t\t\t\n\t\t\t\t\n\t\t\t\t\t\t\n\t\t\t\t\t\t\t\t\t\t\t\n\t\t\t\t\t\t\t\t\t\t\t\t\t\t\n\t\t\t\t\t\t\t\t<a href=\"https:\/\/tv.utalca.cl\/?p=6079\">\n\t\t\t\t\t\t\t\t\t\t\t\t\t\t\t\t\n\t\t\t\t\t\t\t\t\t\t\t\t\n\t\t\t\t\t\t\t\t\n\t\t\t\t\n\t\t\n\t\t\t\t\t<img loading=\"lazy\" decoding=\"async\" width=\"800\" height=\"450\" src=\"https:\/\/tv.utalca.cl\/wp-content\/uploads\/2020\/05\/PANTALLAZO-Y-MAURICIO-MERINO-800x450.jpg\" class=\"attachment-progression-studios-blog-index size-progression-studios-blog-index wp-post-image\" alt=\"\" srcset=\"https:\/\/tv.utalca.cl\/wp-content\/uploads\/2020\/05\/PANTALLAZO-Y-MAURICIO-MERINO-800x450.jpg 800w, https:\/\/tv.utalca.cl\/wp-content\/uploads\/2020\/05\/PANTALLAZO-Y-MAURICIO-MERINO-300x169.jpg 300w, https:\/\/tv.utalca.cl\/wp-content\/uploads\/2020\/05\/PANTALLAZO-Y-MAURICIO-MERINO-768x432.jpg 768w, https:\/\/tv.utalca.cl\/wp-content\/uploads\/2020\/05\/PANTALLAZO-Y-MAURICIO-MERINO-1024x576.jpg 1024w, https:\/\/tv.utalca.cl\/wp-content\/uploads\/2020\/05\/PANTALLAZO-Y-MAURICIO-MERINO-600x338.jpg 600w, https:\/\/tv.utalca.cl\/wp-content\/uploads\/2020\/05\/PANTALLAZO-Y-MAURICIO-MERINO.jpg 1920w\" sizes=\"auto, (max-width: 800px) 100vw, 800px\" \/>\t\t\t\t\t\n\t\t\t\t\t\t\t\t\t\t\t\t\t\t\t\t<div class=\"blog-play-icon\"><i class=\"fa fa-play\" aria-hidden=\"true\"><\/i><\/div>\n\t\t\t\t\t\t\t\t\t\t\t\t\t\t\t\n\t\t\t\t\t<div class=\"blog-floating-comments-viewcount\">\n\t\t\t\t\t\t\t\t\t\t\t\t<div class=\"blog-meta-views\"><i class=\"fa fa-eye\" aria-hidden=\"true\"><\/i><div class=\"post-views content-post post-6079 entry-meta load-static\">\r\n\t\t\t\t<span class=\"post-views-icon dashicons dashicons-chart-bar\"><\/span> <span class=\"post-views-label\">Post Views:<\/span> <span class=\"post-views-count\">1,998<\/span>\r\n\t\t\t<\/div><\/div>\t\t\t\t\t<\/div><!-- close .blog-floating-comments-viewcount -->\n\t\t\t\t\t\n\t\t\t\t<\/a>\n\t\t\t<\/div><!-- close .progression-studios-feaured-image -->\n\t\t<!-- close video -->\n\t\t\n\t\t<div class=\"progression-blog-content\">\n\t\t\t\t\t\t\t<div class=\"blog-meta-category-list\"><a href=\"https:\/\/tv.utalca.cl\/?cat=1657\" rel=\"category\">Di\u00e1logos Pol\u00edticos<\/a> <a href=\"https:\/\/tv.utalca.cl\/?cat=112\" rel=\"category\">Programa<\/a><\/div>\t\t\t\t\t\t\n\t\t\t<h2 class=\"progression-blog-title\">\n\t\t\t\t\n\t\t\n\t\t\t\t<a href=\"https:\/\/tv.utalca.cl\/?p=6079\">\n\t\t\t\t\t\t\n\t\t\t\t\n\t\t\nDi\u00e1logos Pol\u00edticos: Los cambios pol\u00edticos del estado mexicano y situaci\u00f3n actual por Covid-19.<\/a><\/h2>\n\n\t\t\t\t\t\t\t<div class=\"progression-post-meta\">\n\t\t\t\t\t\t\t\t\t\t\n\t\t\t\t\t\t\t\n\t\t\t\t<\/div>\n\t\t\t\t\t\t\n\t\t\t<div class=\"progression-studios-blog-excerpt\">\n\t\t\t\t\t\t\t\t\t\t\t\t\t<p>Mauricio Merino, doctor en Ciencias Pol\u00edticas, hace un an\u00e1lisis de los \u00faltimos a\u00f1os de ese pa\u00eds y el momento que enfrentan por el Coronavirus\u200b.<\/p>\n\t\t\t\t\t\t\t\t\t\t\t\n\t\t\t\n\t\t\t\t\t\t<\/div>\n\t\t\t\n\t\t\t\n\t\t\t\n\t\t<\/div><!-- close .progression-blog-content -->\n\t\n\t\t\t\n\t<div class=\"clearfix-pro\"><\/div>\n\t<\/div><!-- close .progression-studios-default-blog-index -->\n<\/div><!-- #post-## -->\t\t\t\t\t\t\t\t\t\t\t\t\t<\/div><!-- close .progression-studios-isotope-animation -->\n\t\t\t\t\t<\/div><!-- close .progression-masonry-padding-blog -->\n\t\t\t\t<\/div><!-- close .progression-masonry-item -->\n\t\t\t\t\t\t\t\t\n\t\t\t\t\n\t\t\t<\/div><!-- close #progression-blog-index-masonry-159cfe1  -->\n\t\t<\/div><!-- close .progression-masonry-margins -->\n\t\t\t\t\n\t\t\n\t\t\n\t\t<div class=\"clearfix-pro\"><\/div>\n\t\t\n\t\n\t\t\n\t\t\t\t\t\n\t\t\t\t\t\t\t<div id=\"progression-load-more-manual\">\n\t\t\t\t<div id=\"infinite-nav-pro-159cfe1\" class=\"infinite-nav-pro\"><div class=\"nav-previous\"><a href=\"https:\/\/tv.utalca.cl\/index.php?rest_route=%2Fwp%2Fv2%2Fpages%2F5954&#038;paged=2\" >VER M\u00c1S<span><i class=\"fa fa-arrow-circle-down\"><\/i><\/span><\/a><\/div><\/div>\n\t\t\t\t<\/div>\n\t\t\t\t\t\t\n\t\t\t\n\t\t\n\t\t\n\t<\/div><!-- close .progression-studios-post-list-main -->\n\t\n\t<script type=\"text\/javascript\"> \n\tjQuery(document).ready(function($) {\n\t\t'use strict';\n\t\t\/* Default Isotope Load Code *\/\n\t\tvar $container159cfe1 = $(\"#progression-blog-index-masonry-159cfe1\").isotope();\n\t\t$container159cfe1.imagesLoaded( function() {\n\t\t\t$(\".progression-masonry-item\").addClass(\"opacity-progression\");\n\t\t\t$container159cfe1.isotope({\n\t\t\t\titemSelector: \"#progression-blog-index-masonry-159cfe1 .progression-masonry-item\",\t\t\t\t\n\t\t\t\tpercentPosition: true,\n\t\t\t\tlayoutMode: \"masonry\" \n\t \t\t});\n\t\t});\n\t\t\/* END Default Isotope Code *\/\n\t\t\n\t\t\t\t\n\t\t\n\t\t\t\t\n\t\t\/* Begin Infinite Scroll *\/\n\t\t$container159cfe1.infinitescroll({\n\t\terrorCallback: function(){  $(\"#infinite-nav-pro-159cfe1\").delay(500).fadeOut(500, function(){ $(this).remove(); }); },\n\t\t  navSelector  : \"#infinite-nav-pro-159cfe1\",  \n\t\t  nextSelector : \"#infinite-nav-pro-159cfe1 .nav-previous a\", \n\t\t  itemSelector : \"#progression-blog-index-masonry-159cfe1 .progression-masonry-item\", \n\t   \t\tloading: {\n\t   \t\t \timg: \"https:\/\/tv.utalca.cl\/wp-content\/themes\/viseo-progression\/images\/loader.gif\",\n\t   \t\t\t msgText: \"\",\n\t   \t\t \tfinishedMsg: \"<div id='no-more-posts'>No more posts<\/div>\",\n\t   \t\t \tspeed: 0, }\n\t\t  },\n\t\t  \/\/ trigger Isotope as a callback\n\t\t  function( newElements ) {\n\t\t\t  \n\t\t\t  !function(a, b) {\n\t\t\t      function c() {\n\t\t\t          function a() {\n\t\t\t              \"undefined\" != typeof _wpmejsSettings && (c = b.extend(!0, {}, _wpmejsSettings)), c.success = c.success || function(a) {\n\t\t\t                  var b,\n\t\t\t                      c;\n\t\t\t                  \"flash\" === a.pluginType && (b = a.attributes.autoplay && \"false\" !== a.attributes.autoplay, c = a.attributes.loop && \"false\" !== a.attributes.loop, b && a.addEventListener(\"canplay\", function() {\n\t\t\t                      a.play()\n\t\t\t                  }, !1), c && a.addEventListener(\"ended\", function() {\n\t\t\t                      a.play()\n\t\t\t                  }, !1))\n\t\t\t              }, b(\".wp-audio-shortcode, .wp-video-shortcode\").not(\".mejs-container\").filter(function() {\n\t\t\t                  return !b(this).parent().hasClass(\".mejs-mediaelement\")\n\t\t\t              }).mediaelementplayer(c)\n\t\t\t          }\n\t\t\t          var c = {};\n\t\t\t          return {\n\t\t\t              initialize: a\n\t\t\t          }\n\t\t\t      }\n\t\t\t      a.wp = a.wp || {}, mejs.plugins.silverlight[0].types.push(\"video\/x-ms-wmv\"), mejs.plugins.silverlight[0].types.push(\"audio\/x-ms-wma\"), a.wp.mediaelement = new c, b(a.wp.mediaelement.initialize)\n\t\t\t  }(window, jQuery);\n\n\n\t\t     $(\".progression-studios-gallery\").flexslider({\n\t\t \t\tanimation: \"fade\",      \n\t\t \t\tslideDirection: \"horizontal\", \n\t\t \t\tslideshow: false,   \n\t\t \t\tsmoothHeight: false,\n\t\t \t\tslideshowSpeed: 7000,  \n\t\t \t\tanimationSpeed: 1000,        \n\t\t \t\tdirectionNav: true,             \n\t\t \t\tcontrolNav: true,\n\t\t \t\tprevText: \"\",   \n\t\t \t\tnextText: \"\",\n\t\t     });\n\t\t\t  \n\t\t    \t$(\".progression-studios-default-blog-overlay a[data-rel^=\\'prettyPhoto\\'], .progression-studios-feaured-image a[data-rel^=\\'prettyPhoto\\']\").prettyPhoto({\n\t\t  \t\t\ttheme: \"pp_default\",\n\t\t    \t\t\thook: \"data-rel\",\n\t\t  \t\t\topacity: 0.7,\n\t\t    \t\t\tshow_title: false, \n\t\t    \t\t\tdeeplinking: false,\n\t\t    \t\t\toverlay_gallery: false,\n\t\t    \t\t\tcustom_markup: \"\",\n\t\t  \t\t\tdefault_width: 1100,\n\t\t  \t\t\tdefault_height: 619,\n\t\t    \t\tsocial_tools:\"\"\n\t\t    \t});\n\t\t\t\t\n\t\t\t\t$(\".progression-studios-default-blog-overlay, .progression-studios-default-blog-index\").fitVids();\n\n\t\t    var $newElems = $( newElements );\n \t\n\t\t\t\t$newElems.imagesLoaded(function(){\n\t\t\t\t\t\n\t\t\t\t$container159cfe1.isotope( \"appended\", $newElems );\n\t\t\t\t$(\".progression-masonry-item\").addClass(\"opacity-progression\");\n\t\t\t\t\n\t\t\t});\n\n\t\t  }\n\t\t);\n\t    \/* END Infinite Scroll *\/\n\t\t\t\t\n\t\t\n\t\t\t\t\/* PAUSE FOR LOAD MORE *\/\n\t\t$(window).unbind(\".infscr\");\n\t\t\/\/ Resume Infinite Scroll\n\t\t$(\"#infinite-nav-pro-159cfe1 .nav-previous a\").click(function(){\n\t\t\t$container159cfe1.infinitescroll(\"retrieve\");\n\t\t\treturn false;\n\t\t});\n\t\t\/* End Infinite Scroll *\/\n\t\t\t\t\n\t});\n\t<\/script>\n\t\n\n\n\t\t\n\n\t\t\t<\/div>\n\t\t\t\t<\/div>\n\t\t\t\t\t\t<\/div>\n\t\t\t\t\t<\/div>\n\t\t<\/div>\n\t\t\t\t\t\t\t\t<\/div>\n\t\t\t\t\t<\/div>\n\t\t<\/section>\n\t\t\t\t\t\t<\/div>\n\t\t\t\t\t\t<\/div>\n\t\t\t\t\t<\/div>\n\t\t","protected":false},"excerpt":{"rendered":"<p>Programa de conversaci\u00f3n y an\u00e1lisis pol\u00edtico sobre la situaci\u00f3n de la pandemia en distintos pa\u00edses. Conduce Paulo Hidalgo, doctor en Sociolog\u00eda y acad\u00e9mico de la Facultad de Ciencias Jur\u00eddicas y Sociales. 0 Post Views: 1 Di\u00e1logos Pol\u00edticos Programa Di\u00e1logos Pol\u00edticos: Impacto de Covid-19 en Espa\u00f1a y la Uni\u00f3n Europea By usuario_campus &mdash; 3 mins. ago [&hellip;]<\/p>\n","protected":false},"author":1,"featured_media":5955,"parent":0,"menu_order":0,"comment_status":"closed","ping_status":"closed","template":"","meta":{"om_disable_all_campaigns":false,"_monsterinsights_skip_tracking":false,"_monsterinsights_sitenote_active":false,"_monsterinsights_sitenote_note":"","_monsterinsights_sitenote_category":0,"footnotes":""},"class_list":["post-5954","page","type-page","status-publish","has-post-thumbnail","hentry"],"aioseo_notices":[],"_links":{"self":[{"href":"https:\/\/tv.utalca.cl\/index.php?rest_route=\/wp\/v2\/pages\/5954","targetHints":{"allow":["GET"]}}],"collection":[{"href":"https:\/\/tv.utalca.cl\/index.php?rest_route=\/wp\/v2\/pages"}],"about":[{"href":"https:\/\/tv.utalca.cl\/index.php?rest_route=\/wp\/v2\/types\/page"}],"author":[{"embeddable":true,"href":"https:\/\/tv.utalca.cl\/index.php?rest_route=\/wp\/v2\/users\/1"}],"replies":[{"embeddable":true,"href":"https:\/\/tv.utalca.cl\/index.php?rest_route=%2Fwp%2Fv2%2Fcomments&post=5954"}],"version-history":[{"count":4,"href":"https:\/\/tv.utalca.cl\/index.php?rest_route=\/wp\/v2\/pages\/5954\/revisions"}],"predecessor-version":[{"id":5967,"href":"https:\/\/tv.utalca.cl\/index.php?rest_route=\/wp\/v2\/pages\/5954\/revisions\/5967"}],"wp:featuredmedia":[{"embeddable":true,"href":"https:\/\/tv.utalca.cl\/index.php?rest_route=\/wp\/v2\/media\/5955"}],"wp:attachment":[{"href":"https:\/\/tv.utalca.cl\/index.php?rest_route=%2Fwp%2Fv2%2Fmedia&parent=5954"}],"curies":[{"name":"wp","href":"https:\/\/api.w.org\/{rel}","templated":true}]}}