{"id":7993,"date":"2020-12-02T18:02:22","date_gmt":"2020-12-02T21:02:22","guid":{"rendered":"https:\/\/tv.utalca.cl\/?page_id=7993"},"modified":"2020-12-02T18:08:19","modified_gmt":"2020-12-02T21:08:19","slug":"utalca-contigo","status":"publish","type":"page","link":"https:\/\/tv.utalca.cl\/?page_id=7993","title":{"rendered":"UTalca Contigo"},"content":{"rendered":"\t\t<div data-elementor-type=\"wp-post\" data-elementor-id=\"7993\" class=\"elementor elementor-7993 elementor-bc-flex-widget\" data-elementor-settings=\"[]\">\n\t\t\t\t\t\t<div class=\"elementor-inner\">\n\t\t\t\t\t\t\t<div class=\"elementor-section-wrap\">\n\t\t\t\t\t\t\t<section class=\"elementor-section elementor-top-section elementor-element elementor-element-b7a1f37 elementor-section-stretched elementor-section-full_width elementor-section-height-default elementor-section-height-default\" data-id=\"b7a1f37\" data-element_type=\"section\" data-settings=\"{&quot;stretch_section&quot;:&quot;section-stretched&quot;}\">\n\t\t\t\t\t\t<div class=\"elementor-container elementor-column-gap-no\">\n\t\t\t\t\t\t\t<div class=\"elementor-row\">\n\t\t\t\t\t<div class=\"elementor-column elementor-col-100 elementor-top-column elementor-element elementor-element-d2a70ce\" data-id=\"d2a70ce\" data-element_type=\"column\">\n\t\t\t<div class=\"elementor-column-wrap elementor-element-populated\">\n\t\t\t\t\t\t\t<div class=\"elementor-widget-wrap\">\n\t\t\t\t\t\t<div class=\"elementor-element elementor-element-3586bea elementor-widget elementor-widget-image\" data-id=\"3586bea\" data-element_type=\"widget\" data-widget_type=\"image.default\">\n\t\t\t\t<div class=\"elementor-widget-container\">\n\t\t\t\t\t\t\t\t<div class=\"elementor-image\">\n\t\t\t\t\t\t\t\t\t\t\t\t<img loading=\"lazy\" decoding=\"async\" width=\"2548\" height=\"904\" src=\"https:\/\/tv.utalca.cl\/wp-content\/uploads\/2020\/12\/Captura-de-pantalla-2020-12-02-a-las-18.02.59.png\" class=\"attachment-full size-full\" alt=\"\" srcset=\"https:\/\/tv.utalca.cl\/wp-content\/uploads\/2020\/12\/Captura-de-pantalla-2020-12-02-a-las-18.02.59.png 2548w, https:\/\/tv.utalca.cl\/wp-content\/uploads\/2020\/12\/Captura-de-pantalla-2020-12-02-a-las-18.02.59-300x106.png 300w, https:\/\/tv.utalca.cl\/wp-content\/uploads\/2020\/12\/Captura-de-pantalla-2020-12-02-a-las-18.02.59-768x272.png 768w, https:\/\/tv.utalca.cl\/wp-content\/uploads\/2020\/12\/Captura-de-pantalla-2020-12-02-a-las-18.02.59-1024x363.png 1024w, https:\/\/tv.utalca.cl\/wp-content\/uploads\/2020\/12\/Captura-de-pantalla-2020-12-02-a-las-18.02.59-600x213.png 600w\" sizes=\"auto, (max-width: 2548px) 100vw, 2548px\" \/>\t\t\t\t\t\t\t\t\t\t\t\t\t\t<\/div>\n\t\t\t\t\t\t<\/div>\n\t\t\t\t<\/div>\n\t\t\t\t\t\t<\/div>\n\t\t\t\t\t<\/div>\n\t\t<\/div>\n\t\t\t\t\t\t\t\t<\/div>\n\t\t\t\t\t<\/div>\n\t\t<\/section>\n\t\t\t\t<section class=\"elementor-section elementor-top-section elementor-element elementor-element-9d496d9 elementor-section-boxed elementor-section-height-default elementor-section-height-default\" data-id=\"9d496d9\" data-element_type=\"section\">\n\t\t\t\t\t\t<div class=\"elementor-container elementor-column-gap-default\">\n\t\t\t\t\t\t\t<div class=\"elementor-row\">\n\t\t\t\t\t<div class=\"elementor-column elementor-col-100 elementor-top-column elementor-element elementor-element-ee69e23\" data-id=\"ee69e23\" data-element_type=\"column\">\n\t\t\t<div class=\"elementor-column-wrap elementor-element-populated\">\n\t\t\t\t\t\t\t<div class=\"elementor-widget-wrap\">\n\t\t\t\t\t\t<div class=\"elementor-element elementor-element-4f36a67 elementor-widget elementor-widget-spacer\" data-id=\"4f36a67\" data-element_type=\"widget\" data-widget_type=\"spacer.default\">\n\t\t\t\t<div class=\"elementor-widget-container\">\n\t\t\t\t\t<div class=\"elementor-spacer\">\n\t\t\t<div class=\"elementor-spacer-inner\"><\/div>\n\t\t<\/div>\n\t\t\t\t<\/div>\n\t\t\t\t<\/div>\n\t\t\t\t\t\t<\/div>\n\t\t\t\t\t<\/div>\n\t\t<\/div>\n\t\t\t\t\t\t\t\t<\/div>\n\t\t\t\t\t<\/div>\n\t\t<\/section>\n\t\t\t\t<section class=\"elementor-section elementor-top-section elementor-element elementor-element-3db8c1c elementor-section-boxed elementor-section-height-default elementor-section-height-default\" data-id=\"3db8c1c\" data-element_type=\"section\">\n\t\t\t\t\t\t<div class=\"elementor-container elementor-column-gap-default\">\n\t\t\t\t\t\t\t<div class=\"elementor-row\">\n\t\t\t\t\t<div class=\"elementor-column elementor-col-100 elementor-top-column elementor-element elementor-element-e8ba263\" data-id=\"e8ba263\" data-element_type=\"column\">\n\t\t\t<div class=\"elementor-column-wrap elementor-element-populated\">\n\t\t\t\t\t\t\t<div class=\"elementor-widget-wrap\">\n\t\t\t\t\t\t<div class=\"elementor-element elementor-element-fbf5305 elementor-widget elementor-widget-text-editor\" data-id=\"fbf5305\" data-element_type=\"widget\" data-widget_type=\"text-editor.default\">\n\t\t\t\t<div class=\"elementor-widget-container\">\n\t\t\t\t\t\t\t\t<div class=\"elementor-text-editor elementor-clearfix\">\n\t\t\t\t<p>Expertos de la Universidad de Talca explican tem\u00e1ticas relevantes para el acontecer regional y nacional. Conduce la periodista Daniela Cifuentes.<\/p>\t\t\t\t\t<\/div>\n\t\t\t\t\t\t<\/div>\n\t\t\t\t<\/div>\n\t\t\t\t\t\t<\/div>\n\t\t\t\t\t<\/div>\n\t\t<\/div>\n\t\t\t\t\t\t\t\t<\/div>\n\t\t\t\t\t<\/div>\n\t\t<\/section>\n\t\t\t\t<section class=\"elementor-section elementor-top-section elementor-element elementor-element-5e78980 elementor-section-boxed elementor-section-height-default elementor-section-height-default\" data-id=\"5e78980\" data-element_type=\"section\">\n\t\t\t\t\t\t<div class=\"elementor-container elementor-column-gap-default\">\n\t\t\t\t\t\t\t<div class=\"elementor-row\">\n\t\t\t\t\t<div class=\"elementor-column elementor-col-100 elementor-top-column elementor-element elementor-element-acd0297\" data-id=\"acd0297\" data-element_type=\"column\">\n\t\t\t<div class=\"elementor-column-wrap elementor-element-populated\">\n\t\t\t\t\t\t\t<div class=\"elementor-widget-wrap\">\n\t\t\t\t\t\t<div class=\"elementor-element elementor-element-3bcbb59 elementor-widget elementor-widget-progression-post-list\" data-id=\"3bcbb59\" data-element_type=\"widget\" data-widget_type=\"progression-post-list.default\">\n\t\t\t\t<div class=\"elementor-widget-container\">\n\t\t\t\t\n\n\n\t<div class=\"progression-studios-post-list-main\">\n\n\t\t\t\t\t\t\t\n\t\t\n\t\t<div class=\"progression-masonry-margins\">\n\t\t\t<div id=\"progression-blog-index-masonry-3bcbb59\">\n\t\t\t\t\n\t\t\t\t\t\t\t\t<div class=\"progression-masonry-item \">\n\t\t\t\t\t<div class=\"progression-masonry-padding-blog \">\n\t\t\t\t\t\t<div class=\"progression-studios-isotope-animation\">\n\t\t\t\t\t\t\t\n\t\t\t\t\t\t\t\t\t\t\t\t\t\t\t\n\n\n\n<div id=\"post-8267\" class=\"post-8267 post type-post status-publish format-video has-post-thumbnail hentry category-programa category-utalca-contigo tag-adultos-mayores tag-utalca-contigo post_format-post-format-video slider-tags-slider slider-tags-utalca-contigo\">\t\n\t<div class=\"progression-studios-default-blog-index progression-studios-blog-image-no-effect\">\n\n\t\t\t\t\t<div class=\"progression-studios-feaured-image\">\n\t\t\t\t\t\n\t\t\t\t\n\t\t\t\t\t\t\n\t\t\t\t\t\t\t\t\t\t\t\n\t\t\t\t\t\t\t\t\t\t\t\t\t\t\n\t\t\t\t\t\t\t\t<a href=\"https:\/\/tv.utalca.cl\/?p=8267\">\n\t\t\t\t\t\t\t\t\t\t\t\t\t\t\t\t\n\t\t\t\t\t\t\t\t\t\t\t\t\n\t\t\t\t\t\t\t\t\n\t\t\t\t\n\t\t\n\t\t\t\t\t<img loading=\"lazy\" decoding=\"async\" width=\"800\" height=\"450\" src=\"https:\/\/tv.utalca.cl\/wp-content\/uploads\/2021\/01\/UTALCA-CONTIGO-CAP-10-VIVIAN-ESTRADA-1-800x450.jpg\" class=\"attachment-progression-studios-blog-index size-progression-studios-blog-index wp-post-image\" alt=\"\" srcset=\"https:\/\/tv.utalca.cl\/wp-content\/uploads\/2021\/01\/UTALCA-CONTIGO-CAP-10-VIVIAN-ESTRADA-1-800x450.jpg 800w, https:\/\/tv.utalca.cl\/wp-content\/uploads\/2021\/01\/UTALCA-CONTIGO-CAP-10-VIVIAN-ESTRADA-1-300x169.jpg 300w, https:\/\/tv.utalca.cl\/wp-content\/uploads\/2021\/01\/UTALCA-CONTIGO-CAP-10-VIVIAN-ESTRADA-1-768x432.jpg 768w, https:\/\/tv.utalca.cl\/wp-content\/uploads\/2021\/01\/UTALCA-CONTIGO-CAP-10-VIVIAN-ESTRADA-1-1024x576.jpg 1024w, https:\/\/tv.utalca.cl\/wp-content\/uploads\/2021\/01\/UTALCA-CONTIGO-CAP-10-VIVIAN-ESTRADA-1-600x338.jpg 600w, https:\/\/tv.utalca.cl\/wp-content\/uploads\/2021\/01\/UTALCA-CONTIGO-CAP-10-VIVIAN-ESTRADA-1.jpg 1920w\" sizes=\"auto, (max-width: 800px) 100vw, 800px\" \/>\t\t\t\t\t\n\t\t\t\t\t\t\t\t\t\t\t\t\t\t\t\t<div class=\"blog-play-icon\"><i class=\"fa fa-play\" aria-hidden=\"true\"><\/i><\/div>\n\t\t\t\t\t\t\t\t\t\t\t\t\t\t\t\n\t\t\t\t\t<div class=\"blog-floating-comments-viewcount\">\n\t\t\t\t\t\t\t\t\t\t\t\t<div class=\"blog-meta-views\"><i class=\"fa fa-eye\" aria-hidden=\"true\"><\/i><div class=\"post-views content-post post-8267 entry-meta load-static\">\r\n\t\t\t\t<span class=\"post-views-icon dashicons dashicons-chart-bar\"><\/span> <span class=\"post-views-label\">Post Views:<\/span> <span class=\"post-views-count\">2,149<\/span>\r\n\t\t\t<\/div><\/div>\t\t\t\t\t<\/div><!-- close .blog-floating-comments-viewcount -->\n\t\t\t\t\t\n\t\t\t\t<\/a>\n\t\t\t<\/div><!-- close .progression-studios-feaured-image -->\n\t\t<!-- close video -->\n\t\t\n\t\t<div class=\"progression-blog-content\">\n\t\t\t\t\t\t\t<div class=\"blog-meta-category-list\"><a href=\"https:\/\/tv.utalca.cl\/?cat=112\" rel=\"category\">Programa<\/a> <a href=\"https:\/\/tv.utalca.cl\/?cat=2075\" rel=\"category\">UTalca Contigo<\/a><\/div>\t\t\t\t\t\t\n\t\t\t<h2 class=\"progression-blog-title\">\n\t\t\t\t\n\t\t\n\t\t\t\t<a href=\"https:\/\/tv.utalca.cl\/?p=8267\">\n\t\t\t\t\t\t\n\t\t\t\t\n\t\t\nUTalca Contigo: Efectos de la pandemia en las personas mayores<\/a><\/h2>\n\n\t\t\t\t\t\t\t<div class=\"progression-post-meta\">\n\t\t\t\t\t\t\t\t\t\t\n\t\t\t\t\t\t\t\n\t\t\t\t<\/div>\n\t\t\t\t\t\t\n\t\t\t<div class=\"progression-studios-blog-excerpt\">\n\t\t\t\t\t\t\t\t\t\t\t\t\t<p>En este cap\u00edtulo, Viviana Estrada, acad\u00e9mica Escuela de Kinesiolog\u00eda de la UTalca analiza este tema y entrega propuestas para mejorar la calidad de vida de este grupo etario.<\/p>\n\t\t\t\t\t\t\t\t\t\t\t\n\t\t\t\n\t\t\t\t\t\t<\/div>\n\t\t\t\n\t\t\t\n\t\t\t\n\t\t<\/div><!-- close .progression-blog-content -->\n\t\n\t\t\t\n\t<div class=\"clearfix-pro\"><\/div>\n\t<\/div><!-- close .progression-studios-default-blog-index -->\n<\/div><!-- #post-## -->\t\t\t\t\t\t\t\t\t\t\t\t\t<\/div><!-- close .progression-studios-isotope-animation -->\n\t\t\t\t\t<\/div><!-- close .progression-masonry-padding-blog -->\n\t\t\t\t<\/div><!-- close .progression-masonry-item -->\n\t\t\t\t\t\t\t\t<div class=\"progression-masonry-item \">\n\t\t\t\t\t<div class=\"progression-masonry-padding-blog \">\n\t\t\t\t\t\t<div class=\"progression-studios-isotope-animation\">\n\t\t\t\t\t\t\t\n\t\t\t\t\t\t\t\t\t\t\t\t\t\t\t\n\n\n\n<div id=\"post-8263\" class=\"post-8263 post type-post status-publish format-video has-post-thumbnail hentry category-programa category-utalca-contigo tag-utalca-contigo post_format-post-format-video slider-tags-slider slider-tags-utalca-contigo\">\t\n\t<div class=\"progression-studios-default-blog-index progression-studios-blog-image-no-effect\">\n\n\t\t\t\t\t<div class=\"progression-studios-feaured-image\">\n\t\t\t\t\t\n\t\t\t\t\n\t\t\t\t\t\t\n\t\t\t\t\t\t\t\t\t\t\t\n\t\t\t\t\t\t\t\t\t\t\t\t\t\t\n\t\t\t\t\t\t\t\t<a href=\"https:\/\/tv.utalca.cl\/?p=8263\">\n\t\t\t\t\t\t\t\t\t\t\t\t\t\t\t\t\n\t\t\t\t\t\t\t\t\t\t\t\t\n\t\t\t\t\t\t\t\t\n\t\t\t\t\n\t\t\n\t\t\t\t\t<img loading=\"lazy\" decoding=\"async\" width=\"800\" height=\"450\" src=\"https:\/\/tv.utalca.cl\/wp-content\/uploads\/2021\/01\/UTALCA-CONTIGO-CAP-9-EMILIA-GIACAMAN-3-1-800x450.jpg\" class=\"attachment-progression-studios-blog-index size-progression-studios-blog-index wp-post-image\" alt=\"\" srcset=\"https:\/\/tv.utalca.cl\/wp-content\/uploads\/2021\/01\/UTALCA-CONTIGO-CAP-9-EMILIA-GIACAMAN-3-1-800x450.jpg 800w, https:\/\/tv.utalca.cl\/wp-content\/uploads\/2021\/01\/UTALCA-CONTIGO-CAP-9-EMILIA-GIACAMAN-3-1-300x169.jpg 300w, https:\/\/tv.utalca.cl\/wp-content\/uploads\/2021\/01\/UTALCA-CONTIGO-CAP-9-EMILIA-GIACAMAN-3-1-768x432.jpg 768w, https:\/\/tv.utalca.cl\/wp-content\/uploads\/2021\/01\/UTALCA-CONTIGO-CAP-9-EMILIA-GIACAMAN-3-1-1024x576.jpg 1024w, https:\/\/tv.utalca.cl\/wp-content\/uploads\/2021\/01\/UTALCA-CONTIGO-CAP-9-EMILIA-GIACAMAN-3-1-600x338.jpg 600w, https:\/\/tv.utalca.cl\/wp-content\/uploads\/2021\/01\/UTALCA-CONTIGO-CAP-9-EMILIA-GIACAMAN-3-1.jpg 1920w\" sizes=\"auto, (max-width: 800px) 100vw, 800px\" \/>\t\t\t\t\t\n\t\t\t\t\t\t\t\t\t\t\t\t\t\t\t\t<div class=\"blog-play-icon\"><i class=\"fa fa-play\" aria-hidden=\"true\"><\/i><\/div>\n\t\t\t\t\t\t\t\t\t\t\t\t\t\t\t\n\t\t\t\t\t<div class=\"blog-floating-comments-viewcount\">\n\t\t\t\t\t\t\t\t\t\t\t\t<div class=\"blog-meta-views\"><i class=\"fa fa-eye\" aria-hidden=\"true\"><\/i><div class=\"post-views content-post post-8263 entry-meta load-static\">\r\n\t\t\t\t<span class=\"post-views-icon dashicons dashicons-chart-bar\"><\/span> <span class=\"post-views-label\">Post Views:<\/span> <span class=\"post-views-count\">2,157<\/span>\r\n\t\t\t<\/div><\/div>\t\t\t\t\t<\/div><!-- close .blog-floating-comments-viewcount -->\n\t\t\t\t\t\n\t\t\t\t<\/a>\n\t\t\t<\/div><!-- close .progression-studios-feaured-image -->\n\t\t<!-- close video -->\n\t\t\n\t\t<div class=\"progression-blog-content\">\n\t\t\t\t\t\t\t<div class=\"blog-meta-category-list\"><a href=\"https:\/\/tv.utalca.cl\/?cat=112\" rel=\"category\">Programa<\/a> <a href=\"https:\/\/tv.utalca.cl\/?cat=2075\" rel=\"category\">UTalca Contigo<\/a><\/div>\t\t\t\t\t\t\n\t\t\t<h2 class=\"progression-blog-title\">\n\t\t\t\t\n\t\t\n\t\t\t\t<a href=\"https:\/\/tv.utalca.cl\/?p=8263\">\n\t\t\t\t\t\t\n\t\t\t\t\n\t\t\nUTalca Contigo: Obesidad y sobrepeso en Chile<\/a><\/h2>\n\n\t\t\t\t\t\t\t<div class=\"progression-post-meta\">\n\t\t\t\t\t\t\t\t\t\t\n\t\t\t\t\t\t\t\n\t\t\t\t<\/div>\n\t\t\t\t\t\t\n\t\t\t<div class=\"progression-studios-blog-excerpt\">\n\t\t\t\t\t\t\t\t\t\t\t\t\t<p>Emilia Giacaman, acad\u00e9mica Escuela de Nutrici\u00f3n y Diet\u00e9tica de la UTalca analiza este tema y entrega propuestas para prevenir esta enfermedad.<\/p>\n\t\t\t\t\t\t\t\t\t\t\t\n\t\t\t\n\t\t\t\t\t\t<\/div>\n\t\t\t\n\t\t\t\n\t\t\t\n\t\t<\/div><!-- close .progression-blog-content -->\n\t\n\t\t\t\n\t<div class=\"clearfix-pro\"><\/div>\n\t<\/div><!-- close .progression-studios-default-blog-index -->\n<\/div><!-- #post-## -->\t\t\t\t\t\t\t\t\t\t\t\t\t<\/div><!-- close .progression-studios-isotope-animation -->\n\t\t\t\t\t<\/div><!-- close .progression-masonry-padding-blog -->\n\t\t\t\t<\/div><!-- close .progression-masonry-item -->\n\t\t\t\t\t\t\t\t<div class=\"progression-masonry-item \">\n\t\t\t\t\t<div class=\"progression-masonry-padding-blog \">\n\t\t\t\t\t\t<div class=\"progression-studios-isotope-animation\">\n\t\t\t\t\t\t\t\n\t\t\t\t\t\t\t\t\t\t\t\t\t\t\t\n\n\n\n<div id=\"post-8243\" class=\"post-8243 post type-post status-publish format-video has-post-thumbnail hentry category-programa category-utalca-contigo tag-emprendimiento tag-utalca-contigo post_format-post-format-video slider-tags-slider slider-tags-utalca-contigo\">\t\n\t<div class=\"progression-studios-default-blog-index progression-studios-blog-image-no-effect\">\n\n\t\t\t\t\t<div class=\"progression-studios-feaured-image\">\n\t\t\t\t\t\n\t\t\t\t\n\t\t\t\t\t\t\n\t\t\t\t\t\t\t\t\t\t\t\n\t\t\t\t\t\t\t\t\t\t\t\t\t\t\n\t\t\t\t\t\t\t\t<a href=\"https:\/\/tv.utalca.cl\/?p=8243\">\n\t\t\t\t\t\t\t\t\t\t\t\t\t\t\t\t\n\t\t\t\t\t\t\t\t\t\t\t\t\n\t\t\t\t\t\t\t\t\n\t\t\t\t\n\t\t\n\t\t\t\t\t<img loading=\"lazy\" decoding=\"async\" width=\"800\" height=\"450\" src=\"https:\/\/tv.utalca.cl\/wp-content\/uploads\/2021\/01\/UTALCA-CONTIGO-CAP-8-PAOLA-ESCALONA-3-800x450.jpg\" class=\"attachment-progression-studios-blog-index size-progression-studios-blog-index wp-post-image\" alt=\"\" srcset=\"https:\/\/tv.utalca.cl\/wp-content\/uploads\/2021\/01\/UTALCA-CONTIGO-CAP-8-PAOLA-ESCALONA-3-800x450.jpg 800w, https:\/\/tv.utalca.cl\/wp-content\/uploads\/2021\/01\/UTALCA-CONTIGO-CAP-8-PAOLA-ESCALONA-3-300x169.jpg 300w, https:\/\/tv.utalca.cl\/wp-content\/uploads\/2021\/01\/UTALCA-CONTIGO-CAP-8-PAOLA-ESCALONA-3-768x432.jpg 768w, https:\/\/tv.utalca.cl\/wp-content\/uploads\/2021\/01\/UTALCA-CONTIGO-CAP-8-PAOLA-ESCALONA-3-1024x576.jpg 1024w, https:\/\/tv.utalca.cl\/wp-content\/uploads\/2021\/01\/UTALCA-CONTIGO-CAP-8-PAOLA-ESCALONA-3-600x338.jpg 600w, https:\/\/tv.utalca.cl\/wp-content\/uploads\/2021\/01\/UTALCA-CONTIGO-CAP-8-PAOLA-ESCALONA-3.jpg 1920w\" sizes=\"auto, (max-width: 800px) 100vw, 800px\" \/>\t\t\t\t\t\n\t\t\t\t\t\t\t\t\t\t\t\t\t\t\t\t<div class=\"blog-play-icon\"><i class=\"fa fa-play\" aria-hidden=\"true\"><\/i><\/div>\n\t\t\t\t\t\t\t\t\t\t\t\t\t\t\t\n\t\t\t\t\t<div class=\"blog-floating-comments-viewcount\">\n\t\t\t\t\t\t\t\t\t\t\t\t<div class=\"blog-meta-views\"><i class=\"fa fa-eye\" aria-hidden=\"true\"><\/i><div class=\"post-views content-post post-8243 entry-meta load-static\">\r\n\t\t\t\t<span class=\"post-views-icon dashicons dashicons-chart-bar\"><\/span> <span class=\"post-views-label\">Post Views:<\/span> <span class=\"post-views-count\">2,091<\/span>\r\n\t\t\t<\/div><\/div>\t\t\t\t\t<\/div><!-- close .blog-floating-comments-viewcount -->\n\t\t\t\t\t\n\t\t\t\t<\/a>\n\t\t\t<\/div><!-- close .progression-studios-feaured-image -->\n\t\t<!-- close video -->\n\t\t\n\t\t<div class=\"progression-blog-content\">\n\t\t\t\t\t\t\t<div class=\"blog-meta-category-list\"><a href=\"https:\/\/tv.utalca.cl\/?cat=112\" rel=\"category\">Programa<\/a> <a href=\"https:\/\/tv.utalca.cl\/?cat=2075\" rel=\"category\">UTalca Contigo<\/a><\/div>\t\t\t\t\t\t\n\t\t\t<h2 class=\"progression-blog-title\">\n\t\t\t\t\n\t\t\n\t\t\t\t<a href=\"https:\/\/tv.utalca.cl\/?p=8243\">\n\t\t\t\t\t\t\n\t\t\t\t\n\t\t\nUTalca Contigo: Emprendimiento en \u00e9pocas de crisis<\/a><\/h2>\n\n\t\t\t\t\t\t\t<div class=\"progression-post-meta\">\n\t\t\t\t\t\t\t\t\t\t\n\t\t\t\t\t\t\t\n\t\t\t\t<\/div>\n\t\t\t\t\t\t\n\t\t\t<div class=\"progression-studios-blog-excerpt\">\n\t\t\t\t\t\t\t\t\t\t\t\t\t<p>Nos acompa\u00f1a Paola Escalona, acad\u00e9mica Facultad de Econom\u00eda y Negocios de la UTalca, analiza este tema y entrega recomendaciones para este sector.<\/p>\n\t\t\t\t\t\t\t\t\t\t\t\n\t\t\t\n\t\t\t\t\t\t<\/div>\n\t\t\t\n\t\t\t\n\t\t\t\n\t\t<\/div><!-- close .progression-blog-content -->\n\t\n\t\t\t\n\t<div class=\"clearfix-pro\"><\/div>\n\t<\/div><!-- close .progression-studios-default-blog-index -->\n<\/div><!-- #post-## -->\t\t\t\t\t\t\t\t\t\t\t\t\t<\/div><!-- close .progression-studios-isotope-animation -->\n\t\t\t\t\t<\/div><!-- close .progression-masonry-padding-blog -->\n\t\t\t\t<\/div><!-- close .progression-masonry-item -->\n\t\t\t\t\t\t\t\t<div class=\"progression-masonry-item \">\n\t\t\t\t\t<div class=\"progression-masonry-padding-blog \">\n\t\t\t\t\t\t<div class=\"progression-studios-isotope-animation\">\n\t\t\t\t\t\t\t\n\t\t\t\t\t\t\t\t\t\t\t\t\t\t\t\n\n\n\n<div id=\"post-8219\" class=\"post-8219 post type-post status-publish format-video has-post-thumbnail hentry category-programa category-utalca-contigo tag-educacion tag-utalca-contigo post_format-post-format-video slider-tags-slider slider-tags-utalca-contigo\">\t\n\t<div class=\"progression-studios-default-blog-index progression-studios-blog-image-no-effect\">\n\n\t\t\t\t\t<div class=\"progression-studios-feaured-image\">\n\t\t\t\t\t\n\t\t\t\t\n\t\t\t\t\t\t\n\t\t\t\t\t\t\t\t\t\t\t\n\t\t\t\t\t\t\t\t\t\t\t\t\t\t\n\t\t\t\t\t\t\t\t<a href=\"https:\/\/tv.utalca.cl\/?p=8219\">\n\t\t\t\t\t\t\t\t\t\t\t\t\t\t\t\t\n\t\t\t\t\t\t\t\t\t\t\t\t\n\t\t\t\t\t\t\t\t\n\t\t\t\t\n\t\t\n\t\t\t\t\t<img loading=\"lazy\" decoding=\"async\" width=\"800\" height=\"450\" src=\"https:\/\/tv.utalca.cl\/wp-content\/uploads\/2021\/01\/UTALCA-CONTIGO-CAP-7-SEBASTIAN-DONOSO-3-800x450.jpg\" class=\"attachment-progression-studios-blog-index size-progression-studios-blog-index wp-post-image\" alt=\"\" srcset=\"https:\/\/tv.utalca.cl\/wp-content\/uploads\/2021\/01\/UTALCA-CONTIGO-CAP-7-SEBASTIAN-DONOSO-3-800x450.jpg 800w, https:\/\/tv.utalca.cl\/wp-content\/uploads\/2021\/01\/UTALCA-CONTIGO-CAP-7-SEBASTIAN-DONOSO-3-300x169.jpg 300w, https:\/\/tv.utalca.cl\/wp-content\/uploads\/2021\/01\/UTALCA-CONTIGO-CAP-7-SEBASTIAN-DONOSO-3-768x432.jpg 768w, https:\/\/tv.utalca.cl\/wp-content\/uploads\/2021\/01\/UTALCA-CONTIGO-CAP-7-SEBASTIAN-DONOSO-3-1024x576.jpg 1024w, https:\/\/tv.utalca.cl\/wp-content\/uploads\/2021\/01\/UTALCA-CONTIGO-CAP-7-SEBASTIAN-DONOSO-3-600x338.jpg 600w, https:\/\/tv.utalca.cl\/wp-content\/uploads\/2021\/01\/UTALCA-CONTIGO-CAP-7-SEBASTIAN-DONOSO-3.jpg 1920w\" sizes=\"auto, (max-width: 800px) 100vw, 800px\" \/>\t\t\t\t\t\n\t\t\t\t\t\t\t\t\t\t\t\t\t\t\t\t<div class=\"blog-play-icon\"><i class=\"fa fa-play\" aria-hidden=\"true\"><\/i><\/div>\n\t\t\t\t\t\t\t\t\t\t\t\t\t\t\t\n\t\t\t\t\t<div class=\"blog-floating-comments-viewcount\">\n\t\t\t\t\t\t\t\t\t\t\t\t<div class=\"blog-meta-views\"><i class=\"fa fa-eye\" aria-hidden=\"true\"><\/i><div class=\"post-views content-post post-8219 entry-meta load-static\">\r\n\t\t\t\t<span class=\"post-views-icon dashicons dashicons-chart-bar\"><\/span> <span class=\"post-views-label\">Post Views:<\/span> <span class=\"post-views-count\">2,013<\/span>\r\n\t\t\t<\/div><\/div>\t\t\t\t\t<\/div><!-- close .blog-floating-comments-viewcount -->\n\t\t\t\t\t\n\t\t\t\t<\/a>\n\t\t\t<\/div><!-- close .progression-studios-feaured-image -->\n\t\t<!-- close video -->\n\t\t\n\t\t<div class=\"progression-blog-content\">\n\t\t\t\t\t\t\t<div class=\"blog-meta-category-list\"><a href=\"https:\/\/tv.utalca.cl\/?cat=112\" rel=\"category\">Programa<\/a> <a href=\"https:\/\/tv.utalca.cl\/?cat=2075\" rel=\"category\">UTalca Contigo<\/a><\/div>\t\t\t\t\t\t\n\t\t\t<h2 class=\"progression-blog-title\">\n\t\t\t\t\n\t\t\n\t\t\t\t<a href=\"https:\/\/tv.utalca.cl\/?p=8219\">\n\t\t\t\t\t\t\n\t\t\t\t\n\t\t\nUTalca Contigo: Desaf\u00edos y aprendizaje de la Educaci\u00f3n a distancia<\/a><\/h2>\n\n\t\t\t\t\t\t\t<div class=\"progression-post-meta\">\n\t\t\t\t\t\t\t\t\t\t\n\t\t\t\t\t\t\t\n\t\t\t\t<\/div>\n\t\t\t\t\t\t\n\t\t\t<div class=\"progression-studios-blog-excerpt\">\n\t\t\t\t\t\t\t\t\t\t\t\t\t<p>Nos acompa\u00f1a Sebasti\u00e1n Donoso, director Instituto de Investigaci\u00f3n y Desarrollo Educacional UTalca.<\/p>\n\t\t\t\t\t\t\t\t\t\t\t\n\t\t\t\n\t\t\t\t\t\t<\/div>\n\t\t\t\n\t\t\t\n\t\t\t\n\t\t<\/div><!-- close .progression-blog-content -->\n\t\n\t\t\t\n\t<div class=\"clearfix-pro\"><\/div>\n\t<\/div><!-- close .progression-studios-default-blog-index -->\n<\/div><!-- #post-## -->\t\t\t\t\t\t\t\t\t\t\t\t\t<\/div><!-- close .progression-studios-isotope-animation -->\n\t\t\t\t\t<\/div><!-- close .progression-masonry-padding-blog -->\n\t\t\t\t<\/div><!-- close .progression-masonry-item -->\n\t\t\t\t\t\t\t\t<div class=\"progression-masonry-item \">\n\t\t\t\t\t<div class=\"progression-masonry-padding-blog \">\n\t\t\t\t\t\t<div class=\"progression-studios-isotope-animation\">\n\t\t\t\t\t\t\t\n\t\t\t\t\t\t\t\t\t\t\t\t\t\t\t\n\n\n\n<div id=\"post-8187\" class=\"post-8187 post type-post status-publish format-video has-post-thumbnail hentry category-programa category-utalca-contigo tag-pdt tag-ptu tag-utalca-contigo post_format-post-format-video slider-tags-slider slider-tags-utalca-contigo\">\t\n\t<div class=\"progression-studios-default-blog-index progression-studios-blog-image-no-effect\">\n\n\t\t\t\t\t<div class=\"progression-studios-feaured-image\">\n\t\t\t\t\t\n\t\t\t\t\n\t\t\t\t\t\t\n\t\t\t\t\t\t\t\t\t\t\t\n\t\t\t\t\t\t\t\t\t\t\t\t\t\t\n\t\t\t\t\t\t\t\t<a href=\"https:\/\/tv.utalca.cl\/?p=8187\">\n\t\t\t\t\t\t\t\t\t\t\t\t\t\t\t\t\n\t\t\t\t\t\t\t\t\t\t\t\t\n\t\t\t\t\t\t\t\t\n\t\t\t\t\n\t\t\n\t\t\t\t\t<img loading=\"lazy\" decoding=\"async\" width=\"800\" height=\"450\" src=\"https:\/\/tv.utalca.cl\/wp-content\/uploads\/2021\/01\/UTALCA-CONTIGO-CAP-6-TANIA-MASCARO-1-800x450.jpg\" class=\"attachment-progression-studios-blog-index size-progression-studios-blog-index wp-post-image\" alt=\"\" srcset=\"https:\/\/tv.utalca.cl\/wp-content\/uploads\/2021\/01\/UTALCA-CONTIGO-CAP-6-TANIA-MASCARO-1-800x450.jpg 800w, https:\/\/tv.utalca.cl\/wp-content\/uploads\/2021\/01\/UTALCA-CONTIGO-CAP-6-TANIA-MASCARO-1-300x169.jpg 300w, https:\/\/tv.utalca.cl\/wp-content\/uploads\/2021\/01\/UTALCA-CONTIGO-CAP-6-TANIA-MASCARO-1-768x432.jpg 768w, https:\/\/tv.utalca.cl\/wp-content\/uploads\/2021\/01\/UTALCA-CONTIGO-CAP-6-TANIA-MASCARO-1-1024x576.jpg 1024w, https:\/\/tv.utalca.cl\/wp-content\/uploads\/2021\/01\/UTALCA-CONTIGO-CAP-6-TANIA-MASCARO-1-600x338.jpg 600w, https:\/\/tv.utalca.cl\/wp-content\/uploads\/2021\/01\/UTALCA-CONTIGO-CAP-6-TANIA-MASCARO-1.jpg 1920w\" sizes=\"auto, (max-width: 800px) 100vw, 800px\" \/>\t\t\t\t\t\n\t\t\t\t\t\t\t\t\t\t\t\t\t\t\t\t<div class=\"blog-play-icon\"><i class=\"fa fa-play\" aria-hidden=\"true\"><\/i><\/div>\n\t\t\t\t\t\t\t\t\t\t\t\t\t\t\t\n\t\t\t\t\t<div class=\"blog-floating-comments-viewcount\">\n\t\t\t\t\t\t\t\t\t\t\t\t<div class=\"blog-meta-views\"><i class=\"fa fa-eye\" aria-hidden=\"true\"><\/i><div class=\"post-views content-post post-8187 entry-meta load-static\">\r\n\t\t\t\t<span class=\"post-views-icon dashicons dashicons-chart-bar\"><\/span> <span class=\"post-views-label\">Post Views:<\/span> <span class=\"post-views-count\">2,342<\/span>\r\n\t\t\t<\/div><\/div>\t\t\t\t\t<\/div><!-- close .blog-floating-comments-viewcount -->\n\t\t\t\t\t\n\t\t\t\t<\/a>\n\t\t\t<\/div><!-- close .progression-studios-feaured-image -->\n\t\t<!-- close video -->\n\t\t\n\t\t<div class=\"progression-blog-content\">\n\t\t\t\t\t\t\t<div class=\"blog-meta-category-list\"><a href=\"https:\/\/tv.utalca.cl\/?cat=112\" rel=\"category\">Programa<\/a> <a href=\"https:\/\/tv.utalca.cl\/?cat=2075\" rel=\"category\">UTalca Contigo<\/a><\/div>\t\t\t\t\t\t\n\t\t\t<h2 class=\"progression-blog-title\">\n\t\t\t\t\n\t\t\n\t\t\t\t<a href=\"https:\/\/tv.utalca.cl\/?p=8187\">\n\t\t\t\t\t\t\n\t\t\t\t\n\t\t\nUTalca Contigo: Proceso de Admisi\u00f3n 2021: \u00bfQu\u00e9 viene luego de la Prueba de Transici\u00f3n?<\/a><\/h2>\n\n\t\t\t\t\t\t\t<div class=\"progression-post-meta\">\n\t\t\t\t\t\t\t\t\t\t\n\t\t\t\t\t\t\t\n\t\t\t\t<\/div>\n\t\t\t\t\t\t\n\t\t\t<div class=\"progression-studios-blog-excerpt\">\n\t\t\t\t\t\t\t\t\t\t\t\t\t<p>\u00bfCu\u00e1ndo estar\u00e1n los resultados de la prueba? \u00bfC\u00f3mo postular? \u00bfC\u00f3mo ser\u00e1 la matr\u00edcula este a\u00f1o? \u00bfqu\u00e9 documentos debo considerar? Tania Mascar\u00f3, Coordinadora de la Unidad de Vinculaci\u00f3n con el Sistema Escolar de la UTalca, responde todas estas inquietudes.<\/p>\n\t\t\t\t\t\t\t\t\t\t\t\n\t\t\t\n\t\t\t\t\t\t<\/div>\n\t\t\t\n\t\t\t\n\t\t\t\n\t\t<\/div><!-- close .progression-blog-content -->\n\t\n\t\t\t\n\t<div class=\"clearfix-pro\"><\/div>\n\t<\/div><!-- close .progression-studios-default-blog-index -->\n<\/div><!-- #post-## -->\t\t\t\t\t\t\t\t\t\t\t\t\t<\/div><!-- close .progression-studios-isotope-animation -->\n\t\t\t\t\t<\/div><!-- close .progression-masonry-padding-blog -->\n\t\t\t\t<\/div><!-- close .progression-masonry-item -->\n\t\t\t\t\t\t\t\t<div class=\"progression-masonry-item \">\n\t\t\t\t\t<div class=\"progression-masonry-padding-blog \">\n\t\t\t\t\t\t<div class=\"progression-studios-isotope-animation\">\n\t\t\t\t\t\t\t\n\t\t\t\t\t\t\t\t\t\t\t\t\t\t\t\n\n\n\n<div id=\"post-8142\" class=\"post-8142 post type-post status-publish format-video has-post-thumbnail hentry category-programa category-utalca-contigo tag-1929 tag-fen tag-pensiones tag-utalca post_format-post-format-video slider-tags-slider slider-tags-titular slider-tags-utalca-contigo\">\t\n\t<div class=\"progression-studios-default-blog-index progression-studios-blog-image-no-effect\">\n\n\t\t\t\t\t<div class=\"progression-studios-feaured-image\">\n\t\t\t\t\t\n\t\t\t\t\n\t\t\t\t\t\t\n\t\t\t\t\t\t\t\t\t\t\t\n\t\t\t\t\t\t\t\t\t\t\t\t\t\t\n\t\t\t\t\t\t\t\t<a href=\"https:\/\/tv.utalca.cl\/?p=8142\">\n\t\t\t\t\t\t\t\t\t\t\t\t\t\t\t\t\n\t\t\t\t\t\t\t\t\t\t\t\t\n\t\t\t\t\t\t\t\t\n\t\t\t\t\n\t\t\n\t\t\t\t\t<img loading=\"lazy\" decoding=\"async\" width=\"800\" height=\"450\" src=\"https:\/\/tv.utalca.cl\/wp-content\/uploads\/2020\/12\/UTALCA-CONTIGO-CAP-6-RODRIGO-SAENS-3-800x450.jpg\" class=\"attachment-progression-studios-blog-index size-progression-studios-blog-index wp-post-image\" alt=\"\" srcset=\"https:\/\/tv.utalca.cl\/wp-content\/uploads\/2020\/12\/UTALCA-CONTIGO-CAP-6-RODRIGO-SAENS-3-800x450.jpg 800w, https:\/\/tv.utalca.cl\/wp-content\/uploads\/2020\/12\/UTALCA-CONTIGO-CAP-6-RODRIGO-SAENS-3-300x169.jpg 300w, https:\/\/tv.utalca.cl\/wp-content\/uploads\/2020\/12\/UTALCA-CONTIGO-CAP-6-RODRIGO-SAENS-3-768x432.jpg 768w, https:\/\/tv.utalca.cl\/wp-content\/uploads\/2020\/12\/UTALCA-CONTIGO-CAP-6-RODRIGO-SAENS-3-1024x576.jpg 1024w, https:\/\/tv.utalca.cl\/wp-content\/uploads\/2020\/12\/UTALCA-CONTIGO-CAP-6-RODRIGO-SAENS-3-600x338.jpg 600w, https:\/\/tv.utalca.cl\/wp-content\/uploads\/2020\/12\/UTALCA-CONTIGO-CAP-6-RODRIGO-SAENS-3.jpg 1920w\" sizes=\"auto, (max-width: 800px) 100vw, 800px\" \/>\t\t\t\t\t\n\t\t\t\t\t\t\t\t\t\t\t\t\t\t\t\t<div class=\"blog-play-icon\"><i class=\"fa fa-play\" aria-hidden=\"true\"><\/i><\/div>\n\t\t\t\t\t\t\t\t\t\t\t\t\t\t\t\n\t\t\t\t\t<div class=\"blog-floating-comments-viewcount\">\n\t\t\t\t\t\t\t\t\t\t\t\t<div class=\"blog-meta-views\"><i class=\"fa fa-eye\" aria-hidden=\"true\"><\/i><div class=\"post-views content-post post-8142 entry-meta load-static\">\r\n\t\t\t\t<span class=\"post-views-icon dashicons dashicons-chart-bar\"><\/span> <span class=\"post-views-label\">Post Views:<\/span> <span class=\"post-views-count\">2,323<\/span>\r\n\t\t\t<\/div><\/div>\t\t\t\t\t<\/div><!-- close .blog-floating-comments-viewcount -->\n\t\t\t\t\t\n\t\t\t\t<\/a>\n\t\t\t<\/div><!-- close .progression-studios-feaured-image -->\n\t\t<!-- close video -->\n\t\t\n\t\t<div class=\"progression-blog-content\">\n\t\t\t\t\t\t\t<div class=\"blog-meta-category-list\"><a href=\"https:\/\/tv.utalca.cl\/?cat=112\" rel=\"category\">Programa<\/a> <a href=\"https:\/\/tv.utalca.cl\/?cat=2075\" rel=\"category\">UTalca Contigo<\/a><\/div>\t\t\t\t\t\t\n\t\t\t<h2 class=\"progression-blog-title\">\n\t\t\t\t\n\t\t\n\t\t\t\t<a href=\"https:\/\/tv.utalca.cl\/?p=8142\">\n\t\t\t\t\t\t\n\t\t\t\t\n\t\t\nUTalca Contigo: Analizan efectos de los retiros del 10% y sistema de pensiones<\/a><\/h2>\n\n\t\t\t\t\t\t\t<div class=\"progression-post-meta\">\n\t\t\t\t\t\t\t\t\t\t\n\t\t\t\t\t\t\t\n\t\t\t\t<\/div>\n\t\t\t\t\t\t\n\t\t\t<div class=\"progression-studios-blog-excerpt\">\n\t\t\t\t\t\t\t\t\t\t\t\t\t<p>Rodrigo Saens, acad\u00e9mico de la Facultad de Econom\u00eda y Negocios de la UTalca, aborda este tema de inter\u00e9s.<\/p>\n\t\t\t\t\t\t\t\t\t\t\t\n\t\t\t\n\t\t\t\t\t\t<\/div>\n\t\t\t\n\t\t\t\n\t\t\t\n\t\t<\/div><!-- close .progression-blog-content -->\n\t\n\t\t\t\n\t<div class=\"clearfix-pro\"><\/div>\n\t<\/div><!-- close .progression-studios-default-blog-index -->\n<\/div><!-- #post-## -->\t\t\t\t\t\t\t\t\t\t\t\t\t<\/div><!-- close .progression-studios-isotope-animation -->\n\t\t\t\t\t<\/div><!-- close .progression-masonry-padding-blog -->\n\t\t\t\t<\/div><!-- close .progression-masonry-item -->\n\t\t\t\t\t\t\t\t\n\t\t\t\t\n\t\t\t<\/div><!-- close #progression-blog-index-masonry-3bcbb59  -->\n\t\t<\/div><!-- close .progression-masonry-margins -->\n\t\t\t\t\n\t\t\n\t\t\n\t\t<div class=\"clearfix-pro\"><\/div>\n\t\t\n\t\n\t\t\n\t\t\t\n\t\t\t\n\t\t\n\t\t\n\t<\/div><!-- close .progression-studios-post-list-main -->\n\t\n\t<script type=\"text\/javascript\"> \n\tjQuery(document).ready(function($) {\n\t\t'use strict';\n\t\t\/* Default Isotope Load Code *\/\n\t\tvar $container3bcbb59 = $(\"#progression-blog-index-masonry-3bcbb59\").isotope();\n\t\t$container3bcbb59.imagesLoaded( function() {\n\t\t\t$(\".progression-masonry-item\").addClass(\"opacity-progression\");\n\t\t\t$container3bcbb59.isotope({\n\t\t\t\titemSelector: \"#progression-blog-index-masonry-3bcbb59 .progression-masonry-item\",\t\t\t\t\n\t\t\t\tpercentPosition: true,\n\t\t\t\tlayoutMode: \"masonry\" \n\t \t\t});\n\t\t});\n\t\t\/* END Default Isotope Code *\/\n\t\t\n\t\t\t\t\n\t\t\n\t\t\t\t\n\t\t\n\t\t\t\t\n\t});\n\t<\/script>\n\t\n\n\n\t\t\n\n\t\t\t<\/div>\n\t\t\t\t<\/div>\n\t\t\t\t\t\t<\/div>\n\t\t\t\t\t<\/div>\n\t\t<\/div>\n\t\t\t\t\t\t\t\t<\/div>\n\t\t\t\t\t<\/div>\n\t\t<\/section>\n\t\t\t\t\t\t<\/div>\n\t\t\t\t\t\t<\/div>\n\t\t\t\t\t<\/div>\n\t\t","protected":false},"excerpt":{"rendered":"<p>Expertos de la Universidad de Talca explican tem\u00e1ticas relevantes para el acontecer regional y nacional. Conduce la periodista Daniela Cifuentes.<\/p>\n","protected":false},"author":1,"featured_media":7994,"parent":0,"menu_order":0,"comment_status":"closed","ping_status":"closed","template":"","meta":{"om_disable_all_campaigns":false,"_monsterinsights_skip_tracking":false,"_monsterinsights_sitenote_active":false,"_monsterinsights_sitenote_note":"","_monsterinsights_sitenote_category":0,"footnotes":""},"class_list":["post-7993","page","type-page","status-publish","has-post-thumbnail","hentry"],"aioseo_notices":[],"_links":{"self":[{"href":"https:\/\/tv.utalca.cl\/index.php?rest_route=\/wp\/v2\/pages\/7993","targetHints":{"allow":["GET"]}}],"collection":[{"href":"https:\/\/tv.utalca.cl\/index.php?rest_route=\/wp\/v2\/pages"}],"about":[{"href":"https:\/\/tv.utalca.cl\/index.php?rest_route=\/wp\/v2\/types\/page"}],"author":[{"embeddable":true,"href":"https:\/\/tv.utalca.cl\/index.php?rest_route=\/wp\/v2\/users\/1"}],"replies":[{"embeddable":true,"href":"https:\/\/tv.utalca.cl\/index.php?rest_route=%2Fwp%2Fv2%2Fcomments&post=7993"}],"version-history":[{"count":7,"href":"https:\/\/tv.utalca.cl\/index.php?rest_route=\/wp\/v2\/pages\/7993\/revisions"}],"predecessor-version":[{"id":8005,"href":"https:\/\/tv.utalca.cl\/index.php?rest_route=\/wp\/v2\/pages\/7993\/revisions\/8005"}],"wp:featuredmedia":[{"embeddable":true,"href":"https:\/\/tv.utalca.cl\/index.php?rest_route=\/wp\/v2\/media\/7994"}],"wp:attachment":[{"href":"https:\/\/tv.utalca.cl\/index.php?rest_route=%2Fwp%2Fv2%2Fmedia&parent=7993"}],"curies":[{"name":"wp","href":"https:\/\/api.w.org\/{rel}","templated":true}]}}