{"id":9163,"date":"2021-08-05T11:24:13","date_gmt":"2021-08-05T15:24:13","guid":{"rendered":"https:\/\/tv.utalca.cl\/?page_id=9163"},"modified":"2021-09-30T13:08:32","modified_gmt":"2021-09-30T16:08:32","slug":"preguntas-mayores","status":"publish","type":"page","link":"https:\/\/tv.utalca.cl\/?page_id=9163","title":{"rendered":"Preguntas Mayores"},"content":{"rendered":"\t\t<div data-elementor-type=\"wp-post\" data-elementor-id=\"9163\" class=\"elementor elementor-9163 elementor-bc-flex-widget\" data-elementor-settings=\"[]\">\n\t\t\t\t\t\t<div class=\"elementor-inner\">\n\t\t\t\t\t\t\t<div class=\"elementor-section-wrap\">\n\t\t\t\t\t\t\t<section class=\"elementor-section elementor-top-section elementor-element elementor-element-5f8b84d elementor-section-stretched elementor-section-full_width elementor-section-height-default elementor-section-height-default\" data-id=\"5f8b84d\" data-element_type=\"section\" data-settings=\"{&quot;stretch_section&quot;:&quot;section-stretched&quot;}\">\n\t\t\t\t\t\t<div class=\"elementor-container elementor-column-gap-no\">\n\t\t\t\t\t\t\t<div class=\"elementor-row\">\n\t\t\t\t\t<div class=\"elementor-column elementor-col-100 elementor-top-column elementor-element elementor-element-fc02ee0\" data-id=\"fc02ee0\" data-element_type=\"column\">\n\t\t\t<div class=\"elementor-column-wrap elementor-element-populated\">\n\t\t\t\t\t\t\t<div class=\"elementor-widget-wrap\">\n\t\t\t\t\t\t<div class=\"elementor-element elementor-element-89880e5 elementor-widget elementor-widget-image\" data-id=\"89880e5\" data-element_type=\"widget\" data-widget_type=\"image.default\">\n\t\t\t\t<div class=\"elementor-widget-container\">\n\t\t\t\t\t\t\t\t<div class=\"elementor-image\">\n\t\t\t\t\t\t\t\t\t\t\t\t<img loading=\"lazy\" decoding=\"async\" width=\"1597\" height=\"499\" src=\"https:\/\/tv.utalca.cl\/wp-content\/uploads\/2021\/08\/Captura-de-Pantalla-2021-08-05-a-las-11.23.42.png\" class=\"attachment-full size-full\" alt=\"\" srcset=\"https:\/\/tv.utalca.cl\/wp-content\/uploads\/2021\/08\/Captura-de-Pantalla-2021-08-05-a-las-11.23.42.png 1597w, https:\/\/tv.utalca.cl\/wp-content\/uploads\/2021\/08\/Captura-de-Pantalla-2021-08-05-a-las-11.23.42-300x94.png 300w, https:\/\/tv.utalca.cl\/wp-content\/uploads\/2021\/08\/Captura-de-Pantalla-2021-08-05-a-las-11.23.42-768x240.png 768w, https:\/\/tv.utalca.cl\/wp-content\/uploads\/2021\/08\/Captura-de-Pantalla-2021-08-05-a-las-11.23.42-1024x320.png 1024w, https:\/\/tv.utalca.cl\/wp-content\/uploads\/2021\/08\/Captura-de-Pantalla-2021-08-05-a-las-11.23.42-600x187.png 600w\" sizes=\"auto, (max-width: 1597px) 100vw, 1597px\" \/>\t\t\t\t\t\t\t\t\t\t\t\t\t\t<\/div>\n\t\t\t\t\t\t<\/div>\n\t\t\t\t<\/div>\n\t\t\t\t\t\t<\/div>\n\t\t\t\t\t<\/div>\n\t\t<\/div>\n\t\t\t\t\t\t\t\t<\/div>\n\t\t\t\t\t<\/div>\n\t\t<\/section>\n\t\t\t\t<section class=\"elementor-section elementor-top-section elementor-element elementor-element-5884d20 elementor-section-boxed elementor-section-height-default elementor-section-height-default\" data-id=\"5884d20\" data-element_type=\"section\">\n\t\t\t\t\t\t<div class=\"elementor-container elementor-column-gap-default\">\n\t\t\t\t\t\t\t<div class=\"elementor-row\">\n\t\t\t\t\t<div class=\"elementor-column elementor-col-100 elementor-top-column elementor-element elementor-element-d78d40d\" data-id=\"d78d40d\" data-element_type=\"column\">\n\t\t\t<div class=\"elementor-column-wrap elementor-element-populated\">\n\t\t\t\t\t\t\t<div class=\"elementor-widget-wrap\">\n\t\t\t\t\t\t<div class=\"elementor-element elementor-element-c36e9ad elementor-widget elementor-widget-spacer\" data-id=\"c36e9ad\" data-element_type=\"widget\" data-widget_type=\"spacer.default\">\n\t\t\t\t<div class=\"elementor-widget-container\">\n\t\t\t\t\t<div class=\"elementor-spacer\">\n\t\t\t<div class=\"elementor-spacer-inner\"><\/div>\n\t\t<\/div>\n\t\t\t\t<\/div>\n\t\t\t\t<\/div>\n\t\t\t\t<div class=\"elementor-element elementor-element-d808cdb elementor-widget elementor-widget-text-editor\" data-id=\"d808cdb\" data-element_type=\"widget\" data-widget_type=\"text-editor.default\">\n\t\t\t\t<div class=\"elementor-widget-container\">\n\t\t\t\t\t\t\t\t<div class=\"elementor-text-editor elementor-clearfix\">\n\t\t\t\t<p>Espacio\u00a0de\u00a0utilidad\u00a0p\u00fablica\u00a0donde acad\u00e9micos\u00a0de\u00a0la\u00a0Universidad\u00a0de\u00a0Talca responden preguntas de este grupo etario.<\/p>\t\t\t\t\t<\/div>\n\t\t\t\t\t\t<\/div>\n\t\t\t\t<\/div>\n\t\t\t\t<div class=\"elementor-element elementor-element-527509b elementor-widget elementor-widget-progression-post-list\" data-id=\"527509b\" data-element_type=\"widget\" data-widget_type=\"progression-post-list.default\">\n\t\t\t\t<div class=\"elementor-widget-container\">\n\t\t\t\t\n\n\n\t<div class=\"progression-studios-post-list-main\">\n\n\t\t\t\t\t\t\t\n\t\t\n\t\t<div class=\"progression-masonry-margins\">\n\t\t\t<div id=\"progression-blog-index-masonry-527509b\">\n\t\t\t\t\n\t\t\t\t\t\t\t\t<div class=\"progression-masonry-item \">\n\t\t\t\t\t<div class=\"progression-masonry-padding-blog \">\n\t\t\t\t\t\t<div class=\"progression-studios-isotope-animation\">\n\t\t\t\t\t\t\t\n\t\t\t\t\t\t\t\t\t\t\t\t\t\t\t\n\n\n\n<div id=\"post-9353\" class=\"post-9353 post type-post status-publish format-video has-post-thumbnail hentry category-preguntas-mayores category-programa post_format-post-format-video slider-tags-preguntas-mayores slider-tags-slider\">\t\n\t<div class=\"progression-studios-default-blog-index progression-studios-blog-image-no-effect\">\n\n\t\t\t\t\t<div class=\"progression-studios-feaured-image\">\n\t\t\t\t\t\n\t\t\t\t\n\t\t\t\t\t\t\n\t\t\t\t\t\t\t\t\t\t\t\n\t\t\t\t\t\t\t\t\t\t\t\t\t\t\n\t\t\t\t\t\t\t\t<a href=\"https:\/\/tv.utalca.cl\/?p=9353\">\n\t\t\t\t\t\t\t\t\t\t\t\t\t\t\t\t\n\t\t\t\t\t\t\t\t\t\t\t\t\n\t\t\t\t\t\t\t\t\n\t\t\t\t\n\t\t\n\t\t\t\t\t<img loading=\"lazy\" decoding=\"async\" width=\"686\" height=\"388\" src=\"https:\/\/tv.utalca.cl\/wp-content\/uploads\/2021\/09\/Captura-de-Pantalla-2021-09-30-a-las-13.01.35.png\" class=\"attachment-progression-studios-blog-index size-progression-studios-blog-index wp-post-image\" alt=\"\" srcset=\"https:\/\/tv.utalca.cl\/wp-content\/uploads\/2021\/09\/Captura-de-Pantalla-2021-09-30-a-las-13.01.35.png 686w, https:\/\/tv.utalca.cl\/wp-content\/uploads\/2021\/09\/Captura-de-Pantalla-2021-09-30-a-las-13.01.35-300x170.png 300w, https:\/\/tv.utalca.cl\/wp-content\/uploads\/2021\/09\/Captura-de-Pantalla-2021-09-30-a-las-13.01.35-600x339.png 600w\" sizes=\"auto, (max-width: 686px) 100vw, 686px\" \/>\t\t\t\t\t\n\t\t\t\t\t\t\t\t\t\t\t\t\t\t\t\t<div class=\"blog-play-icon\"><i class=\"fa fa-play\" aria-hidden=\"true\"><\/i><\/div>\n\t\t\t\t\t\t\t\t\t\t\t\t\t\t\t\n\t\t\t\t\t<div class=\"blog-floating-comments-viewcount\">\n\t\t\t\t\t\t\t\t\t\t\t\t<div class=\"blog-meta-views\"><i class=\"fa fa-eye\" aria-hidden=\"true\"><\/i><div class=\"post-views content-post post-9353 entry-meta load-static\">\r\n\t\t\t\t<span class=\"post-views-icon dashicons dashicons-chart-bar\"><\/span> <span class=\"post-views-label\">Post Views:<\/span> <span class=\"post-views-count\">1,988<\/span>\r\n\t\t\t<\/div><\/div>\t\t\t\t\t<\/div><!-- close .blog-floating-comments-viewcount -->\n\t\t\t\t\t\n\t\t\t\t<\/a>\n\t\t\t<\/div><!-- close .progression-studios-feaured-image -->\n\t\t<!-- close video -->\n\t\t\n\t\t<div class=\"progression-blog-content\">\n\t\t\t\t\t\t\t<div class=\"blog-meta-category-list\"><a href=\"https:\/\/tv.utalca.cl\/?cat=2124\" rel=\"category\">Preguntas Mayores<\/a> <a href=\"https:\/\/tv.utalca.cl\/?cat=112\" rel=\"category\">Programa<\/a><\/div>\t\t\t\t\t\t\n\t\t\t<h2 class=\"progression-blog-title\">\n\t\t\t\t\n\t\t\n\t\t\t\t<a href=\"https:\/\/tv.utalca.cl\/?p=9353\">\n\t\t\t\t\t\t\n\t\t\t\t\n\t\t\nAlimentaci\u00f3n saludable en personas mayores y afectadas por diabetes<\/a><\/h2>\n\n\t\t\t\t\t\t\t<div class=\"progression-post-meta\">\n\t\t\t\t\t\t\t\t\t\t\n\t\t\t\t\t\t\t\n\t\t\t\t<\/div>\n\t\t\t\t\t\t\n\t\t\t<div class=\"progression-studios-blog-excerpt\">\n\t\t\t\t\t\t\t\t\t\t\t\t\t<p>Andrea Torres, acad\u00e9mica de la escuela de Nutrici\u00f3n y Diet\u00e9tica UTalca, responde consultas sobre la alimentaci\u00f3n adecuada para personas con prediabetes y diabetes tipo 2.<\/p>\n\t\t\t\t\t\t\t\t\t\t\t\n\t\t\t\n\t\t\t\t\t\t<\/div>\n\t\t\t\n\t\t\t\n\t\t\t\n\t\t<\/div><!-- close .progression-blog-content -->\n\t\n\t\t\t\n\t<div class=\"clearfix-pro\"><\/div>\n\t<\/div><!-- close .progression-studios-default-blog-index -->\n<\/div><!-- #post-## -->\t\t\t\t\t\t\t\t\t\t\t\t\t<\/div><!-- close .progression-studios-isotope-animation -->\n\t\t\t\t\t<\/div><!-- close .progression-masonry-padding-blog -->\n\t\t\t\t<\/div><!-- close .progression-masonry-item -->\n\t\t\t\t\t\t\t\t<div class=\"progression-masonry-item \">\n\t\t\t\t\t<div class=\"progression-masonry-padding-blog \">\n\t\t\t\t\t\t<div class=\"progression-studios-isotope-animation\">\n\t\t\t\t\t\t\t\n\t\t\t\t\t\t\t\t\t\t\t\t\t\t\t\n\n\n\n<div id=\"post-9357\" class=\"post-9357 post type-post status-publish format-video has-post-thumbnail hentry category-preguntas-mayores category-programa post_format-post-format-video slider-tags-preguntas-mayores\">\t\n\t<div class=\"progression-studios-default-blog-index progression-studios-blog-image-no-effect\">\n\n\t\t\t\t\t<div class=\"progression-studios-feaured-image\">\n\t\t\t\t\t\n\t\t\t\t\n\t\t\t\t\t\t\n\t\t\t\t\t\t\t\t\t\t\t\n\t\t\t\t\t\t\t\t\t\t\t\t\t\t\n\t\t\t\t\t\t\t\t<a href=\"https:\/\/tv.utalca.cl\/?p=9357\">\n\t\t\t\t\t\t\t\t\t\t\t\t\t\t\t\t\n\t\t\t\t\t\t\t\t\t\t\t\t\n\t\t\t\t\t\t\t\t\n\t\t\t\t\n\t\t\n\t\t\t\t\t<img loading=\"lazy\" decoding=\"async\" width=\"689\" height=\"379\" src=\"https:\/\/tv.utalca.cl\/wp-content\/uploads\/2021\/09\/Captura-de-Pantalla-2021-09-30-a-las-13.05.07.png\" class=\"attachment-progression-studios-blog-index size-progression-studios-blog-index wp-post-image\" alt=\"\" srcset=\"https:\/\/tv.utalca.cl\/wp-content\/uploads\/2021\/09\/Captura-de-Pantalla-2021-09-30-a-las-13.05.07.png 689w, https:\/\/tv.utalca.cl\/wp-content\/uploads\/2021\/09\/Captura-de-Pantalla-2021-09-30-a-las-13.05.07-300x165.png 300w, https:\/\/tv.utalca.cl\/wp-content\/uploads\/2021\/09\/Captura-de-Pantalla-2021-09-30-a-las-13.05.07-600x330.png 600w\" sizes=\"auto, (max-width: 689px) 100vw, 689px\" \/>\t\t\t\t\t\n\t\t\t\t\t\t\t\t\t\t\t\t\t\t\t\t<div class=\"blog-play-icon\"><i class=\"fa fa-play\" aria-hidden=\"true\"><\/i><\/div>\n\t\t\t\t\t\t\t\t\t\t\t\t\t\t\t\n\t\t\t\t\t<div class=\"blog-floating-comments-viewcount\">\n\t\t\t\t\t\t\t\t\t\t\t\t<div class=\"blog-meta-views\"><i class=\"fa fa-eye\" aria-hidden=\"true\"><\/i><div class=\"post-views content-post post-9357 entry-meta load-static\">\r\n\t\t\t\t<span class=\"post-views-icon dashicons dashicons-chart-bar\"><\/span> <span class=\"post-views-label\">Post Views:<\/span> <span class=\"post-views-count\">1,841<\/span>\r\n\t\t\t<\/div><\/div>\t\t\t\t\t<\/div><!-- close .blog-floating-comments-viewcount -->\n\t\t\t\t\t\n\t\t\t\t<\/a>\n\t\t\t<\/div><!-- close .progression-studios-feaured-image -->\n\t\t<!-- close video -->\n\t\t\n\t\t<div class=\"progression-blog-content\">\n\t\t\t\t\t\t\t<div class=\"blog-meta-category-list\"><a href=\"https:\/\/tv.utalca.cl\/?cat=2124\" rel=\"category\">Preguntas Mayores<\/a> <a href=\"https:\/\/tv.utalca.cl\/?cat=112\" rel=\"category\">Programa<\/a><\/div>\t\t\t\t\t\t\n\t\t\t<h2 class=\"progression-blog-title\">\n\t\t\t\t\n\t\t\n\t\t\t\t<a href=\"https:\/\/tv.utalca.cl\/?p=9357\">\n\t\t\t\t\t\t\n\t\t\t\t\n\t\t\nEnfermedad de Alzheimer en personas mayores<\/a><\/h2>\n\n\t\t\t\t\t\t\t<div class=\"progression-post-meta\">\n\t\t\t\t\t\t\t\t\t\t\n\t\t\t\t\t\t\t\n\t\t\t\t<\/div>\n\t\t\t\t\t\t\n\t\t\t<div class=\"progression-studios-blog-excerpt\">\n\t\t\t\t\t\t\t\t\t\t\t\t\t<p>Marcelo Alarc\u00f3n, Doctor en biolog\u00eda celular y molecular, acad\u00e9mico UTalca, responde las preguntas relacionadas a c\u00f3mo reconocer el Alzheimer y sus s\u00edntomas, adem\u00e1s entrega recomendaciones para cuidar a un adulto con inicios de esta enfermedad<\/p>\n\t\t\t\t\t\t\t\t\t\t\t\n\t\t\t\n\t\t\t\t\t\t<\/div>\n\t\t\t\n\t\t\t\n\t\t\t\n\t\t<\/div><!-- close .progression-blog-content -->\n\t\n\t\t\t\n\t<div class=\"clearfix-pro\"><\/div>\n\t<\/div><!-- close .progression-studios-default-blog-index -->\n<\/div><!-- #post-## -->\t\t\t\t\t\t\t\t\t\t\t\t\t<\/div><!-- close .progression-studios-isotope-animation -->\n\t\t\t\t\t<\/div><!-- close .progression-masonry-padding-blog -->\n\t\t\t\t<\/div><!-- close .progression-masonry-item -->\n\t\t\t\t\t\t\t\t<div class=\"progression-masonry-item \">\n\t\t\t\t\t<div class=\"progression-masonry-padding-blog \">\n\t\t\t\t\t\t<div class=\"progression-studios-isotope-animation\">\n\t\t\t\t\t\t\t\n\t\t\t\t\t\t\t\t\t\t\t\t\t\t\t\n\n\n\n<div id=\"post-9286\" class=\"post-9286 post type-post status-publish format-video has-post-thumbnail hentry category-preguntas-mayores category-programa post_format-post-format-video slider-tags-preguntas-mayores slider-tags-slider\">\t\n\t<div class=\"progression-studios-default-blog-index progression-studios-blog-image-no-effect\">\n\n\t\t\t\t\t<div class=\"progression-studios-feaured-image\">\n\t\t\t\t\t\n\t\t\t\t\n\t\t\t\t\t\t\n\t\t\t\t\t\t\t\t\t\t\t\n\t\t\t\t\t\t\t\t\t\t\t\t\t\t\n\t\t\t\t\t\t\t\t<a href=\"https:\/\/tv.utalca.cl\/?p=9286\">\n\t\t\t\t\t\t\t\t\t\t\t\t\t\t\t\t\n\t\t\t\t\t\t\t\t\t\t\t\t\n\t\t\t\t\t\t\t\t\n\t\t\t\t\n\t\t\n\t\t\t\t\t<img loading=\"lazy\" decoding=\"async\" width=\"800\" height=\"450\" src=\"https:\/\/tv.utalca.cl\/wp-content\/uploads\/2021\/09\/Captura-de-Pantalla-2021-09-01-a-las-11.14.15-800x450.png\" class=\"attachment-progression-studios-blog-index size-progression-studios-blog-index wp-post-image\" alt=\"\" \/>\t\t\t\t\t\n\t\t\t\t\t\t\t\t\t\t\t\t\t\t\t\t<div class=\"blog-play-icon\"><i class=\"fa fa-play\" aria-hidden=\"true\"><\/i><\/div>\n\t\t\t\t\t\t\t\t\t\t\t\t\t\t\t\n\t\t\t\t\t<div class=\"blog-floating-comments-viewcount\">\n\t\t\t\t\t\t\t\t\t\t\t\t<div class=\"blog-meta-views\"><i class=\"fa fa-eye\" aria-hidden=\"true\"><\/i><div class=\"post-views content-post post-9286 entry-meta load-static\">\r\n\t\t\t\t<span class=\"post-views-icon dashicons dashicons-chart-bar\"><\/span> <span class=\"post-views-label\">Post Views:<\/span> <span class=\"post-views-count\">2,052<\/span>\r\n\t\t\t<\/div><\/div>\t\t\t\t\t<\/div><!-- close .blog-floating-comments-viewcount -->\n\t\t\t\t\t\n\t\t\t\t<\/a>\n\t\t\t<\/div><!-- close .progression-studios-feaured-image -->\n\t\t<!-- close video -->\n\t\t\n\t\t<div class=\"progression-blog-content\">\n\t\t\t\t\t\t\t<div class=\"blog-meta-category-list\"><a href=\"https:\/\/tv.utalca.cl\/?cat=2124\" rel=\"category\">Preguntas Mayores<\/a> <a href=\"https:\/\/tv.utalca.cl\/?cat=112\" rel=\"category\">Programa<\/a><\/div>\t\t\t\t\t\t\n\t\t\t<h2 class=\"progression-blog-title\">\n\t\t\t\t\n\t\t\n\t\t\t\t<a href=\"https:\/\/tv.utalca.cl\/?p=9286\">\n\t\t\t\t\t\t\n\t\t\t\t\n\t\t\nDerechos de atenci\u00f3n primaria en salud para personas mayores<\/a><\/h2>\n\n\t\t\t\t\t\t\t<div class=\"progression-post-meta\">\n\t\t\t\t\t\t\t\t\t\t\n\t\t\t\t\t\t\t\n\t\t\t\t<\/div>\n\t\t\t\t\t\t\n\t\t\t<div class=\"progression-studios-blog-excerpt\">\n\t\t\t\t\t\t\t\t\t\t\t\t\t<p>Alejandro Poblete, acad\u00e9mico del Departamento de Salud P\u00fablica UTalca, responde preguntas relacionadas a este tema y tambi\u00e9n se refiere a la importante de la vacunaci\u00f3n contra el Covid-19.<\/p>\n\t\t\t\t\t\t\t\t\t\t\t\n\t\t\t\n\t\t\t\t\t\t<\/div>\n\t\t\t\n\t\t\t\n\t\t\t\n\t\t<\/div><!-- close .progression-blog-content -->\n\t\n\t\t\t\n\t<div class=\"clearfix-pro\"><\/div>\n\t<\/div><!-- close .progression-studios-default-blog-index -->\n<\/div><!-- #post-## -->\t\t\t\t\t\t\t\t\t\t\t\t\t<\/div><!-- close .progression-studios-isotope-animation -->\n\t\t\t\t\t<\/div><!-- close .progression-masonry-padding-blog -->\n\t\t\t\t<\/div><!-- close .progression-masonry-item -->\n\t\t\t\t\t\t\t\t<div class=\"progression-masonry-item \">\n\t\t\t\t\t<div class=\"progression-masonry-padding-blog \">\n\t\t\t\t\t\t<div class=\"progression-studios-isotope-animation\">\n\t\t\t\t\t\t\t\n\t\t\t\t\t\t\t\t\t\t\t\t\t\t\t\n\n\n\n<div id=\"post-9240\" class=\"post-9240 post type-post status-publish format-video has-post-thumbnail hentry category-preguntas-mayores category-programa post_format-post-format-video slider-tags-preguntas-mayores slider-tags-slider\">\t\n\t<div class=\"progression-studios-default-blog-index progression-studios-blog-image-no-effect\">\n\n\t\t\t\t\t<div class=\"progression-studios-feaured-image\">\n\t\t\t\t\t\n\t\t\t\t\n\t\t\t\t\t\t\n\t\t\t\t\t\t\t\t\t\t\t\n\t\t\t\t\t\t\t\t\t\t\t\t\t\t\n\t\t\t\t\t\t\t\t<a href=\"https:\/\/tv.utalca.cl\/?p=9240\">\n\t\t\t\t\t\t\t\t\t\t\t\t\t\t\t\t\n\t\t\t\t\t\t\t\t\t\t\t\t\n\t\t\t\t\t\t\t\t\n\t\t\t\t\n\t\t\n\t\t\t\t\t<img loading=\"lazy\" decoding=\"async\" width=\"621\" height=\"355\" src=\"https:\/\/tv.utalca.cl\/wp-content\/uploads\/2021\/08\/Captura-de-Pantalla-2021-08-17-a-las-16.35.35.png\" class=\"attachment-progression-studios-blog-index size-progression-studios-blog-index wp-post-image\" alt=\"\" srcset=\"https:\/\/tv.utalca.cl\/wp-content\/uploads\/2021\/08\/Captura-de-Pantalla-2021-08-17-a-las-16.35.35.png 621w, https:\/\/tv.utalca.cl\/wp-content\/uploads\/2021\/08\/Captura-de-Pantalla-2021-08-17-a-las-16.35.35-300x171.png 300w, https:\/\/tv.utalca.cl\/wp-content\/uploads\/2021\/08\/Captura-de-Pantalla-2021-08-17-a-las-16.35.35-600x343.png 600w\" sizes=\"auto, (max-width: 621px) 100vw, 621px\" \/>\t\t\t\t\t\n\t\t\t\t\t\t\t\t\t\t\t\t\t\t\t\t<div class=\"blog-play-icon\"><i class=\"fa fa-play\" aria-hidden=\"true\"><\/i><\/div>\n\t\t\t\t\t\t\t\t\t\t\t\t\t\t\t\n\t\t\t\t\t<div class=\"blog-floating-comments-viewcount\">\n\t\t\t\t\t\t\t\t\t\t\t\t<div class=\"blog-meta-views\"><i class=\"fa fa-eye\" aria-hidden=\"true\"><\/i><div class=\"post-views content-post post-9240 entry-meta load-static\">\r\n\t\t\t\t<span class=\"post-views-icon dashicons dashicons-chart-bar\"><\/span> <span class=\"post-views-label\">Post Views:<\/span> <span class=\"post-views-count\">2,046<\/span>\r\n\t\t\t<\/div><\/div>\t\t\t\t\t<\/div><!-- close .blog-floating-comments-viewcount -->\n\t\t\t\t\t\n\t\t\t\t<\/a>\n\t\t\t<\/div><!-- close .progression-studios-feaured-image -->\n\t\t<!-- close video -->\n\t\t\n\t\t<div class=\"progression-blog-content\">\n\t\t\t\t\t\t\t<div class=\"blog-meta-category-list\"><a href=\"https:\/\/tv.utalca.cl\/?cat=2124\" rel=\"category\">Preguntas Mayores<\/a> <a href=\"https:\/\/tv.utalca.cl\/?cat=112\" rel=\"category\">Programa<\/a><\/div>\t\t\t\t\t\t\n\t\t\t<h2 class=\"progression-blog-title\">\n\t\t\t\t\n\t\t\n\t\t\t\t<a href=\"https:\/\/tv.utalca.cl\/?p=9240\">\n\t\t\t\t\t\t\n\t\t\t\t\n\t\t\nActividad f\u00edsica en personas mayores.<\/a><\/h2>\n\n\t\t\t\t\t\t\t<div class=\"progression-post-meta\">\n\t\t\t\t\t\t\t\t\t\t\n\t\t\t\t\t\t\t\n\t\t\t\t<\/div>\n\t\t\t\t\t\t\n\t\t\t<div class=\"progression-studios-blog-excerpt\">\n\t\t\t\t\t\t\t\t\t\t\t\t\t\t\t\t\t\t\t\t\t\t\t\t\n\t\t\t\n\t\t\t\t\t\t<\/div>\n\t\t\t\n\t\t\t\n\t\t\t\n\t\t<\/div><!-- close .progression-blog-content -->\n\t\n\t\t\t\n\t<div class=\"clearfix-pro\"><\/div>\n\t<\/div><!-- close .progression-studios-default-blog-index -->\n<\/div><!-- #post-## -->\t\t\t\t\t\t\t\t\t\t\t\t\t<\/div><!-- close .progression-studios-isotope-animation -->\n\t\t\t\t\t<\/div><!-- close .progression-masonry-padding-blog -->\n\t\t\t\t<\/div><!-- close .progression-masonry-item -->\n\t\t\t\t\t\t\t\t<div class=\"progression-masonry-item \">\n\t\t\t\t\t<div class=\"progression-masonry-padding-blog \">\n\t\t\t\t\t\t<div class=\"progression-studios-isotope-animation\">\n\t\t\t\t\t\t\t\n\t\t\t\t\t\t\t\t\t\t\t\t\t\t\t\n\n\n\n<div id=\"post-9223\" class=\"post-9223 post type-post status-publish format-video has-post-thumbnail hentry category-preguntas-mayores category-programa post_format-post-format-video slider-tags-preguntas-mayores\">\t\n\t<div class=\"progression-studios-default-blog-index progression-studios-blog-image-no-effect\">\n\n\t\t\t\t\t<div class=\"progression-studios-feaured-image\">\n\t\t\t\t\t\n\t\t\t\t\n\t\t\t\t\t\t\n\t\t\t\t\t\t\t\t\t\t\t\n\t\t\t\t\t\t\t\t\t\t\t\t\t\t\n\t\t\t\t\t\t\t\t<a href=\"https:\/\/tv.utalca.cl\/?p=9223\">\n\t\t\t\t\t\t\t\t\t\t\t\t\t\t\t\t\n\t\t\t\t\t\t\t\t\t\t\t\t\n\t\t\t\t\t\t\t\t\n\t\t\t\t\n\t\t\n\t\t\t\t\t<img loading=\"lazy\" decoding=\"async\" width=\"800\" height=\"450\" src=\"https:\/\/tv.utalca.cl\/wp-content\/uploads\/2021\/08\/Captura-de-Pantalla-2021-08-13-a-las-10.37.30-800x450.png\" class=\"attachment-progression-studios-blog-index size-progression-studios-blog-index wp-post-image\" alt=\"\" srcset=\"https:\/\/tv.utalca.cl\/wp-content\/uploads\/2021\/08\/Captura-de-Pantalla-2021-08-13-a-las-10.37.30-800x450.png 800w, https:\/\/tv.utalca.cl\/wp-content\/uploads\/2021\/08\/Captura-de-Pantalla-2021-08-13-a-las-10.37.30-300x169.png 300w, https:\/\/tv.utalca.cl\/wp-content\/uploads\/2021\/08\/Captura-de-Pantalla-2021-08-13-a-las-10.37.30-768x432.png 768w, https:\/\/tv.utalca.cl\/wp-content\/uploads\/2021\/08\/Captura-de-Pantalla-2021-08-13-a-las-10.37.30-600x338.png 600w, https:\/\/tv.utalca.cl\/wp-content\/uploads\/2021\/08\/Captura-de-Pantalla-2021-08-13-a-las-10.37.30.png 837w\" sizes=\"auto, (max-width: 800px) 100vw, 800px\" \/>\t\t\t\t\t\n\t\t\t\t\t\t\t\t\t\t\t\t\t\t\t\t<div class=\"blog-play-icon\"><i class=\"fa fa-play\" aria-hidden=\"true\"><\/i><\/div>\n\t\t\t\t\t\t\t\t\t\t\t\t\t\t\t\n\t\t\t\t\t<div class=\"blog-floating-comments-viewcount\">\n\t\t\t\t\t\t\t\t\t\t\t\t<div class=\"blog-meta-views\"><i class=\"fa fa-eye\" aria-hidden=\"true\"><\/i><div class=\"post-views content-post post-9223 entry-meta load-static\">\r\n\t\t\t\t<span class=\"post-views-icon dashicons dashicons-chart-bar\"><\/span> <span class=\"post-views-label\">Post Views:<\/span> <span class=\"post-views-count\">1,883<\/span>\r\n\t\t\t<\/div><\/div>\t\t\t\t\t<\/div><!-- close .blog-floating-comments-viewcount -->\n\t\t\t\t\t\n\t\t\t\t<\/a>\n\t\t\t<\/div><!-- close .progression-studios-feaured-image -->\n\t\t<!-- close video -->\n\t\t\n\t\t<div class=\"progression-blog-content\">\n\t\t\t\t\t\t\t<div class=\"blog-meta-category-list\"><a href=\"https:\/\/tv.utalca.cl\/?cat=2124\" rel=\"category\">Preguntas Mayores<\/a> <a href=\"https:\/\/tv.utalca.cl\/?cat=112\" rel=\"category\">Programa<\/a><\/div>\t\t\t\t\t\t\n\t\t\t<h2 class=\"progression-blog-title\">\n\t\t\t\t\n\t\t\n\t\t\t\t<a href=\"https:\/\/tv.utalca.cl\/?p=9223\">\n\t\t\t\t\t\t\n\t\t\t\t\n\t\t\nSalud bucal en personas mayores<\/a><\/h2>\n\n\t\t\t\t\t\t\t<div class=\"progression-post-meta\">\n\t\t\t\t\t\t\t\t\t\t\n\t\t\t\t\t\t\t\n\t\t\t\t<\/div>\n\t\t\t\t\t\t\n\t\t\t<div class=\"progression-studios-blog-excerpt\">\n\t\t\t\t\t\t\t\t\t\t\t\t\t\t\t\t\t\t\t\t\t\t\t\t\n\t\t\t\n\t\t\t\t\t\t<\/div>\n\t\t\t\n\t\t\t\n\t\t\t\n\t\t<\/div><!-- close .progression-blog-content -->\n\t\n\t\t\t\n\t<div class=\"clearfix-pro\"><\/div>\n\t<\/div><!-- close .progression-studios-default-blog-index -->\n<\/div><!-- #post-## -->\t\t\t\t\t\t\t\t\t\t\t\t\t<\/div><!-- close .progression-studios-isotope-animation -->\n\t\t\t\t\t<\/div><!-- close .progression-masonry-padding-blog -->\n\t\t\t\t<\/div><!-- close .progression-masonry-item -->\n\t\t\t\t\t\t\t\t<div class=\"progression-masonry-item \">\n\t\t\t\t\t<div class=\"progression-masonry-padding-blog \">\n\t\t\t\t\t\t<div class=\"progression-studios-isotope-animation\">\n\t\t\t\t\t\t\t\n\t\t\t\t\t\t\t\t\t\t\t\t\t\t\t\n\n\n\n<div id=\"post-9174\" class=\"post-9174 post type-post status-publish format-video has-post-thumbnail hentry category-preguntas-mayores category-programa post_format-post-format-video slider-tags-preguntas-mayores slider-tags-slider\">\t\n\t<div class=\"progression-studios-default-blog-index progression-studios-blog-image-no-effect\">\n\n\t\t\t\t\t<div class=\"progression-studios-feaured-image\">\n\t\t\t\t\t\n\t\t\t\t\n\t\t\t\t\t\t\n\t\t\t\t\t\t\t\t\t\t\t\n\t\t\t\t\t\t\t\t\t\t\t\t\t\t\n\t\t\t\t\t\t\t\t<a href=\"https:\/\/tv.utalca.cl\/?p=9174\">\n\t\t\t\t\t\t\t\t\t\t\t\t\t\t\t\t\n\t\t\t\t\t\t\t\t\t\t\t\t\n\t\t\t\t\t\t\t\t\n\t\t\t\t\n\t\t\n\t\t\t\t\t<img loading=\"lazy\" decoding=\"async\" width=\"800\" height=\"450\" src=\"https:\/\/tv.utalca.cl\/wp-content\/uploads\/2021\/08\/CAPITULO-2-800x450.jpg\" class=\"attachment-progression-studios-blog-index size-progression-studios-blog-index wp-post-image\" alt=\"\" srcset=\"https:\/\/tv.utalca.cl\/wp-content\/uploads\/2021\/08\/CAPITULO-2-800x450.jpg 800w, https:\/\/tv.utalca.cl\/wp-content\/uploads\/2021\/08\/CAPITULO-2-300x169.jpg 300w, https:\/\/tv.utalca.cl\/wp-content\/uploads\/2021\/08\/CAPITULO-2-768x432.jpg 768w, https:\/\/tv.utalca.cl\/wp-content\/uploads\/2021\/08\/CAPITULO-2-1024x576.jpg 1024w, https:\/\/tv.utalca.cl\/wp-content\/uploads\/2021\/08\/CAPITULO-2-600x338.jpg 600w, https:\/\/tv.utalca.cl\/wp-content\/uploads\/2021\/08\/CAPITULO-2.jpg 1920w\" sizes=\"auto, (max-width: 800px) 100vw, 800px\" \/>\t\t\t\t\t\n\t\t\t\t\t\t\t\t\t\t\t\t\t\t\t\t<div class=\"blog-play-icon\"><i class=\"fa fa-play\" aria-hidden=\"true\"><\/i><\/div>\n\t\t\t\t\t\t\t\t\t\t\t\t\t\t\t\n\t\t\t\t\t<div class=\"blog-floating-comments-viewcount\">\n\t\t\t\t\t\t\t\t\t\t\t\t<div class=\"blog-meta-views\"><i class=\"fa fa-eye\" aria-hidden=\"true\"><\/i><div class=\"post-views content-post post-9174 entry-meta load-static\">\r\n\t\t\t\t<span class=\"post-views-icon dashicons dashicons-chart-bar\"><\/span> <span class=\"post-views-label\">Post Views:<\/span> <span class=\"post-views-count\">1,974<\/span>\r\n\t\t\t<\/div><\/div>\t\t\t\t\t<\/div><!-- close .blog-floating-comments-viewcount -->\n\t\t\t\t\t\n\t\t\t\t<\/a>\n\t\t\t<\/div><!-- close .progression-studios-feaured-image -->\n\t\t<!-- close video -->\n\t\t\n\t\t<div class=\"progression-blog-content\">\n\t\t\t\t\t\t\t<div class=\"blog-meta-category-list\"><a href=\"https:\/\/tv.utalca.cl\/?cat=2124\" rel=\"category\">Preguntas Mayores<\/a> <a href=\"https:\/\/tv.utalca.cl\/?cat=112\" rel=\"category\">Programa<\/a><\/div>\t\t\t\t\t\t\n\t\t\t<h2 class=\"progression-blog-title\">\n\t\t\t\t\n\t\t\n\t\t\t\t<a href=\"https:\/\/tv.utalca.cl\/?p=9174\">\n\t\t\t\t\t\t\n\t\t\t\t\n\t\t\nIngresos y bajas pensiones de personas mayores<\/a><\/h2>\n\n\t\t\t\t\t\t\t<div class=\"progression-post-meta\">\n\t\t\t\t\t\t\t\t\t\t\n\t\t\t\t\t\t\t\n\t\t\t\t<\/div>\n\t\t\t\t\t\t\n\t\t\t<div class=\"progression-studios-blog-excerpt\">\n\t\t\t\t\t\t\t\t\t\t\t\t\t\t\t\t\t\t\t\t\t\t\t\t\n\t\t\t\n\t\t\t\t\t\t<\/div>\n\t\t\t\n\t\t\t\n\t\t\t\n\t\t<\/div><!-- close .progression-blog-content -->\n\t\n\t\t\t\n\t<div class=\"clearfix-pro\"><\/div>\n\t<\/div><!-- close .progression-studios-default-blog-index -->\n<\/div><!-- #post-## -->\t\t\t\t\t\t\t\t\t\t\t\t\t<\/div><!-- close .progression-studios-isotope-animation -->\n\t\t\t\t\t<\/div><!-- close .progression-masonry-padding-blog -->\n\t\t\t\t<\/div><!-- close .progression-masonry-item -->\n\t\t\t\t\t\t\t\t\n\t\t\t\t\n\t\t\t<\/div><!-- close #progression-blog-index-masonry-527509b  -->\n\t\t<\/div><!-- close .progression-masonry-margins -->\n\t\t\t\t\n\t\t\n\t\t\n\t\t<div class=\"clearfix-pro\"><\/div>\n\t\t\n\t\n\t\t\n\t\t\t\t\t\n\t\t\t\t\t\t\t<div id=\"progression-load-more-manual\">\n\t\t\t\t<div id=\"infinite-nav-pro-527509b\" class=\"infinite-nav-pro\"><div class=\"nav-previous\"><a href=\"https:\/\/tv.utalca.cl\/index.php?rest_route=%2Fwp%2Fv2%2Fpages%2F9163&#038;paged=2\" >Ver M\u00e1s<span><i class=\"fa fa-arrow-circle-down\"><\/i><\/span><\/a><\/div><\/div>\n\t\t\t\t<\/div>\n\t\t\t\t\t\t\n\t\t\t\n\t\t\n\t\t\n\t<\/div><!-- close .progression-studios-post-list-main -->\n\t\n\t<script type=\"text\/javascript\"> \n\tjQuery(document).ready(function($) {\n\t\t'use strict';\n\t\t\/* Default Isotope Load Code *\/\n\t\tvar $container527509b = $(\"#progression-blog-index-masonry-527509b\").isotope();\n\t\t$container527509b.imagesLoaded( function() {\n\t\t\t$(\".progression-masonry-item\").addClass(\"opacity-progression\");\n\t\t\t$container527509b.isotope({\n\t\t\t\titemSelector: \"#progression-blog-index-masonry-527509b .progression-masonry-item\",\t\t\t\t\n\t\t\t\tpercentPosition: true,\n\t\t\t\tlayoutMode: \"masonry\" \n\t \t\t});\n\t\t});\n\t\t\/* END Default Isotope Code *\/\n\t\t\n\t\t\t\t\n\t\t\n\t\t\t\t\n\t\t\/* Begin Infinite Scroll *\/\n\t\t$container527509b.infinitescroll({\n\t\terrorCallback: function(){  $(\"#infinite-nav-pro-527509b\").delay(500).fadeOut(500, function(){ $(this).remove(); }); },\n\t\t  navSelector  : \"#infinite-nav-pro-527509b\",  \n\t\t  nextSelector : \"#infinite-nav-pro-527509b .nav-previous a\", \n\t\t  itemSelector : \"#progression-blog-index-masonry-527509b .progression-masonry-item\", \n\t   \t\tloading: {\n\t   \t\t \timg: \"https:\/\/tv.utalca.cl\/wp-content\/themes\/viseo-progression\/images\/loader.gif\",\n\t   \t\t\t msgText: \"\",\n\t   \t\t \tfinishedMsg: \"<div id='no-more-posts'>No more posts<\/div>\",\n\t   \t\t \tspeed: 0, }\n\t\t  },\n\t\t  \/\/ trigger Isotope as a callback\n\t\t  function( newElements ) {\n\t\t\t  \n\t\t\t  !function(a, b) {\n\t\t\t      function c() {\n\t\t\t          function a() {\n\t\t\t              \"undefined\" != typeof _wpmejsSettings && (c = b.extend(!0, {}, _wpmejsSettings)), c.success = c.success || function(a) {\n\t\t\t                  var b,\n\t\t\t                      c;\n\t\t\t                  \"flash\" === a.pluginType && (b = a.attributes.autoplay && \"false\" !== a.attributes.autoplay, c = a.attributes.loop && \"false\" !== a.attributes.loop, b && a.addEventListener(\"canplay\", function() {\n\t\t\t                      a.play()\n\t\t\t                  }, !1), c && a.addEventListener(\"ended\", function() {\n\t\t\t                      a.play()\n\t\t\t                  }, !1))\n\t\t\t              }, b(\".wp-audio-shortcode, .wp-video-shortcode\").not(\".mejs-container\").filter(function() {\n\t\t\t                  return !b(this).parent().hasClass(\".mejs-mediaelement\")\n\t\t\t              }).mediaelementplayer(c)\n\t\t\t          }\n\t\t\t          var c = {};\n\t\t\t          return {\n\t\t\t              initialize: a\n\t\t\t          }\n\t\t\t      }\n\t\t\t      a.wp = a.wp || {}, mejs.plugins.silverlight[0].types.push(\"video\/x-ms-wmv\"), mejs.plugins.silverlight[0].types.push(\"audio\/x-ms-wma\"), a.wp.mediaelement = new c, b(a.wp.mediaelement.initialize)\n\t\t\t  }(window, jQuery);\n\n\n\t\t     $(\".progression-studios-gallery\").flexslider({\n\t\t \t\tanimation: \"fade\",      \n\t\t \t\tslideDirection: \"horizontal\", \n\t\t \t\tslideshow: false,   \n\t\t \t\tsmoothHeight: false,\n\t\t \t\tslideshowSpeed: 7000,  \n\t\t \t\tanimationSpeed: 1000,        \n\t\t \t\tdirectionNav: true,             \n\t\t \t\tcontrolNav: true,\n\t\t \t\tprevText: \"\",   \n\t\t \t\tnextText: \"\",\n\t\t     });\n\t\t\t  \n\t\t    \t$(\".progression-studios-default-blog-overlay a[data-rel^=\\'prettyPhoto\\'], .progression-studios-feaured-image a[data-rel^=\\'prettyPhoto\\']\").prettyPhoto({\n\t\t  \t\t\ttheme: \"pp_default\",\n\t\t    \t\t\thook: \"data-rel\",\n\t\t  \t\t\topacity: 0.7,\n\t\t    \t\t\tshow_title: false, \n\t\t    \t\t\tdeeplinking: false,\n\t\t    \t\t\toverlay_gallery: false,\n\t\t    \t\t\tcustom_markup: \"\",\n\t\t  \t\t\tdefault_width: 1100,\n\t\t  \t\t\tdefault_height: 619,\n\t\t    \t\tsocial_tools:\"\"\n\t\t    \t});\n\t\t\t\t\n\t\t\t\t$(\".progression-studios-default-blog-overlay, .progression-studios-default-blog-index\").fitVids();\n\n\t\t    var $newElems = $( newElements );\n \t\n\t\t\t\t$newElems.imagesLoaded(function(){\n\t\t\t\t\t\n\t\t\t\t$container527509b.isotope( \"appended\", $newElems );\n\t\t\t\t$(\".progression-masonry-item\").addClass(\"opacity-progression\");\n\t\t\t\t\n\t\t\t});\n\n\t\t  }\n\t\t);\n\t    \/* END Infinite Scroll *\/\n\t\t\t\t\n\t\t\n\t\t\t\t\/* PAUSE FOR LOAD MORE *\/\n\t\t$(window).unbind(\".infscr\");\n\t\t\/\/ Resume Infinite Scroll\n\t\t$(\"#infinite-nav-pro-527509b .nav-previous a\").click(function(){\n\t\t\t$container527509b.infinitescroll(\"retrieve\");\n\t\t\treturn false;\n\t\t});\n\t\t\/* End Infinite Scroll *\/\n\t\t\t\t\n\t});\n\t<\/script>\n\t\n\n\n\t\t\n\n\t\t\t<\/div>\n\t\t\t\t<\/div>\n\t\t\t\t\t\t<\/div>\n\t\t\t\t\t<\/div>\n\t\t<\/div>\n\t\t\t\t\t\t\t\t<\/div>\n\t\t\t\t\t<\/div>\n\t\t<\/section>\n\t\t\t\t\t\t<\/div>\n\t\t\t\t\t\t<\/div>\n\t\t\t\t\t<\/div>\n\t\t","protected":false},"excerpt":{"rendered":"<p>Espacio\u00a0de\u00a0utilidad\u00a0p\u00fablica\u00a0donde acad\u00e9micos\u00a0de\u00a0la\u00a0Universidad\u00a0de\u00a0Talca responden preguntas de este grupo etario. 0 Post Views: 1 Preguntas Mayores Programa Alimentaci\u00f3n saludable en personas mayores y afectadas por diabetes By usuario_campus &mdash; 6 mins. ago Andrea Torres, acad\u00e9mica de la escuela de Nutrici\u00f3n y Diet\u00e9tica UTalca, responde consultas sobre la alimentaci\u00f3n adecuada para personas con prediabetes y diabetes tipo 2. [&hellip;]<\/p>\n","protected":false},"author":1,"featured_media":9164,"parent":0,"menu_order":0,"comment_status":"closed","ping_status":"closed","template":"","meta":{"om_disable_all_campaigns":false,"_monsterinsights_skip_tracking":false,"_monsterinsights_sitenote_active":false,"_monsterinsights_sitenote_note":"","_monsterinsights_sitenote_category":0,"footnotes":""},"class_list":["post-9163","page","type-page","status-publish","has-post-thumbnail","hentry"],"aioseo_notices":[],"_links":{"self":[{"href":"https:\/\/tv.utalca.cl\/index.php?rest_route=\/wp\/v2\/pages\/9163","targetHints":{"allow":["GET"]}}],"collection":[{"href":"https:\/\/tv.utalca.cl\/index.php?rest_route=\/wp\/v2\/pages"}],"about":[{"href":"https:\/\/tv.utalca.cl\/index.php?rest_route=\/wp\/v2\/types\/page"}],"author":[{"embeddable":true,"href":"https:\/\/tv.utalca.cl\/index.php?rest_route=\/wp\/v2\/users\/1"}],"replies":[{"embeddable":true,"href":"https:\/\/tv.utalca.cl\/index.php?rest_route=%2Fwp%2Fv2%2Fcomments&post=9163"}],"version-history":[{"count":4,"href":"https:\/\/tv.utalca.cl\/index.php?rest_route=\/wp\/v2\/pages\/9163\/revisions"}],"predecessor-version":[{"id":9360,"href":"https:\/\/tv.utalca.cl\/index.php?rest_route=\/wp\/v2\/pages\/9163\/revisions\/9360"}],"wp:featuredmedia":[{"embeddable":true,"href":"https:\/\/tv.utalca.cl\/index.php?rest_route=\/wp\/v2\/media\/9164"}],"wp:attachment":[{"href":"https:\/\/tv.utalca.cl\/index.php?rest_route=%2Fwp%2Fv2%2Fmedia&parent=9163"}],"curies":[{"name":"wp","href":"https:\/\/api.w.org\/{rel}","templated":true}]}}